{"id":10266,"date":"2024-08-16T09:18:14","date_gmt":"2024-08-16T07:18:14","guid":{"rendered":"https:\/\/www.gs-essenheim.de\/?page_id=10266"},"modified":"2026-04-19T17:03:31","modified_gmt":"2026-04-19T15:03:31","slug":"schuljahr-2024-25","status":"publish","type":"page","link":"https:\/\/www.gs-essenheim.de\/?page_id=10266","title":{"rendered":"Schulleben 2024\/25"},"content":{"rendered":"\n<h2 class=\"wp-block-heading has-text-align-center\">Letzter Schultag (4. Juli 2025)<\/h2>\n\n\n\n<figure class=\"wp-block-gallery has-nested-images columns-default is-cropped wp-block-gallery-1 is-layout-flex wp-block-gallery-is-layout-flex\">\n<figure class=\"wp-block-image size-large\"><a href=\"https:\/\/www.gs-essenheim.de\/wp-content\/uploads\/2025\/07\/2025.07.04.-letzter-Schultag-01.jpg\"><img loading=\"lazy\" decoding=\"async\" width=\"1024\" height=\"646\" data-id=\"10857\" src=\"https:\/\/www.gs-essenheim.de\/wp-content\/uploads\/2025\/07\/2025.07.04.-letzter-Schultag-01-1024x646.jpg\" alt=\"\" class=\"wp-image-10857\" srcset=\"https:\/\/www.gs-essenheim.de\/wp-content\/uploads\/2025\/07\/2025.07.04.-letzter-Schultag-01-1024x646.jpg 1024w, https:\/\/www.gs-essenheim.de\/wp-content\/uploads\/2025\/07\/2025.07.04.-letzter-Schultag-01-300x189.jpg 300w, https:\/\/www.gs-essenheim.de\/wp-content\/uploads\/2025\/07\/2025.07.04.-letzter-Schultag-01-768x484.jpg 768w, https:\/\/www.gs-essenheim.de\/wp-content\/uploads\/2025\/07\/2025.07.04.-letzter-Schultag-01-1536x969.jpg 1536w, https:\/\/www.gs-essenheim.de\/wp-content\/uploads\/2025\/07\/2025.07.04.-letzter-Schultag-01-2048x1292.jpg 2048w, https:\/\/www.gs-essenheim.de\/wp-content\/uploads\/2025\/07\/2025.07.04.-letzter-Schultag-01-476x300.jpg 476w\" sizes=\"auto, (max-width: 1024px) 100vw, 1024px\" \/><\/a><\/figure>\n\n\n\n<figure class=\"wp-block-image size-large\"><a href=\"https:\/\/www.gs-essenheim.de\/wp-content\/uploads\/2025\/07\/2025.07.04.-letzter-Schultag-02.jpg\"><img loading=\"lazy\" decoding=\"async\" width=\"1024\" height=\"768\" data-id=\"10858\" src=\"https:\/\/www.gs-essenheim.de\/wp-content\/uploads\/2025\/07\/2025.07.04.-letzter-Schultag-02-1024x768.jpg\" alt=\"\" class=\"wp-image-10858\" srcset=\"https:\/\/www.gs-essenheim.de\/wp-content\/uploads\/2025\/07\/2025.07.04.-letzter-Schultag-02-1024x768.jpg 1024w, https:\/\/www.gs-essenheim.de\/wp-content\/uploads\/2025\/07\/2025.07.04.-letzter-Schultag-02-300x225.jpg 300w, https:\/\/www.gs-essenheim.de\/wp-content\/uploads\/2025\/07\/2025.07.04.-letzter-Schultag-02-768x576.jpg 768w, https:\/\/www.gs-essenheim.de\/wp-content\/uploads\/2025\/07\/2025.07.04.-letzter-Schultag-02-1536x1152.jpg 1536w, https:\/\/www.gs-essenheim.de\/wp-content\/uploads\/2025\/07\/2025.07.04.-letzter-Schultag-02-2048x1536.jpg 2048w, https:\/\/www.gs-essenheim.de\/wp-content\/uploads\/2025\/07\/2025.07.04.-letzter-Schultag-02-400x300.jpg 400w\" sizes=\"auto, (max-width: 1024px) 100vw, 1024px\" \/><\/a><\/figure>\n\n\n\n<figure class=\"wp-block-image size-large\"><a href=\"https:\/\/www.gs-essenheim.de\/wp-content\/uploads\/2025\/07\/2025.07.04.-letzter-Schultag-03.jpg\"><img loading=\"lazy\" decoding=\"async\" width=\"1024\" height=\"768\" data-id=\"10859\" src=\"https:\/\/www.gs-essenheim.de\/wp-content\/uploads\/2025\/07\/2025.07.04.-letzter-Schultag-03-1024x768.jpg\" alt=\"\" class=\"wp-image-10859\" srcset=\"https:\/\/www.gs-essenheim.de\/wp-content\/uploads\/2025\/07\/2025.07.04.-letzter-Schultag-03-1024x768.jpg 1024w, https:\/\/www.gs-essenheim.de\/wp-content\/uploads\/2025\/07\/2025.07.04.-letzter-Schultag-03-300x225.jpg 300w, https:\/\/www.gs-essenheim.de\/wp-content\/uploads\/2025\/07\/2025.07.04.-letzter-Schultag-03-768x576.jpg 768w, https:\/\/www.gs-essenheim.de\/wp-content\/uploads\/2025\/07\/2025.07.04.-letzter-Schultag-03-1536x1152.jpg 1536w, https:\/\/www.gs-essenheim.de\/wp-content\/uploads\/2025\/07\/2025.07.04.-letzter-Schultag-03-2048x1536.jpg 2048w, https:\/\/www.gs-essenheim.de\/wp-content\/uploads\/2025\/07\/2025.07.04.-letzter-Schultag-03-400x300.jpg 400w\" sizes=\"auto, (max-width: 1024px) 100vw, 1024px\" \/><\/a><\/figure>\n\n\n\n<figure class=\"wp-block-image size-large\"><a href=\"https:\/\/www.gs-essenheim.de\/wp-content\/uploads\/2025\/07\/2025.07.04.-letzter-Schultag-04.jpg\"><img loading=\"lazy\" decoding=\"async\" width=\"731\" height=\"1024\" data-id=\"10860\" src=\"https:\/\/www.gs-essenheim.de\/wp-content\/uploads\/2025\/07\/2025.07.04.-letzter-Schultag-04-731x1024.jpg\" alt=\"\" class=\"wp-image-10860\" srcset=\"https:\/\/www.gs-essenheim.de\/wp-content\/uploads\/2025\/07\/2025.07.04.-letzter-Schultag-04-731x1024.jpg 731w, https:\/\/www.gs-essenheim.de\/wp-content\/uploads\/2025\/07\/2025.07.04.-letzter-Schultag-04-214x300.jpg 214w, https:\/\/www.gs-essenheim.de\/wp-content\/uploads\/2025\/07\/2025.07.04.-letzter-Schultag-04-768x1076.jpg 768w, https:\/\/www.gs-essenheim.de\/wp-content\/uploads\/2025\/07\/2025.07.04.-letzter-Schultag-04-1096x1536.jpg 1096w, https:\/\/www.gs-essenheim.de\/wp-content\/uploads\/2025\/07\/2025.07.04.-letzter-Schultag-04.jpg 1158w\" sizes=\"auto, (max-width: 731px) 100vw, 731px\" \/><\/a><\/figure>\n\n\n\n<figure class=\"wp-block-image size-large\"><a href=\"https:\/\/www.gs-essenheim.de\/wp-content\/uploads\/2025\/07\/2025.07.04.-letzter-Schultag-05.jpg\"><img loading=\"lazy\" decoding=\"async\" width=\"1024\" height=\"661\" data-id=\"10861\" src=\"https:\/\/www.gs-essenheim.de\/wp-content\/uploads\/2025\/07\/2025.07.04.-letzter-Schultag-05-1024x661.jpg\" alt=\"\" class=\"wp-image-10861\" srcset=\"https:\/\/www.gs-essenheim.de\/wp-content\/uploads\/2025\/07\/2025.07.04.-letzter-Schultag-05-1024x661.jpg 1024w, https:\/\/www.gs-essenheim.de\/wp-content\/uploads\/2025\/07\/2025.07.04.-letzter-Schultag-05-300x194.jpg 300w, https:\/\/www.gs-essenheim.de\/wp-content\/uploads\/2025\/07\/2025.07.04.-letzter-Schultag-05-768x495.jpg 768w, https:\/\/www.gs-essenheim.de\/wp-content\/uploads\/2025\/07\/2025.07.04.-letzter-Schultag-05-1536x991.jpg 1536w, https:\/\/www.gs-essenheim.de\/wp-content\/uploads\/2025\/07\/2025.07.04.-letzter-Schultag-05-2048x1321.jpg 2048w, https:\/\/www.gs-essenheim.de\/wp-content\/uploads\/2025\/07\/2025.07.04.-letzter-Schultag-05-465x300.jpg 465w\" sizes=\"auto, (max-width: 1024px) 100vw, 1024px\" \/><\/a><\/figure>\n\n\n\n<figure class=\"wp-block-image size-large\"><a href=\"https:\/\/www.gs-essenheim.de\/wp-content\/uploads\/2025\/07\/2025.07.04.-letzter-Schultag-06.jpg\"><img loading=\"lazy\" decoding=\"async\" width=\"768\" height=\"1024\" data-id=\"10862\" src=\"https:\/\/www.gs-essenheim.de\/wp-content\/uploads\/2025\/07\/2025.07.04.-letzter-Schultag-06-768x1024.jpg\" alt=\"\" class=\"wp-image-10862\" srcset=\"https:\/\/www.gs-essenheim.de\/wp-content\/uploads\/2025\/07\/2025.07.04.-letzter-Schultag-06-768x1024.jpg 768w, https:\/\/www.gs-essenheim.de\/wp-content\/uploads\/2025\/07\/2025.07.04.-letzter-Schultag-06-225x300.jpg 225w, https:\/\/www.gs-essenheim.de\/wp-content\/uploads\/2025\/07\/2025.07.04.-letzter-Schultag-06-1152x1536.jpg 1152w, https:\/\/www.gs-essenheim.de\/wp-content\/uploads\/2025\/07\/2025.07.04.-letzter-Schultag-06-1536x2048.jpg 1536w, https:\/\/www.gs-essenheim.de\/wp-content\/uploads\/2025\/07\/2025.07.04.-letzter-Schultag-06.jpg 1920w\" sizes=\"auto, (max-width: 768px) 100vw, 768px\" \/><\/a><\/figure>\n\n\n\n<figure class=\"wp-block-image size-large\"><a href=\"https:\/\/www.gs-essenheim.de\/wp-content\/uploads\/2025\/07\/2025.07.04.-letzter-Schultag-07.jpg\"><img loading=\"lazy\" decoding=\"async\" width=\"1024\" height=\"768\" data-id=\"10863\" src=\"https:\/\/www.gs-essenheim.de\/wp-content\/uploads\/2025\/07\/2025.07.04.-letzter-Schultag-07-1024x768.jpg\" alt=\"\" class=\"wp-image-10863\" srcset=\"https:\/\/www.gs-essenheim.de\/wp-content\/uploads\/2025\/07\/2025.07.04.-letzter-Schultag-07-1024x768.jpg 1024w, https:\/\/www.gs-essenheim.de\/wp-content\/uploads\/2025\/07\/2025.07.04.-letzter-Schultag-07-300x225.jpg 300w, https:\/\/www.gs-essenheim.de\/wp-content\/uploads\/2025\/07\/2025.07.04.-letzter-Schultag-07-768x576.jpg 768w, https:\/\/www.gs-essenheim.de\/wp-content\/uploads\/2025\/07\/2025.07.04.-letzter-Schultag-07-1536x1152.jpg 1536w, https:\/\/www.gs-essenheim.de\/wp-content\/uploads\/2025\/07\/2025.07.04.-letzter-Schultag-07-2048x1536.jpg 2048w, https:\/\/www.gs-essenheim.de\/wp-content\/uploads\/2025\/07\/2025.07.04.-letzter-Schultag-07-400x300.jpg 400w\" sizes=\"auto, (max-width: 1024px) 100vw, 1024px\" \/><\/a><\/figure>\n\n\n\n<figure class=\"wp-block-image size-large\"><a href=\"https:\/\/www.gs-essenheim.de\/wp-content\/uploads\/2025\/07\/2025.07.04.-letzter-Schultag-08.jpg\"><img loading=\"lazy\" decoding=\"async\" width=\"1024\" height=\"768\" data-id=\"10864\" src=\"https:\/\/www.gs-essenheim.de\/wp-content\/uploads\/2025\/07\/2025.07.04.-letzter-Schultag-08-1024x768.jpg\" alt=\"\" class=\"wp-image-10864\" srcset=\"https:\/\/www.gs-essenheim.de\/wp-content\/uploads\/2025\/07\/2025.07.04.-letzter-Schultag-08-1024x768.jpg 1024w, https:\/\/www.gs-essenheim.de\/wp-content\/uploads\/2025\/07\/2025.07.04.-letzter-Schultag-08-300x225.jpg 300w, https:\/\/www.gs-essenheim.de\/wp-content\/uploads\/2025\/07\/2025.07.04.-letzter-Schultag-08-768x576.jpg 768w, https:\/\/www.gs-essenheim.de\/wp-content\/uploads\/2025\/07\/2025.07.04.-letzter-Schultag-08-1536x1152.jpg 1536w, https:\/\/www.gs-essenheim.de\/wp-content\/uploads\/2025\/07\/2025.07.04.-letzter-Schultag-08-2048x1536.jpg 2048w, https:\/\/www.gs-essenheim.de\/wp-content\/uploads\/2025\/07\/2025.07.04.-letzter-Schultag-08-400x300.jpg 400w\" sizes=\"auto, (max-width: 1024px) 100vw, 1024px\" \/><\/a><\/figure>\n\n\n\n<figure class=\"wp-block-image size-large\"><a href=\"https:\/\/www.gs-essenheim.de\/wp-content\/uploads\/2025\/07\/2025.07.04.-letzter-Schultag-09.jpg\"><img loading=\"lazy\" decoding=\"async\" width=\"1024\" height=\"768\" data-id=\"10865\" src=\"https:\/\/www.gs-essenheim.de\/wp-content\/uploads\/2025\/07\/2025.07.04.-letzter-Schultag-09-1024x768.jpg\" alt=\"\" class=\"wp-image-10865\" srcset=\"https:\/\/www.gs-essenheim.de\/wp-content\/uploads\/2025\/07\/2025.07.04.-letzter-Schultag-09-1024x768.jpg 1024w, https:\/\/www.gs-essenheim.de\/wp-content\/uploads\/2025\/07\/2025.07.04.-letzter-Schultag-09-300x225.jpg 300w, https:\/\/www.gs-essenheim.de\/wp-content\/uploads\/2025\/07\/2025.07.04.-letzter-Schultag-09-768x576.jpg 768w, https:\/\/www.gs-essenheim.de\/wp-content\/uploads\/2025\/07\/2025.07.04.-letzter-Schultag-09-1536x1152.jpg 1536w, https:\/\/www.gs-essenheim.de\/wp-content\/uploads\/2025\/07\/2025.07.04.-letzter-Schultag-09-2048x1536.jpg 2048w, https:\/\/www.gs-essenheim.de\/wp-content\/uploads\/2025\/07\/2025.07.04.-letzter-Schultag-09-400x300.jpg 400w\" sizes=\"auto, (max-width: 1024px) 100vw, 1024px\" \/><\/a><\/figure>\n\n\n\n<figure class=\"wp-block-image size-large\"><a href=\"https:\/\/www.gs-essenheim.de\/wp-content\/uploads\/2025\/07\/2025.07.04.-letzter-Schultag-10.jpg\"><img loading=\"lazy\" decoding=\"async\" width=\"1024\" height=\"768\" data-id=\"10866\" src=\"https:\/\/www.gs-essenheim.de\/wp-content\/uploads\/2025\/07\/2025.07.04.-letzter-Schultag-10-1024x768.jpg\" alt=\"\" class=\"wp-image-10866\" srcset=\"https:\/\/www.gs-essenheim.de\/wp-content\/uploads\/2025\/07\/2025.07.04.-letzter-Schultag-10-1024x768.jpg 1024w, https:\/\/www.gs-essenheim.de\/wp-content\/uploads\/2025\/07\/2025.07.04.-letzter-Schultag-10-300x225.jpg 300w, https:\/\/www.gs-essenheim.de\/wp-content\/uploads\/2025\/07\/2025.07.04.-letzter-Schultag-10-768x576.jpg 768w, https:\/\/www.gs-essenheim.de\/wp-content\/uploads\/2025\/07\/2025.07.04.-letzter-Schultag-10-1536x1152.jpg 1536w, https:\/\/www.gs-essenheim.de\/wp-content\/uploads\/2025\/07\/2025.07.04.-letzter-Schultag-10-2048x1536.jpg 2048w, https:\/\/www.gs-essenheim.de\/wp-content\/uploads\/2025\/07\/2025.07.04.-letzter-Schultag-10-400x300.jpg 400w\" sizes=\"auto, (max-width: 1024px) 100vw, 1024px\" \/><\/a><\/figure>\n\n\n\n<figure class=\"wp-block-image size-large\"><a href=\"https:\/\/www.gs-essenheim.de\/wp-content\/uploads\/2025\/07\/2025.07.04.-letzter-Schultag-11.jpg\"><img loading=\"lazy\" decoding=\"async\" width=\"1024\" height=\"768\" data-id=\"10867\" src=\"https:\/\/www.gs-essenheim.de\/wp-content\/uploads\/2025\/07\/2025.07.04.-letzter-Schultag-11-1024x768.jpg\" alt=\"\" class=\"wp-image-10867\" srcset=\"https:\/\/www.gs-essenheim.de\/wp-content\/uploads\/2025\/07\/2025.07.04.-letzter-Schultag-11-1024x768.jpg 1024w, https:\/\/www.gs-essenheim.de\/wp-content\/uploads\/2025\/07\/2025.07.04.-letzter-Schultag-11-300x225.jpg 300w, https:\/\/www.gs-essenheim.de\/wp-content\/uploads\/2025\/07\/2025.07.04.-letzter-Schultag-11-768x576.jpg 768w, https:\/\/www.gs-essenheim.de\/wp-content\/uploads\/2025\/07\/2025.07.04.-letzter-Schultag-11-1536x1152.jpg 1536w, https:\/\/www.gs-essenheim.de\/wp-content\/uploads\/2025\/07\/2025.07.04.-letzter-Schultag-11-2048x1536.jpg 2048w, https:\/\/www.gs-essenheim.de\/wp-content\/uploads\/2025\/07\/2025.07.04.-letzter-Schultag-11-400x300.jpg 400w\" sizes=\"auto, (max-width: 1024px) 100vw, 1024px\" \/><\/a><\/figure>\n\n\n\n<figure class=\"wp-block-image size-large\"><a href=\"https:\/\/www.gs-essenheim.de\/wp-content\/uploads\/2025\/07\/2025.07.04.-letzter-Schultag-12.jpg\"><img loading=\"lazy\" decoding=\"async\" width=\"1024\" height=\"768\" data-id=\"10868\" src=\"https:\/\/www.gs-essenheim.de\/wp-content\/uploads\/2025\/07\/2025.07.04.-letzter-Schultag-12-1024x768.jpg\" alt=\"\" class=\"wp-image-10868\" srcset=\"https:\/\/www.gs-essenheim.de\/wp-content\/uploads\/2025\/07\/2025.07.04.-letzter-Schultag-12-1024x768.jpg 1024w, https:\/\/www.gs-essenheim.de\/wp-content\/uploads\/2025\/07\/2025.07.04.-letzter-Schultag-12-300x225.jpg 300w, https:\/\/www.gs-essenheim.de\/wp-content\/uploads\/2025\/07\/2025.07.04.-letzter-Schultag-12-768x576.jpg 768w, https:\/\/www.gs-essenheim.de\/wp-content\/uploads\/2025\/07\/2025.07.04.-letzter-Schultag-12-1536x1152.jpg 1536w, https:\/\/www.gs-essenheim.de\/wp-content\/uploads\/2025\/07\/2025.07.04.-letzter-Schultag-12-2048x1536.jpg 2048w, https:\/\/www.gs-essenheim.de\/wp-content\/uploads\/2025\/07\/2025.07.04.-letzter-Schultag-12-400x300.jpg 400w\" sizes=\"auto, (max-width: 1024px) 100vw, 1024px\" \/><\/a><\/figure>\n\n\n\n<figure class=\"wp-block-image size-large\"><a href=\"https:\/\/www.gs-essenheim.de\/wp-content\/uploads\/2025\/07\/2025.07.04.-letzter-Schultag-13.jpg\"><img loading=\"lazy\" decoding=\"async\" width=\"1024\" height=\"768\" data-id=\"10869\" src=\"https:\/\/www.gs-essenheim.de\/wp-content\/uploads\/2025\/07\/2025.07.04.-letzter-Schultag-13-1024x768.jpg\" alt=\"\" class=\"wp-image-10869\" srcset=\"https:\/\/www.gs-essenheim.de\/wp-content\/uploads\/2025\/07\/2025.07.04.-letzter-Schultag-13-1024x768.jpg 1024w, https:\/\/www.gs-essenheim.de\/wp-content\/uploads\/2025\/07\/2025.07.04.-letzter-Schultag-13-300x225.jpg 300w, https:\/\/www.gs-essenheim.de\/wp-content\/uploads\/2025\/07\/2025.07.04.-letzter-Schultag-13-768x576.jpg 768w, https:\/\/www.gs-essenheim.de\/wp-content\/uploads\/2025\/07\/2025.07.04.-letzter-Schultag-13-1536x1152.jpg 1536w, https:\/\/www.gs-essenheim.de\/wp-content\/uploads\/2025\/07\/2025.07.04.-letzter-Schultag-13-2048x1536.jpg 2048w, https:\/\/www.gs-essenheim.de\/wp-content\/uploads\/2025\/07\/2025.07.04.-letzter-Schultag-13-400x300.jpg 400w\" sizes=\"auto, (max-width: 1024px) 100vw, 1024px\" \/><\/a><\/figure>\n\n\n\n<figure class=\"wp-block-image size-large\"><a href=\"https:\/\/www.gs-essenheim.de\/wp-content\/uploads\/2025\/07\/2025.07.04.-letzter-Schultag-14.jpg\"><img loading=\"lazy\" decoding=\"async\" width=\"1024\" height=\"768\" data-id=\"10870\" src=\"https:\/\/www.gs-essenheim.de\/wp-content\/uploads\/2025\/07\/2025.07.04.-letzter-Schultag-14-1024x768.jpg\" alt=\"\" class=\"wp-image-10870\" srcset=\"https:\/\/www.gs-essenheim.de\/wp-content\/uploads\/2025\/07\/2025.07.04.-letzter-Schultag-14-1024x768.jpg 1024w, https:\/\/www.gs-essenheim.de\/wp-content\/uploads\/2025\/07\/2025.07.04.-letzter-Schultag-14-300x225.jpg 300w, https:\/\/www.gs-essenheim.de\/wp-content\/uploads\/2025\/07\/2025.07.04.-letzter-Schultag-14-768x576.jpg 768w, https:\/\/www.gs-essenheim.de\/wp-content\/uploads\/2025\/07\/2025.07.04.-letzter-Schultag-14-1536x1152.jpg 1536w, https:\/\/www.gs-essenheim.de\/wp-content\/uploads\/2025\/07\/2025.07.04.-letzter-Schultag-14-2048x1536.jpg 2048w, https:\/\/www.gs-essenheim.de\/wp-content\/uploads\/2025\/07\/2025.07.04.-letzter-Schultag-14-400x300.jpg 400w\" sizes=\"auto, (max-width: 1024px) 100vw, 1024px\" \/><\/a><\/figure>\n\n\n\n<figure class=\"wp-block-image size-large\"><a href=\"https:\/\/www.gs-essenheim.de\/wp-content\/uploads\/2025\/07\/2025.07.04.-letzter-Schultag-15.jpg\"><img loading=\"lazy\" decoding=\"async\" width=\"768\" height=\"1024\" data-id=\"10871\" src=\"https:\/\/www.gs-essenheim.de\/wp-content\/uploads\/2025\/07\/2025.07.04.-letzter-Schultag-15-768x1024.jpg\" alt=\"\" class=\"wp-image-10871\" srcset=\"https:\/\/www.gs-essenheim.de\/wp-content\/uploads\/2025\/07\/2025.07.04.-letzter-Schultag-15-768x1024.jpg 768w, https:\/\/www.gs-essenheim.de\/wp-content\/uploads\/2025\/07\/2025.07.04.-letzter-Schultag-15-225x300.jpg 225w, https:\/\/www.gs-essenheim.de\/wp-content\/uploads\/2025\/07\/2025.07.04.-letzter-Schultag-15-1152x1536.jpg 1152w, https:\/\/www.gs-essenheim.de\/wp-content\/uploads\/2025\/07\/2025.07.04.-letzter-Schultag-15-1536x2048.jpg 1536w, https:\/\/www.gs-essenheim.de\/wp-content\/uploads\/2025\/07\/2025.07.04.-letzter-Schultag-15.jpg 1920w\" sizes=\"auto, (max-width: 768px) 100vw, 768px\" \/><\/a><\/figure>\n\n\n\n<figure class=\"wp-block-image size-large\"><a href=\"https:\/\/www.gs-essenheim.de\/wp-content\/uploads\/2025\/07\/2025.07.04.-letzter-Schultag-16.jpg\"><img loading=\"lazy\" decoding=\"async\" width=\"768\" height=\"1024\" data-id=\"10872\" src=\"https:\/\/www.gs-essenheim.de\/wp-content\/uploads\/2025\/07\/2025.07.04.-letzter-Schultag-16-768x1024.jpg\" alt=\"\" class=\"wp-image-10872\" srcset=\"https:\/\/www.gs-essenheim.de\/wp-content\/uploads\/2025\/07\/2025.07.04.-letzter-Schultag-16-768x1024.jpg 768w, https:\/\/www.gs-essenheim.de\/wp-content\/uploads\/2025\/07\/2025.07.04.-letzter-Schultag-16-225x300.jpg 225w, https:\/\/www.gs-essenheim.de\/wp-content\/uploads\/2025\/07\/2025.07.04.-letzter-Schultag-16-1152x1536.jpg 1152w, https:\/\/www.gs-essenheim.de\/wp-content\/uploads\/2025\/07\/2025.07.04.-letzter-Schultag-16-1536x2048.jpg 1536w, https:\/\/www.gs-essenheim.de\/wp-content\/uploads\/2025\/07\/2025.07.04.-letzter-Schultag-16.jpg 1920w\" sizes=\"auto, (max-width: 768px) 100vw, 768px\" \/><\/a><\/figure>\n\n\n\n<figure class=\"wp-block-image size-large\"><a href=\"https:\/\/www.gs-essenheim.de\/wp-content\/uploads\/2025\/07\/2025.07.04.-letzter-Schultag-17.jpg\"><img loading=\"lazy\" decoding=\"async\" width=\"768\" height=\"1024\" data-id=\"10873\" src=\"https:\/\/www.gs-essenheim.de\/wp-content\/uploads\/2025\/07\/2025.07.04.-letzter-Schultag-17-768x1024.jpg\" alt=\"\" class=\"wp-image-10873\" srcset=\"https:\/\/www.gs-essenheim.de\/wp-content\/uploads\/2025\/07\/2025.07.04.-letzter-Schultag-17-768x1024.jpg 768w, https:\/\/www.gs-essenheim.de\/wp-content\/uploads\/2025\/07\/2025.07.04.-letzter-Schultag-17-225x300.jpg 225w, https:\/\/www.gs-essenheim.de\/wp-content\/uploads\/2025\/07\/2025.07.04.-letzter-Schultag-17-1152x1536.jpg 1152w, https:\/\/www.gs-essenheim.de\/wp-content\/uploads\/2025\/07\/2025.07.04.-letzter-Schultag-17-1536x2048.jpg 1536w, https:\/\/www.gs-essenheim.de\/wp-content\/uploads\/2025\/07\/2025.07.04.-letzter-Schultag-17.jpg 1920w\" sizes=\"auto, (max-width: 768px) 100vw, 768px\" \/><\/a><\/figure>\n\n\n\n<figure class=\"wp-block-image size-large\"><a href=\"https:\/\/www.gs-essenheim.de\/wp-content\/uploads\/2025\/07\/2025.07.04.-letzter-Schultag-18.jpg\"><img loading=\"lazy\" decoding=\"async\" width=\"662\" height=\"1024\" data-id=\"10874\" src=\"https:\/\/www.gs-essenheim.de\/wp-content\/uploads\/2025\/07\/2025.07.04.-letzter-Schultag-18-662x1024.jpg\" alt=\"\" class=\"wp-image-10874\" srcset=\"https:\/\/www.gs-essenheim.de\/wp-content\/uploads\/2025\/07\/2025.07.04.-letzter-Schultag-18-662x1024.jpg 662w, https:\/\/www.gs-essenheim.de\/wp-content\/uploads\/2025\/07\/2025.07.04.-letzter-Schultag-18-194x300.jpg 194w, https:\/\/www.gs-essenheim.de\/wp-content\/uploads\/2025\/07\/2025.07.04.-letzter-Schultag-18-768x1189.jpg 768w, https:\/\/www.gs-essenheim.de\/wp-content\/uploads\/2025\/07\/2025.07.04.-letzter-Schultag-18-992x1536.jpg 992w, https:\/\/www.gs-essenheim.de\/wp-content\/uploads\/2025\/07\/2025.07.04.-letzter-Schultag-18-1323x2048.jpg 1323w, https:\/\/www.gs-essenheim.de\/wp-content\/uploads\/2025\/07\/2025.07.04.-letzter-Schultag-18.jpg 1504w\" sizes=\"auto, (max-width: 662px) 100vw, 662px\" \/><\/a><\/figure>\n\n\n\n<figure class=\"wp-block-image size-large\"><a href=\"https:\/\/www.gs-essenheim.de\/wp-content\/uploads\/2025\/07\/2025.07.04.-letzter-Schultag-19.jpg\"><img loading=\"lazy\" decoding=\"async\" width=\"768\" height=\"1024\" data-id=\"10875\" src=\"https:\/\/www.gs-essenheim.de\/wp-content\/uploads\/2025\/07\/2025.07.04.-letzter-Schultag-19-768x1024.jpg\" alt=\"\" class=\"wp-image-10875\" srcset=\"https:\/\/www.gs-essenheim.de\/wp-content\/uploads\/2025\/07\/2025.07.04.-letzter-Schultag-19-768x1024.jpg 768w, https:\/\/www.gs-essenheim.de\/wp-content\/uploads\/2025\/07\/2025.07.04.-letzter-Schultag-19-225x300.jpg 225w, https:\/\/www.gs-essenheim.de\/wp-content\/uploads\/2025\/07\/2025.07.04.-letzter-Schultag-19-1152x1536.jpg 1152w, https:\/\/www.gs-essenheim.de\/wp-content\/uploads\/2025\/07\/2025.07.04.-letzter-Schultag-19-1536x2048.jpg 1536w, https:\/\/www.gs-essenheim.de\/wp-content\/uploads\/2025\/07\/2025.07.04.-letzter-Schultag-19.jpg 1920w\" sizes=\"auto, (max-width: 768px) 100vw, 768px\" \/><\/a><\/figure>\n\n\n\n<figure class=\"wp-block-image size-large\"><a href=\"https:\/\/www.gs-essenheim.de\/wp-content\/uploads\/2025\/07\/2025.07.04.-letzter-Schultag-20.jpg\"><img loading=\"lazy\" decoding=\"async\" width=\"768\" height=\"1024\" data-id=\"10876\" src=\"https:\/\/www.gs-essenheim.de\/wp-content\/uploads\/2025\/07\/2025.07.04.-letzter-Schultag-20-768x1024.jpg\" alt=\"\" class=\"wp-image-10876\" srcset=\"https:\/\/www.gs-essenheim.de\/wp-content\/uploads\/2025\/07\/2025.07.04.-letzter-Schultag-20-768x1024.jpg 768w, https:\/\/www.gs-essenheim.de\/wp-content\/uploads\/2025\/07\/2025.07.04.-letzter-Schultag-20-225x300.jpg 225w, https:\/\/www.gs-essenheim.de\/wp-content\/uploads\/2025\/07\/2025.07.04.-letzter-Schultag-20-1152x1536.jpg 1152w, https:\/\/www.gs-essenheim.de\/wp-content\/uploads\/2025\/07\/2025.07.04.-letzter-Schultag-20-1536x2048.jpg 1536w, https:\/\/www.gs-essenheim.de\/wp-content\/uploads\/2025\/07\/2025.07.04.-letzter-Schultag-20.jpg 1920w\" sizes=\"auto, (max-width: 768px) 100vw, 768px\" \/><\/a><\/figure>\n\n\n\n<figure class=\"wp-block-image size-large\"><a href=\"https:\/\/www.gs-essenheim.de\/wp-content\/uploads\/2025\/07\/2025.07.04.-letzter-Schultag-21.jpg\"><img loading=\"lazy\" decoding=\"async\" width=\"768\" height=\"1024\" data-id=\"10877\" src=\"https:\/\/www.gs-essenheim.de\/wp-content\/uploads\/2025\/07\/2025.07.04.-letzter-Schultag-21-768x1024.jpg\" alt=\"\" class=\"wp-image-10877\" srcset=\"https:\/\/www.gs-essenheim.de\/wp-content\/uploads\/2025\/07\/2025.07.04.-letzter-Schultag-21-768x1024.jpg 768w, https:\/\/www.gs-essenheim.de\/wp-content\/uploads\/2025\/07\/2025.07.04.-letzter-Schultag-21-225x300.jpg 225w, https:\/\/www.gs-essenheim.de\/wp-content\/uploads\/2025\/07\/2025.07.04.-letzter-Schultag-21-1152x1536.jpg 1152w, https:\/\/www.gs-essenheim.de\/wp-content\/uploads\/2025\/07\/2025.07.04.-letzter-Schultag-21-1536x2048.jpg 1536w, https:\/\/www.gs-essenheim.de\/wp-content\/uploads\/2025\/07\/2025.07.04.-letzter-Schultag-21.jpg 1920w\" sizes=\"auto, (max-width: 768px) 100vw, 768px\" \/><\/a><\/figure>\n\n\n\n<figure class=\"wp-block-image size-large\"><a href=\"https:\/\/www.gs-essenheim.de\/wp-content\/uploads\/2025\/07\/2025.07.04.-letzter-Schultag-22.jpg\"><img loading=\"lazy\" decoding=\"async\" width=\"768\" height=\"1024\" data-id=\"10878\" src=\"https:\/\/www.gs-essenheim.de\/wp-content\/uploads\/2025\/07\/2025.07.04.-letzter-Schultag-22-768x1024.jpg\" alt=\"\" class=\"wp-image-10878\" srcset=\"https:\/\/www.gs-essenheim.de\/wp-content\/uploads\/2025\/07\/2025.07.04.-letzter-Schultag-22-768x1024.jpg 768w, https:\/\/www.gs-essenheim.de\/wp-content\/uploads\/2025\/07\/2025.07.04.-letzter-Schultag-22-225x300.jpg 225w, https:\/\/www.gs-essenheim.de\/wp-content\/uploads\/2025\/07\/2025.07.04.-letzter-Schultag-22-1152x1536.jpg 1152w, https:\/\/www.gs-essenheim.de\/wp-content\/uploads\/2025\/07\/2025.07.04.-letzter-Schultag-22-1536x2048.jpg 1536w, https:\/\/www.gs-essenheim.de\/wp-content\/uploads\/2025\/07\/2025.07.04.-letzter-Schultag-22.jpg 1920w\" sizes=\"auto, (max-width: 768px) 100vw, 768px\" \/><\/a><\/figure>\n\n\n\n<figure class=\"wp-block-image size-large\"><a href=\"https:\/\/www.gs-essenheim.de\/wp-content\/uploads\/2025\/07\/2025.07.04.-letzter-Schultag-23.jpg\"><img loading=\"lazy\" decoding=\"async\" width=\"768\" height=\"1024\" data-id=\"10879\" src=\"https:\/\/www.gs-essenheim.de\/wp-content\/uploads\/2025\/07\/2025.07.04.-letzter-Schultag-23-768x1024.jpg\" alt=\"\" class=\"wp-image-10879\" srcset=\"https:\/\/www.gs-essenheim.de\/wp-content\/uploads\/2025\/07\/2025.07.04.-letzter-Schultag-23-768x1024.jpg 768w, https:\/\/www.gs-essenheim.de\/wp-content\/uploads\/2025\/07\/2025.07.04.-letzter-Schultag-23-225x300.jpg 225w, https:\/\/www.gs-essenheim.de\/wp-content\/uploads\/2025\/07\/2025.07.04.-letzter-Schultag-23-1152x1536.jpg 1152w, https:\/\/www.gs-essenheim.de\/wp-content\/uploads\/2025\/07\/2025.07.04.-letzter-Schultag-23-1536x2048.jpg 1536w, https:\/\/www.gs-essenheim.de\/wp-content\/uploads\/2025\/07\/2025.07.04.-letzter-Schultag-23.jpg 1920w\" sizes=\"auto, (max-width: 768px) 100vw, 768px\" \/><\/a><\/figure>\n\n\n\n<figure class=\"wp-block-image size-large\"><a href=\"https:\/\/www.gs-essenheim.de\/wp-content\/uploads\/2025\/07\/2025.07.04.-letzter-Schultag-24.jpg\"><img loading=\"lazy\" decoding=\"async\" width=\"1024\" height=\"768\" data-id=\"10880\" src=\"https:\/\/www.gs-essenheim.de\/wp-content\/uploads\/2025\/07\/2025.07.04.-letzter-Schultag-24-1024x768.jpg\" alt=\"\" class=\"wp-image-10880\" srcset=\"https:\/\/www.gs-essenheim.de\/wp-content\/uploads\/2025\/07\/2025.07.04.-letzter-Schultag-24-1024x768.jpg 1024w, https:\/\/www.gs-essenheim.de\/wp-content\/uploads\/2025\/07\/2025.07.04.-letzter-Schultag-24-300x225.jpg 300w, https:\/\/www.gs-essenheim.de\/wp-content\/uploads\/2025\/07\/2025.07.04.-letzter-Schultag-24-768x576.jpg 768w, https:\/\/www.gs-essenheim.de\/wp-content\/uploads\/2025\/07\/2025.07.04.-letzter-Schultag-24-1536x1152.jpg 1536w, https:\/\/www.gs-essenheim.de\/wp-content\/uploads\/2025\/07\/2025.07.04.-letzter-Schultag-24-2048x1536.jpg 2048w, https:\/\/www.gs-essenheim.de\/wp-content\/uploads\/2025\/07\/2025.07.04.-letzter-Schultag-24-400x300.jpg 400w\" sizes=\"auto, (max-width: 1024px) 100vw, 1024px\" \/><\/a><\/figure>\n\n\n\n<figure class=\"wp-block-image size-large\"><a href=\"https:\/\/www.gs-essenheim.de\/wp-content\/uploads\/2025\/07\/2025.07.04.-letzter-Schultag-25.jpg\"><img loading=\"lazy\" decoding=\"async\" width=\"991\" height=\"1024\" data-id=\"10881\" src=\"https:\/\/www.gs-essenheim.de\/wp-content\/uploads\/2025\/07\/2025.07.04.-letzter-Schultag-25-991x1024.jpg\" alt=\"\" class=\"wp-image-10881\" srcset=\"https:\/\/www.gs-essenheim.de\/wp-content\/uploads\/2025\/07\/2025.07.04.-letzter-Schultag-25-991x1024.jpg 991w, https:\/\/www.gs-essenheim.de\/wp-content\/uploads\/2025\/07\/2025.07.04.-letzter-Schultag-25-290x300.jpg 290w, https:\/\/www.gs-essenheim.de\/wp-content\/uploads\/2025\/07\/2025.07.04.-letzter-Schultag-25-768x793.jpg 768w, https:\/\/www.gs-essenheim.de\/wp-content\/uploads\/2025\/07\/2025.07.04.-letzter-Schultag-25-1487x1536.jpg 1487w, https:\/\/www.gs-essenheim.de\/wp-content\/uploads\/2025\/07\/2025.07.04.-letzter-Schultag-25.jpg 1632w\" sizes=\"auto, (max-width: 991px) 100vw, 991px\" \/><\/a><\/figure>\n\n\n\n<figure class=\"wp-block-image size-large\"><a href=\"https:\/\/www.gs-essenheim.de\/wp-content\/uploads\/2025\/07\/2025.07.04.-letzter-Schultag-26.jpg\"><img loading=\"lazy\" decoding=\"async\" width=\"1024\" height=\"768\" data-id=\"10882\" src=\"https:\/\/www.gs-essenheim.de\/wp-content\/uploads\/2025\/07\/2025.07.04.-letzter-Schultag-26-1024x768.jpg\" alt=\"\" class=\"wp-image-10882\" srcset=\"https:\/\/www.gs-essenheim.de\/wp-content\/uploads\/2025\/07\/2025.07.04.-letzter-Schultag-26-1024x768.jpg 1024w, https:\/\/www.gs-essenheim.de\/wp-content\/uploads\/2025\/07\/2025.07.04.-letzter-Schultag-26-300x225.jpg 300w, https:\/\/www.gs-essenheim.de\/wp-content\/uploads\/2025\/07\/2025.07.04.-letzter-Schultag-26-768x576.jpg 768w, https:\/\/www.gs-essenheim.de\/wp-content\/uploads\/2025\/07\/2025.07.04.-letzter-Schultag-26-1536x1152.jpg 1536w, https:\/\/www.gs-essenheim.de\/wp-content\/uploads\/2025\/07\/2025.07.04.-letzter-Schultag-26-2048x1536.jpg 2048w, https:\/\/www.gs-essenheim.de\/wp-content\/uploads\/2025\/07\/2025.07.04.-letzter-Schultag-26-400x300.jpg 400w\" sizes=\"auto, (max-width: 1024px) 100vw, 1024px\" \/><\/a><\/figure>\n\n\n\n<figure class=\"wp-block-image size-large\"><a href=\"https:\/\/www.gs-essenheim.de\/wp-content\/uploads\/2025\/07\/2025.07.04.-letzter-Schultag-27.jpg\"><img loading=\"lazy\" decoding=\"async\" width=\"1024\" height=\"768\" data-id=\"10883\" src=\"https:\/\/www.gs-essenheim.de\/wp-content\/uploads\/2025\/07\/2025.07.04.-letzter-Schultag-27-1024x768.jpg\" alt=\"\" class=\"wp-image-10883\" srcset=\"https:\/\/www.gs-essenheim.de\/wp-content\/uploads\/2025\/07\/2025.07.04.-letzter-Schultag-27-1024x768.jpg 1024w, https:\/\/www.gs-essenheim.de\/wp-content\/uploads\/2025\/07\/2025.07.04.-letzter-Schultag-27-300x225.jpg 300w, https:\/\/www.gs-essenheim.de\/wp-content\/uploads\/2025\/07\/2025.07.04.-letzter-Schultag-27-768x576.jpg 768w, https:\/\/www.gs-essenheim.de\/wp-content\/uploads\/2025\/07\/2025.07.04.-letzter-Schultag-27-1536x1152.jpg 1536w, https:\/\/www.gs-essenheim.de\/wp-content\/uploads\/2025\/07\/2025.07.04.-letzter-Schultag-27-2048x1536.jpg 2048w, https:\/\/www.gs-essenheim.de\/wp-content\/uploads\/2025\/07\/2025.07.04.-letzter-Schultag-27-400x300.jpg 400w\" sizes=\"auto, (max-width: 1024px) 100vw, 1024px\" \/><\/a><\/figure>\n\n\n\n<figure class=\"wp-block-image size-large\"><a href=\"https:\/\/www.gs-essenheim.de\/wp-content\/uploads\/2025\/07\/2025.07.04.-letzter-Schultag-28.jpg\"><img loading=\"lazy\" decoding=\"async\" width=\"1024\" height=\"768\" data-id=\"10884\" src=\"https:\/\/www.gs-essenheim.de\/wp-content\/uploads\/2025\/07\/2025.07.04.-letzter-Schultag-28-1024x768.jpg\" alt=\"\" class=\"wp-image-10884\" srcset=\"https:\/\/www.gs-essenheim.de\/wp-content\/uploads\/2025\/07\/2025.07.04.-letzter-Schultag-28-1024x768.jpg 1024w, https:\/\/www.gs-essenheim.de\/wp-content\/uploads\/2025\/07\/2025.07.04.-letzter-Schultag-28-300x225.jpg 300w, https:\/\/www.gs-essenheim.de\/wp-content\/uploads\/2025\/07\/2025.07.04.-letzter-Schultag-28-768x576.jpg 768w, https:\/\/www.gs-essenheim.de\/wp-content\/uploads\/2025\/07\/2025.07.04.-letzter-Schultag-28-1536x1152.jpg 1536w, https:\/\/www.gs-essenheim.de\/wp-content\/uploads\/2025\/07\/2025.07.04.-letzter-Schultag-28-2048x1536.jpg 2048w, https:\/\/www.gs-essenheim.de\/wp-content\/uploads\/2025\/07\/2025.07.04.-letzter-Schultag-28-400x300.jpg 400w\" sizes=\"auto, (max-width: 1024px) 100vw, 1024px\" \/><\/a><\/figure>\n<\/figure>\n\n\n\n<p class=\"has-text-align-center has-white-color has-white-background-color has-text-color has-background has-link-color wp-elements-f86d463cdee94af59aa2b47f4fdf8c2b\">Absatz<\/p>\n\n\n\n<h2 class=\"wp-block-heading has-text-align-center\">Abschlussfeier der 4. Klassen (3. Juli 2025)<\/h2>\n\n\n\n<figure class=\"wp-block-gallery has-nested-images columns-default is-cropped wp-block-gallery-2 is-layout-flex wp-block-gallery-is-layout-flex\">\n<figure class=\"wp-block-image size-large\"><a href=\"https:\/\/www.gs-essenheim.de\/wp-content\/uploads\/2025\/07\/2025.07.03.-Abschlussfest-4.-Klassen-01-scaled.jpg\"><img loading=\"lazy\" decoding=\"async\" width=\"1024\" height=\"768\" data-id=\"10852\" src=\"https:\/\/www.gs-essenheim.de\/wp-content\/uploads\/2025\/07\/2025.07.03.-Abschlussfest-4.-Klassen-01-1024x768.jpg\" alt=\"\" class=\"wp-image-10852\" srcset=\"https:\/\/www.gs-essenheim.de\/wp-content\/uploads\/2025\/07\/2025.07.03.-Abschlussfest-4.-Klassen-01-1024x768.jpg 1024w, https:\/\/www.gs-essenheim.de\/wp-content\/uploads\/2025\/07\/2025.07.03.-Abschlussfest-4.-Klassen-01-300x225.jpg 300w, https:\/\/www.gs-essenheim.de\/wp-content\/uploads\/2025\/07\/2025.07.03.-Abschlussfest-4.-Klassen-01-768x576.jpg 768w, https:\/\/www.gs-essenheim.de\/wp-content\/uploads\/2025\/07\/2025.07.03.-Abschlussfest-4.-Klassen-01-1536x1152.jpg 1536w, https:\/\/www.gs-essenheim.de\/wp-content\/uploads\/2025\/07\/2025.07.03.-Abschlussfest-4.-Klassen-01-2048x1536.jpg 2048w, https:\/\/www.gs-essenheim.de\/wp-content\/uploads\/2025\/07\/2025.07.03.-Abschlussfest-4.-Klassen-01-400x300.jpg 400w\" sizes=\"auto, (max-width: 1024px) 100vw, 1024px\" \/><\/a><\/figure>\n\n\n\n<figure class=\"wp-block-image size-large\"><a href=\"https:\/\/www.gs-essenheim.de\/wp-content\/uploads\/2025\/07\/2025.07.03.-Abschlussfest-4.-Klassen-02-scaled.jpg\"><img loading=\"lazy\" decoding=\"async\" width=\"1024\" height=\"768\" data-id=\"10853\" src=\"https:\/\/www.gs-essenheim.de\/wp-content\/uploads\/2025\/07\/2025.07.03.-Abschlussfest-4.-Klassen-02-1024x768.jpg\" alt=\"\" class=\"wp-image-10853\" srcset=\"https:\/\/www.gs-essenheim.de\/wp-content\/uploads\/2025\/07\/2025.07.03.-Abschlussfest-4.-Klassen-02-1024x768.jpg 1024w, https:\/\/www.gs-essenheim.de\/wp-content\/uploads\/2025\/07\/2025.07.03.-Abschlussfest-4.-Klassen-02-300x225.jpg 300w, https:\/\/www.gs-essenheim.de\/wp-content\/uploads\/2025\/07\/2025.07.03.-Abschlussfest-4.-Klassen-02-768x576.jpg 768w, https:\/\/www.gs-essenheim.de\/wp-content\/uploads\/2025\/07\/2025.07.03.-Abschlussfest-4.-Klassen-02-1536x1152.jpg 1536w, https:\/\/www.gs-essenheim.de\/wp-content\/uploads\/2025\/07\/2025.07.03.-Abschlussfest-4.-Klassen-02-2048x1536.jpg 2048w, https:\/\/www.gs-essenheim.de\/wp-content\/uploads\/2025\/07\/2025.07.03.-Abschlussfest-4.-Klassen-02-400x300.jpg 400w\" sizes=\"auto, (max-width: 1024px) 100vw, 1024px\" \/><\/a><\/figure>\n\n\n\n<figure class=\"wp-block-image size-large\"><a href=\"https:\/\/www.gs-essenheim.de\/wp-content\/uploads\/2025\/07\/2025.07.03.-Abschlussfest-4.-Klassen-03-scaled.jpg\"><img loading=\"lazy\" decoding=\"async\" width=\"1024\" height=\"768\" data-id=\"10854\" src=\"https:\/\/www.gs-essenheim.de\/wp-content\/uploads\/2025\/07\/2025.07.03.-Abschlussfest-4.-Klassen-03-1024x768.jpg\" alt=\"\" class=\"wp-image-10854\" srcset=\"https:\/\/www.gs-essenheim.de\/wp-content\/uploads\/2025\/07\/2025.07.03.-Abschlussfest-4.-Klassen-03-1024x768.jpg 1024w, https:\/\/www.gs-essenheim.de\/wp-content\/uploads\/2025\/07\/2025.07.03.-Abschlussfest-4.-Klassen-03-300x225.jpg 300w, https:\/\/www.gs-essenheim.de\/wp-content\/uploads\/2025\/07\/2025.07.03.-Abschlussfest-4.-Klassen-03-768x576.jpg 768w, https:\/\/www.gs-essenheim.de\/wp-content\/uploads\/2025\/07\/2025.07.03.-Abschlussfest-4.-Klassen-03-1536x1152.jpg 1536w, https:\/\/www.gs-essenheim.de\/wp-content\/uploads\/2025\/07\/2025.07.03.-Abschlussfest-4.-Klassen-03-2048x1536.jpg 2048w, https:\/\/www.gs-essenheim.de\/wp-content\/uploads\/2025\/07\/2025.07.03.-Abschlussfest-4.-Klassen-03-400x300.jpg 400w\" sizes=\"auto, (max-width: 1024px) 100vw, 1024px\" \/><\/a><\/figure>\n\n\n\n<figure class=\"wp-block-image size-large\"><a href=\"https:\/\/www.gs-essenheim.de\/wp-content\/uploads\/2025\/07\/2025.07.03.-Abschlussfest-4.-Klassen-04-scaled.jpg\"><img loading=\"lazy\" decoding=\"async\" width=\"1024\" height=\"493\" data-id=\"10855\" src=\"https:\/\/www.gs-essenheim.de\/wp-content\/uploads\/2025\/07\/2025.07.03.-Abschlussfest-4.-Klassen-04-1024x493.jpg\" alt=\"\" class=\"wp-image-10855\" srcset=\"https:\/\/www.gs-essenheim.de\/wp-content\/uploads\/2025\/07\/2025.07.03.-Abschlussfest-4.-Klassen-04-1024x493.jpg 1024w, https:\/\/www.gs-essenheim.de\/wp-content\/uploads\/2025\/07\/2025.07.03.-Abschlussfest-4.-Klassen-04-300x145.jpg 300w, https:\/\/www.gs-essenheim.de\/wp-content\/uploads\/2025\/07\/2025.07.03.-Abschlussfest-4.-Klassen-04-768x370.jpg 768w, https:\/\/www.gs-essenheim.de\/wp-content\/uploads\/2025\/07\/2025.07.03.-Abschlussfest-4.-Klassen-04-1536x740.jpg 1536w, https:\/\/www.gs-essenheim.de\/wp-content\/uploads\/2025\/07\/2025.07.03.-Abschlussfest-4.-Klassen-04-2048x986.jpg 2048w, https:\/\/www.gs-essenheim.de\/wp-content\/uploads\/2025\/07\/2025.07.03.-Abschlussfest-4.-Klassen-04-500x241.jpg 500w\" sizes=\"auto, (max-width: 1024px) 100vw, 1024px\" \/><\/a><\/figure>\n<\/figure>\n\n\n\n<p class=\"has-text-align-center has-white-color has-white-background-color has-text-color has-background has-link-color wp-elements-f86d463cdee94af59aa2b47f4fdf8c2b\">Absatz<\/p>\n\n\n\n<h2 class=\"wp-block-heading has-text-align-center\">Wandertag zum Barfu\u00dfpfad nach Bad Sobernheim (2. Juli 2025)<\/h2>\n\n\n\n<figure class=\"wp-block-gallery has-nested-images columns-default is-cropped wp-block-gallery-3 is-layout-flex wp-block-gallery-is-layout-flex\">\n<figure class=\"wp-block-image size-large\"><a href=\"https:\/\/www.gs-essenheim.de\/wp-content\/uploads\/2025\/07\/2025.07.02.-Wandertag-01-scaled.jpg\"><img loading=\"lazy\" decoding=\"async\" width=\"1024\" height=\"768\" data-id=\"10843\" src=\"https:\/\/www.gs-essenheim.de\/wp-content\/uploads\/2025\/07\/2025.07.02.-Wandertag-01-1024x768.jpg\" alt=\"\" class=\"wp-image-10843\" srcset=\"https:\/\/www.gs-essenheim.de\/wp-content\/uploads\/2025\/07\/2025.07.02.-Wandertag-01-1024x768.jpg 1024w, https:\/\/www.gs-essenheim.de\/wp-content\/uploads\/2025\/07\/2025.07.02.-Wandertag-01-300x225.jpg 300w, https:\/\/www.gs-essenheim.de\/wp-content\/uploads\/2025\/07\/2025.07.02.-Wandertag-01-768x576.jpg 768w, https:\/\/www.gs-essenheim.de\/wp-content\/uploads\/2025\/07\/2025.07.02.-Wandertag-01-1536x1152.jpg 1536w, https:\/\/www.gs-essenheim.de\/wp-content\/uploads\/2025\/07\/2025.07.02.-Wandertag-01-2048x1536.jpg 2048w, https:\/\/www.gs-essenheim.de\/wp-content\/uploads\/2025\/07\/2025.07.02.-Wandertag-01-400x300.jpg 400w\" sizes=\"auto, (max-width: 1024px) 100vw, 1024px\" \/><\/a><\/figure>\n\n\n\n<figure class=\"wp-block-image size-large\"><a href=\"https:\/\/www.gs-essenheim.de\/wp-content\/uploads\/2025\/07\/2025.07.02.-Wandertag-02-scaled.jpg\"><img loading=\"lazy\" decoding=\"async\" width=\"768\" height=\"1024\" data-id=\"10844\" src=\"https:\/\/www.gs-essenheim.de\/wp-content\/uploads\/2025\/07\/2025.07.02.-Wandertag-02-768x1024.jpg\" alt=\"\" class=\"wp-image-10844\" srcset=\"https:\/\/www.gs-essenheim.de\/wp-content\/uploads\/2025\/07\/2025.07.02.-Wandertag-02-768x1024.jpg 768w, https:\/\/www.gs-essenheim.de\/wp-content\/uploads\/2025\/07\/2025.07.02.-Wandertag-02-225x300.jpg 225w, https:\/\/www.gs-essenheim.de\/wp-content\/uploads\/2025\/07\/2025.07.02.-Wandertag-02-1152x1536.jpg 1152w, https:\/\/www.gs-essenheim.de\/wp-content\/uploads\/2025\/07\/2025.07.02.-Wandertag-02-1536x2048.jpg 1536w, https:\/\/www.gs-essenheim.de\/wp-content\/uploads\/2025\/07\/2025.07.02.-Wandertag-02-scaled.jpg 1920w\" sizes=\"auto, (max-width: 768px) 100vw, 768px\" \/><\/a><\/figure>\n\n\n\n<figure class=\"wp-block-image size-large\"><a href=\"https:\/\/www.gs-essenheim.de\/wp-content\/uploads\/2026\/04\/2025.07.02.-Wandertag-03-scaled.jpg\"><img loading=\"lazy\" decoding=\"async\" width=\"768\" height=\"1024\" data-id=\"11455\" src=\"https:\/\/www.gs-essenheim.de\/wp-content\/uploads\/2026\/04\/2025.07.02.-Wandertag-03-768x1024.jpg\" alt=\"\" class=\"wp-image-11455\" srcset=\"https:\/\/www.gs-essenheim.de\/wp-content\/uploads\/2026\/04\/2025.07.02.-Wandertag-03-768x1024.jpg 768w, https:\/\/www.gs-essenheim.de\/wp-content\/uploads\/2026\/04\/2025.07.02.-Wandertag-03-225x300.jpg 225w, https:\/\/www.gs-essenheim.de\/wp-content\/uploads\/2026\/04\/2025.07.02.-Wandertag-03-1152x1536.jpg 1152w, https:\/\/www.gs-essenheim.de\/wp-content\/uploads\/2026\/04\/2025.07.02.-Wandertag-03-1536x2048.jpg 1536w, https:\/\/www.gs-essenheim.de\/wp-content\/uploads\/2026\/04\/2025.07.02.-Wandertag-03-scaled.jpg 1920w\" sizes=\"auto, (max-width: 768px) 100vw, 768px\" \/><\/a><\/figure>\n\n\n\n<figure class=\"wp-block-image size-large\"><a href=\"https:\/\/www.gs-essenheim.de\/wp-content\/uploads\/2025\/07\/2025.07.02.-Wandertag-04-scaled.jpg\"><img loading=\"lazy\" decoding=\"async\" width=\"768\" height=\"1024\" data-id=\"10846\" src=\"https:\/\/www.gs-essenheim.de\/wp-content\/uploads\/2025\/07\/2025.07.02.-Wandertag-04-768x1024.jpg\" alt=\"\" class=\"wp-image-10846\" srcset=\"https:\/\/www.gs-essenheim.de\/wp-content\/uploads\/2025\/07\/2025.07.02.-Wandertag-04-768x1024.jpg 768w, https:\/\/www.gs-essenheim.de\/wp-content\/uploads\/2025\/07\/2025.07.02.-Wandertag-04-225x300.jpg 225w, https:\/\/www.gs-essenheim.de\/wp-content\/uploads\/2025\/07\/2025.07.02.-Wandertag-04-1152x1536.jpg 1152w, https:\/\/www.gs-essenheim.de\/wp-content\/uploads\/2025\/07\/2025.07.02.-Wandertag-04-1536x2048.jpg 1536w, https:\/\/www.gs-essenheim.de\/wp-content\/uploads\/2025\/07\/2025.07.02.-Wandertag-04-scaled.jpg 1920w\" sizes=\"auto, (max-width: 768px) 100vw, 768px\" \/><\/a><\/figure>\n\n\n\n<figure class=\"wp-block-image size-large\"><a href=\"https:\/\/www.gs-essenheim.de\/wp-content\/uploads\/2025\/07\/2025.07.02.-Wandertag-05-scaled.jpg\"><img loading=\"lazy\" decoding=\"async\" width=\"768\" height=\"1024\" data-id=\"10847\" src=\"https:\/\/www.gs-essenheim.de\/wp-content\/uploads\/2025\/07\/2025.07.02.-Wandertag-05-768x1024.jpg\" alt=\"\" class=\"wp-image-10847\" srcset=\"https:\/\/www.gs-essenheim.de\/wp-content\/uploads\/2025\/07\/2025.07.02.-Wandertag-05-768x1024.jpg 768w, https:\/\/www.gs-essenheim.de\/wp-content\/uploads\/2025\/07\/2025.07.02.-Wandertag-05-225x300.jpg 225w, https:\/\/www.gs-essenheim.de\/wp-content\/uploads\/2025\/07\/2025.07.02.-Wandertag-05-1152x1536.jpg 1152w, https:\/\/www.gs-essenheim.de\/wp-content\/uploads\/2025\/07\/2025.07.02.-Wandertag-05-1536x2048.jpg 1536w, https:\/\/www.gs-essenheim.de\/wp-content\/uploads\/2025\/07\/2025.07.02.-Wandertag-05-scaled.jpg 1920w\" sizes=\"auto, (max-width: 768px) 100vw, 768px\" \/><\/a><\/figure>\n\n\n\n<figure class=\"wp-block-image size-large\"><a href=\"https:\/\/www.gs-essenheim.de\/wp-content\/uploads\/2025\/07\/2025.07.02.-Wandertag-06-scaled.jpg\"><img loading=\"lazy\" decoding=\"async\" width=\"768\" height=\"1024\" data-id=\"10848\" src=\"https:\/\/www.gs-essenheim.de\/wp-content\/uploads\/2025\/07\/2025.07.02.-Wandertag-06-768x1024.jpg\" alt=\"\" class=\"wp-image-10848\" srcset=\"https:\/\/www.gs-essenheim.de\/wp-content\/uploads\/2025\/07\/2025.07.02.-Wandertag-06-768x1024.jpg 768w, https:\/\/www.gs-essenheim.de\/wp-content\/uploads\/2025\/07\/2025.07.02.-Wandertag-06-225x300.jpg 225w, https:\/\/www.gs-essenheim.de\/wp-content\/uploads\/2025\/07\/2025.07.02.-Wandertag-06-1152x1536.jpg 1152w, https:\/\/www.gs-essenheim.de\/wp-content\/uploads\/2025\/07\/2025.07.02.-Wandertag-06-1536x2048.jpg 1536w, https:\/\/www.gs-essenheim.de\/wp-content\/uploads\/2025\/07\/2025.07.02.-Wandertag-06-scaled.jpg 1920w\" sizes=\"auto, (max-width: 768px) 100vw, 768px\" \/><\/a><\/figure>\n\n\n\n<figure class=\"wp-block-image size-large\"><a href=\"https:\/\/www.gs-essenheim.de\/wp-content\/uploads\/2025\/07\/2025.07.02.-Wandertag-07-scaled.jpg\"><img loading=\"lazy\" decoding=\"async\" width=\"768\" height=\"1024\" data-id=\"10849\" src=\"https:\/\/www.gs-essenheim.de\/wp-content\/uploads\/2025\/07\/2025.07.02.-Wandertag-07-768x1024.jpg\" alt=\"\" class=\"wp-image-10849\" srcset=\"https:\/\/www.gs-essenheim.de\/wp-content\/uploads\/2025\/07\/2025.07.02.-Wandertag-07-768x1024.jpg 768w, https:\/\/www.gs-essenheim.de\/wp-content\/uploads\/2025\/07\/2025.07.02.-Wandertag-07-225x300.jpg 225w, https:\/\/www.gs-essenheim.de\/wp-content\/uploads\/2025\/07\/2025.07.02.-Wandertag-07-1152x1536.jpg 1152w, https:\/\/www.gs-essenheim.de\/wp-content\/uploads\/2025\/07\/2025.07.02.-Wandertag-07-1536x2048.jpg 1536w, https:\/\/www.gs-essenheim.de\/wp-content\/uploads\/2025\/07\/2025.07.02.-Wandertag-07-scaled.jpg 1920w\" sizes=\"auto, (max-width: 768px) 100vw, 768px\" \/><\/a><\/figure>\n<\/figure>\n\n\n\n<p class=\"has-text-align-center has-white-color has-white-background-color has-text-color has-background has-link-color wp-elements-f86d463cdee94af59aa2b47f4fdf8c2b\">Absatz<\/p>\n\n\n\n<h2 class=\"wp-block-heading has-text-align-center\">Fu\u00dfballturnier in Klein-Winternheim (27. Juni 2025)<\/h2>\n\n\n\n<figure class=\"wp-block-gallery has-nested-images columns-default is-cropped wp-block-gallery-4 is-layout-flex wp-block-gallery-is-layout-flex\">\n<figure class=\"wp-block-image size-large\"><a href=\"https:\/\/www.gs-essenheim.de\/wp-content\/uploads\/2025\/06\/2025.06.27.-Fussballturnier-01-scaled.jpg\"><img loading=\"lazy\" decoding=\"async\" width=\"1024\" height=\"768\" data-id=\"10822\" src=\"https:\/\/www.gs-essenheim.de\/wp-content\/uploads\/2025\/06\/2025.06.27.-Fussballturnier-01-1024x768.jpg\" alt=\"\" class=\"wp-image-10822\" srcset=\"https:\/\/www.gs-essenheim.de\/wp-content\/uploads\/2025\/06\/2025.06.27.-Fussballturnier-01-1024x768.jpg 1024w, https:\/\/www.gs-essenheim.de\/wp-content\/uploads\/2025\/06\/2025.06.27.-Fussballturnier-01-300x225.jpg 300w, https:\/\/www.gs-essenheim.de\/wp-content\/uploads\/2025\/06\/2025.06.27.-Fussballturnier-01-768x576.jpg 768w, https:\/\/www.gs-essenheim.de\/wp-content\/uploads\/2025\/06\/2025.06.27.-Fussballturnier-01-1536x1152.jpg 1536w, https:\/\/www.gs-essenheim.de\/wp-content\/uploads\/2025\/06\/2025.06.27.-Fussballturnier-01-2048x1536.jpg 2048w, https:\/\/www.gs-essenheim.de\/wp-content\/uploads\/2025\/06\/2025.06.27.-Fussballturnier-01-400x300.jpg 400w\" sizes=\"auto, (max-width: 1024px) 100vw, 1024px\" \/><\/a><\/figure>\n\n\n\n<figure class=\"wp-block-image size-large\"><a href=\"https:\/\/www.gs-essenheim.de\/wp-content\/uploads\/2025\/06\/2025.06.27.-Fussballturnier-02-scaled.jpg\"><img loading=\"lazy\" decoding=\"async\" width=\"638\" height=\"1024\" data-id=\"10823\" src=\"https:\/\/www.gs-essenheim.de\/wp-content\/uploads\/2025\/06\/2025.06.27.-Fussballturnier-02-638x1024.jpg\" alt=\"\" class=\"wp-image-10823\" srcset=\"https:\/\/www.gs-essenheim.de\/wp-content\/uploads\/2025\/06\/2025.06.27.-Fussballturnier-02-638x1024.jpg 638w, https:\/\/www.gs-essenheim.de\/wp-content\/uploads\/2025\/06\/2025.06.27.-Fussballturnier-02-187x300.jpg 187w, https:\/\/www.gs-essenheim.de\/wp-content\/uploads\/2025\/06\/2025.06.27.-Fussballturnier-02-768x1233.jpg 768w, https:\/\/www.gs-essenheim.de\/wp-content\/uploads\/2025\/06\/2025.06.27.-Fussballturnier-02-956x1536.jpg 956w, https:\/\/www.gs-essenheim.de\/wp-content\/uploads\/2025\/06\/2025.06.27.-Fussballturnier-02-1275x2048.jpg 1275w, https:\/\/www.gs-essenheim.de\/wp-content\/uploads\/2025\/06\/2025.06.27.-Fussballturnier-02-scaled.jpg 1594w\" sizes=\"auto, (max-width: 638px) 100vw, 638px\" \/><\/a><\/figure>\n\n\n\n<figure class=\"wp-block-image size-large\"><a href=\"https:\/\/www.gs-essenheim.de\/wp-content\/uploads\/2025\/06\/2025.06.27.-Fussballturnier-03-scaled.jpg\"><img loading=\"lazy\" decoding=\"async\" width=\"1024\" height=\"768\" data-id=\"10824\" src=\"https:\/\/www.gs-essenheim.de\/wp-content\/uploads\/2025\/06\/2025.06.27.-Fussballturnier-03-1024x768.jpg\" alt=\"\" class=\"wp-image-10824\" srcset=\"https:\/\/www.gs-essenheim.de\/wp-content\/uploads\/2025\/06\/2025.06.27.-Fussballturnier-03-1024x768.jpg 1024w, https:\/\/www.gs-essenheim.de\/wp-content\/uploads\/2025\/06\/2025.06.27.-Fussballturnier-03-300x225.jpg 300w, https:\/\/www.gs-essenheim.de\/wp-content\/uploads\/2025\/06\/2025.06.27.-Fussballturnier-03-768x576.jpg 768w, https:\/\/www.gs-essenheim.de\/wp-content\/uploads\/2025\/06\/2025.06.27.-Fussballturnier-03-1536x1152.jpg 1536w, https:\/\/www.gs-essenheim.de\/wp-content\/uploads\/2025\/06\/2025.06.27.-Fussballturnier-03-2048x1536.jpg 2048w, https:\/\/www.gs-essenheim.de\/wp-content\/uploads\/2025\/06\/2025.06.27.-Fussballturnier-03-400x300.jpg 400w\" sizes=\"auto, (max-width: 1024px) 100vw, 1024px\" \/><\/a><\/figure>\n\n\n\n<figure class=\"wp-block-image size-large\"><a href=\"https:\/\/www.gs-essenheim.de\/wp-content\/uploads\/2025\/06\/2025.06.27.-Fussballturnier-04-scaled.jpg\"><img loading=\"lazy\" decoding=\"async\" width=\"1024\" height=\"665\" data-id=\"10825\" src=\"https:\/\/www.gs-essenheim.de\/wp-content\/uploads\/2025\/06\/2025.06.27.-Fussballturnier-04-1024x665.jpg\" alt=\"\" class=\"wp-image-10825\" srcset=\"https:\/\/www.gs-essenheim.de\/wp-content\/uploads\/2025\/06\/2025.06.27.-Fussballturnier-04-1024x665.jpg 1024w, https:\/\/www.gs-essenheim.de\/wp-content\/uploads\/2025\/06\/2025.06.27.-Fussballturnier-04-300x195.jpg 300w, https:\/\/www.gs-essenheim.de\/wp-content\/uploads\/2025\/06\/2025.06.27.-Fussballturnier-04-768x499.jpg 768w, https:\/\/www.gs-essenheim.de\/wp-content\/uploads\/2025\/06\/2025.06.27.-Fussballturnier-04-1536x998.jpg 1536w, https:\/\/www.gs-essenheim.de\/wp-content\/uploads\/2025\/06\/2025.06.27.-Fussballturnier-04-2048x1330.jpg 2048w, https:\/\/www.gs-essenheim.de\/wp-content\/uploads\/2025\/06\/2025.06.27.-Fussballturnier-04-462x300.jpg 462w\" sizes=\"auto, (max-width: 1024px) 100vw, 1024px\" \/><\/a><\/figure>\n\n\n\n<figure class=\"wp-block-image size-large\"><a href=\"https:\/\/www.gs-essenheim.de\/wp-content\/uploads\/2025\/06\/2025.06.27.-Fussballturnier-05.jpg\"><img loading=\"lazy\" decoding=\"async\" width=\"1024\" height=\"746\" data-id=\"10835\" src=\"https:\/\/www.gs-essenheim.de\/wp-content\/uploads\/2025\/06\/2025.06.27.-Fussballturnier-05-1024x746.jpg\" alt=\"\" class=\"wp-image-10835\" srcset=\"https:\/\/www.gs-essenheim.de\/wp-content\/uploads\/2025\/06\/2025.06.27.-Fussballturnier-05-1024x746.jpg 1024w, https:\/\/www.gs-essenheim.de\/wp-content\/uploads\/2025\/06\/2025.06.27.-Fussballturnier-05-300x218.jpg 300w, https:\/\/www.gs-essenheim.de\/wp-content\/uploads\/2025\/06\/2025.06.27.-Fussballturnier-05-768x559.jpg 768w, https:\/\/www.gs-essenheim.de\/wp-content\/uploads\/2025\/06\/2025.06.27.-Fussballturnier-05-1536x1118.jpg 1536w, https:\/\/www.gs-essenheim.de\/wp-content\/uploads\/2025\/06\/2025.06.27.-Fussballturnier-05-2048x1491.jpg 2048w, https:\/\/www.gs-essenheim.de\/wp-content\/uploads\/2025\/06\/2025.06.27.-Fussballturnier-05-412x300.jpg 412w\" sizes=\"auto, (max-width: 1024px) 100vw, 1024px\" \/><\/a><\/figure>\n<\/figure>\n\n\n\n<p class=\"has-text-align-center has-white-color has-white-background-color has-text-color has-background has-link-color wp-elements-f86d463cdee94af59aa2b47f4fdf8c2b\">Absatz<\/p>\n\n\n\n<h2 class=\"wp-block-heading has-text-align-center\">Radfahrtraining der 4. Klassen (17. Juni 2025)<\/h2>\n\n\n\n<figure class=\"wp-block-gallery has-nested-images columns-default is-cropped wp-block-gallery-5 is-layout-flex wp-block-gallery-is-layout-flex\">\n<figure class=\"wp-block-image size-large\"><a href=\"https:\/\/www.gs-essenheim.de\/wp-content\/uploads\/2025\/06\/2025.06.17.-Radfahrtraiing-4b-01-scaled.jpg\"><img loading=\"lazy\" decoding=\"async\" width=\"1024\" height=\"768\" data-id=\"10811\" src=\"https:\/\/www.gs-essenheim.de\/wp-content\/uploads\/2025\/06\/2025.06.17.-Radfahrtraiing-4b-01-1024x768.jpg\" alt=\"\" class=\"wp-image-10811\" srcset=\"https:\/\/www.gs-essenheim.de\/wp-content\/uploads\/2025\/06\/2025.06.17.-Radfahrtraiing-4b-01-1024x768.jpg 1024w, https:\/\/www.gs-essenheim.de\/wp-content\/uploads\/2025\/06\/2025.06.17.-Radfahrtraiing-4b-01-300x225.jpg 300w, https:\/\/www.gs-essenheim.de\/wp-content\/uploads\/2025\/06\/2025.06.17.-Radfahrtraiing-4b-01-768x576.jpg 768w, https:\/\/www.gs-essenheim.de\/wp-content\/uploads\/2025\/06\/2025.06.17.-Radfahrtraiing-4b-01-1536x1152.jpg 1536w, https:\/\/www.gs-essenheim.de\/wp-content\/uploads\/2025\/06\/2025.06.17.-Radfahrtraiing-4b-01-2048x1536.jpg 2048w, https:\/\/www.gs-essenheim.de\/wp-content\/uploads\/2025\/06\/2025.06.17.-Radfahrtraiing-4b-01-400x300.jpg 400w\" sizes=\"auto, (max-width: 1024px) 100vw, 1024px\" \/><\/a><\/figure>\n\n\n\n<figure class=\"wp-block-image size-large\"><a href=\"https:\/\/www.gs-essenheim.de\/wp-content\/uploads\/2025\/06\/2025.06.17.-Radfahrtraiing-4b-02-scaled.jpg\"><img loading=\"lazy\" decoding=\"async\" width=\"1024\" height=\"768\" data-id=\"10812\" src=\"https:\/\/www.gs-essenheim.de\/wp-content\/uploads\/2025\/06\/2025.06.17.-Radfahrtraiing-4b-02-1024x768.jpg\" alt=\"\" class=\"wp-image-10812\" srcset=\"https:\/\/www.gs-essenheim.de\/wp-content\/uploads\/2025\/06\/2025.06.17.-Radfahrtraiing-4b-02-1024x768.jpg 1024w, https:\/\/www.gs-essenheim.de\/wp-content\/uploads\/2025\/06\/2025.06.17.-Radfahrtraiing-4b-02-300x225.jpg 300w, https:\/\/www.gs-essenheim.de\/wp-content\/uploads\/2025\/06\/2025.06.17.-Radfahrtraiing-4b-02-768x576.jpg 768w, https:\/\/www.gs-essenheim.de\/wp-content\/uploads\/2025\/06\/2025.06.17.-Radfahrtraiing-4b-02-1536x1152.jpg 1536w, https:\/\/www.gs-essenheim.de\/wp-content\/uploads\/2025\/06\/2025.06.17.-Radfahrtraiing-4b-02-2048x1536.jpg 2048w, https:\/\/www.gs-essenheim.de\/wp-content\/uploads\/2025\/06\/2025.06.17.-Radfahrtraiing-4b-02-400x300.jpg 400w\" sizes=\"auto, (max-width: 1024px) 100vw, 1024px\" \/><\/a><\/figure>\n\n\n\n<figure class=\"wp-block-image size-large\"><a href=\"https:\/\/www.gs-essenheim.de\/wp-content\/uploads\/2025\/06\/2025.06.17.-Radfahrtraiing-4b-03-scaled.jpg\"><img loading=\"lazy\" decoding=\"async\" width=\"1024\" height=\"768\" data-id=\"10813\" src=\"https:\/\/www.gs-essenheim.de\/wp-content\/uploads\/2025\/06\/2025.06.17.-Radfahrtraiing-4b-03-1024x768.jpg\" alt=\"\" class=\"wp-image-10813\" srcset=\"https:\/\/www.gs-essenheim.de\/wp-content\/uploads\/2025\/06\/2025.06.17.-Radfahrtraiing-4b-03-1024x768.jpg 1024w, https:\/\/www.gs-essenheim.de\/wp-content\/uploads\/2025\/06\/2025.06.17.-Radfahrtraiing-4b-03-300x225.jpg 300w, https:\/\/www.gs-essenheim.de\/wp-content\/uploads\/2025\/06\/2025.06.17.-Radfahrtraiing-4b-03-768x576.jpg 768w, https:\/\/www.gs-essenheim.de\/wp-content\/uploads\/2025\/06\/2025.06.17.-Radfahrtraiing-4b-03-1536x1152.jpg 1536w, https:\/\/www.gs-essenheim.de\/wp-content\/uploads\/2025\/06\/2025.06.17.-Radfahrtraiing-4b-03-2048x1536.jpg 2048w, https:\/\/www.gs-essenheim.de\/wp-content\/uploads\/2025\/06\/2025.06.17.-Radfahrtraiing-4b-03-400x300.jpg 400w\" sizes=\"auto, (max-width: 1024px) 100vw, 1024px\" \/><\/a><\/figure>\n<\/figure>\n\n\n\n<p class=\"has-text-align-center has-white-color has-white-background-color has-text-color has-background has-link-color wp-elements-f86d463cdee94af59aa2b47f4fdf8c2b\">Absatz<\/p>\n\n\n\n<h2 class=\"wp-block-heading has-text-align-center\">Sportfest (13. Juni 2025)<\/h2>\n\n\n\n<figure class=\"wp-block-gallery has-nested-images columns-default is-cropped wp-block-gallery-6 is-layout-flex wp-block-gallery-is-layout-flex\">\n<figure class=\"wp-block-image size-large\"><a href=\"https:\/\/www.gs-essenheim.de\/wp-content\/uploads\/2025\/06\/2025.06.13.-Sportfest-01.jpg\"><img loading=\"lazy\" decoding=\"async\" width=\"1024\" height=\"768\" data-id=\"10774\" src=\"https:\/\/www.gs-essenheim.de\/wp-content\/uploads\/2025\/06\/2025.06.13.-Sportfest-01-1024x768.jpg\" alt=\"\" class=\"wp-image-10774\" srcset=\"https:\/\/www.gs-essenheim.de\/wp-content\/uploads\/2025\/06\/2025.06.13.-Sportfest-01-1024x768.jpg 1024w, https:\/\/www.gs-essenheim.de\/wp-content\/uploads\/2025\/06\/2025.06.13.-Sportfest-01-300x225.jpg 300w, https:\/\/www.gs-essenheim.de\/wp-content\/uploads\/2025\/06\/2025.06.13.-Sportfest-01-768x576.jpg 768w, https:\/\/www.gs-essenheim.de\/wp-content\/uploads\/2025\/06\/2025.06.13.-Sportfest-01-1536x1152.jpg 1536w, https:\/\/www.gs-essenheim.de\/wp-content\/uploads\/2025\/06\/2025.06.13.-Sportfest-01-2048x1536.jpg 2048w, https:\/\/www.gs-essenheim.de\/wp-content\/uploads\/2025\/06\/2025.06.13.-Sportfest-01-400x300.jpg 400w\" sizes=\"auto, (max-width: 1024px) 100vw, 1024px\" \/><\/a><\/figure>\n\n\n\n<figure class=\"wp-block-image size-large\"><a href=\"https:\/\/www.gs-essenheim.de\/wp-content\/uploads\/2025\/06\/2025.06.13.-Sportfest-02.jpg\"><img loading=\"lazy\" decoding=\"async\" width=\"1024\" height=\"768\" data-id=\"10775\" src=\"https:\/\/www.gs-essenheim.de\/wp-content\/uploads\/2025\/06\/2025.06.13.-Sportfest-02-1024x768.jpg\" alt=\"\" class=\"wp-image-10775\" srcset=\"https:\/\/www.gs-essenheim.de\/wp-content\/uploads\/2025\/06\/2025.06.13.-Sportfest-02-1024x768.jpg 1024w, https:\/\/www.gs-essenheim.de\/wp-content\/uploads\/2025\/06\/2025.06.13.-Sportfest-02-300x225.jpg 300w, https:\/\/www.gs-essenheim.de\/wp-content\/uploads\/2025\/06\/2025.06.13.-Sportfest-02-768x576.jpg 768w, https:\/\/www.gs-essenheim.de\/wp-content\/uploads\/2025\/06\/2025.06.13.-Sportfest-02-1536x1152.jpg 1536w, https:\/\/www.gs-essenheim.de\/wp-content\/uploads\/2025\/06\/2025.06.13.-Sportfest-02-2048x1536.jpg 2048w, https:\/\/www.gs-essenheim.de\/wp-content\/uploads\/2025\/06\/2025.06.13.-Sportfest-02-400x300.jpg 400w\" sizes=\"auto, (max-width: 1024px) 100vw, 1024px\" \/><\/a><\/figure>\n\n\n\n<figure class=\"wp-block-image size-large\"><a href=\"https:\/\/www.gs-essenheim.de\/wp-content\/uploads\/2025\/06\/2025.06.13.-Sportfest-03.jpg\"><img loading=\"lazy\" decoding=\"async\" width=\"1024\" height=\"768\" data-id=\"10776\" src=\"https:\/\/www.gs-essenheim.de\/wp-content\/uploads\/2025\/06\/2025.06.13.-Sportfest-03-1024x768.jpg\" alt=\"\" class=\"wp-image-10776\" srcset=\"https:\/\/www.gs-essenheim.de\/wp-content\/uploads\/2025\/06\/2025.06.13.-Sportfest-03-1024x768.jpg 1024w, https:\/\/www.gs-essenheim.de\/wp-content\/uploads\/2025\/06\/2025.06.13.-Sportfest-03-300x225.jpg 300w, https:\/\/www.gs-essenheim.de\/wp-content\/uploads\/2025\/06\/2025.06.13.-Sportfest-03-768x576.jpg 768w, https:\/\/www.gs-essenheim.de\/wp-content\/uploads\/2025\/06\/2025.06.13.-Sportfest-03-1536x1152.jpg 1536w, https:\/\/www.gs-essenheim.de\/wp-content\/uploads\/2025\/06\/2025.06.13.-Sportfest-03-2048x1536.jpg 2048w, https:\/\/www.gs-essenheim.de\/wp-content\/uploads\/2025\/06\/2025.06.13.-Sportfest-03-400x300.jpg 400w\" sizes=\"auto, (max-width: 1024px) 100vw, 1024px\" \/><\/a><\/figure>\n\n\n\n<figure class=\"wp-block-image size-large\"><a href=\"https:\/\/www.gs-essenheim.de\/wp-content\/uploads\/2025\/06\/2025.06.13.-Sportfest-04.jpg\"><img loading=\"lazy\" decoding=\"async\" width=\"1024\" height=\"768\" data-id=\"10777\" src=\"https:\/\/www.gs-essenheim.de\/wp-content\/uploads\/2025\/06\/2025.06.13.-Sportfest-04-1024x768.jpg\" alt=\"\" class=\"wp-image-10777\" srcset=\"https:\/\/www.gs-essenheim.de\/wp-content\/uploads\/2025\/06\/2025.06.13.-Sportfest-04-1024x768.jpg 1024w, https:\/\/www.gs-essenheim.de\/wp-content\/uploads\/2025\/06\/2025.06.13.-Sportfest-04-300x225.jpg 300w, https:\/\/www.gs-essenheim.de\/wp-content\/uploads\/2025\/06\/2025.06.13.-Sportfest-04-768x576.jpg 768w, https:\/\/www.gs-essenheim.de\/wp-content\/uploads\/2025\/06\/2025.06.13.-Sportfest-04-1536x1152.jpg 1536w, https:\/\/www.gs-essenheim.de\/wp-content\/uploads\/2025\/06\/2025.06.13.-Sportfest-04-2048x1536.jpg 2048w, https:\/\/www.gs-essenheim.de\/wp-content\/uploads\/2025\/06\/2025.06.13.-Sportfest-04-400x300.jpg 400w\" sizes=\"auto, (max-width: 1024px) 100vw, 1024px\" \/><\/a><\/figure>\n\n\n\n<figure class=\"wp-block-image size-large\"><a href=\"https:\/\/www.gs-essenheim.de\/wp-content\/uploads\/2025\/06\/2025.06.13.-Sportfest-05.jpg\"><img loading=\"lazy\" decoding=\"async\" width=\"1024\" height=\"768\" data-id=\"10778\" src=\"https:\/\/www.gs-essenheim.de\/wp-content\/uploads\/2025\/06\/2025.06.13.-Sportfest-05-1024x768.jpg\" alt=\"\" class=\"wp-image-10778\" srcset=\"https:\/\/www.gs-essenheim.de\/wp-content\/uploads\/2025\/06\/2025.06.13.-Sportfest-05-1024x768.jpg 1024w, https:\/\/www.gs-essenheim.de\/wp-content\/uploads\/2025\/06\/2025.06.13.-Sportfest-05-300x225.jpg 300w, https:\/\/www.gs-essenheim.de\/wp-content\/uploads\/2025\/06\/2025.06.13.-Sportfest-05-768x576.jpg 768w, https:\/\/www.gs-essenheim.de\/wp-content\/uploads\/2025\/06\/2025.06.13.-Sportfest-05-1536x1152.jpg 1536w, https:\/\/www.gs-essenheim.de\/wp-content\/uploads\/2025\/06\/2025.06.13.-Sportfest-05-2048x1536.jpg 2048w, https:\/\/www.gs-essenheim.de\/wp-content\/uploads\/2025\/06\/2025.06.13.-Sportfest-05-400x300.jpg 400w\" sizes=\"auto, (max-width: 1024px) 100vw, 1024px\" \/><\/a><\/figure>\n\n\n\n<figure class=\"wp-block-image size-large\"><a href=\"https:\/\/www.gs-essenheim.de\/wp-content\/uploads\/2025\/06\/2025.06.13.-Sportfest-06.jpg\"><img loading=\"lazy\" decoding=\"async\" width=\"1024\" height=\"768\" data-id=\"10779\" src=\"https:\/\/www.gs-essenheim.de\/wp-content\/uploads\/2025\/06\/2025.06.13.-Sportfest-06-1024x768.jpg\" alt=\"\" class=\"wp-image-10779\" srcset=\"https:\/\/www.gs-essenheim.de\/wp-content\/uploads\/2025\/06\/2025.06.13.-Sportfest-06-1024x768.jpg 1024w, https:\/\/www.gs-essenheim.de\/wp-content\/uploads\/2025\/06\/2025.06.13.-Sportfest-06-300x225.jpg 300w, https:\/\/www.gs-essenheim.de\/wp-content\/uploads\/2025\/06\/2025.06.13.-Sportfest-06-768x576.jpg 768w, https:\/\/www.gs-essenheim.de\/wp-content\/uploads\/2025\/06\/2025.06.13.-Sportfest-06-1536x1152.jpg 1536w, https:\/\/www.gs-essenheim.de\/wp-content\/uploads\/2025\/06\/2025.06.13.-Sportfest-06-2048x1536.jpg 2048w, https:\/\/www.gs-essenheim.de\/wp-content\/uploads\/2025\/06\/2025.06.13.-Sportfest-06-400x300.jpg 400w\" sizes=\"auto, (max-width: 1024px) 100vw, 1024px\" \/><\/a><\/figure>\n\n\n\n<figure class=\"wp-block-image size-large\"><a href=\"https:\/\/www.gs-essenheim.de\/wp-content\/uploads\/2025\/06\/2025.06.13.-Sportfest-07.jpg\"><img loading=\"lazy\" decoding=\"async\" width=\"1024\" height=\"768\" data-id=\"10780\" src=\"https:\/\/www.gs-essenheim.de\/wp-content\/uploads\/2025\/06\/2025.06.13.-Sportfest-07-1024x768.jpg\" alt=\"\" class=\"wp-image-10780\" srcset=\"https:\/\/www.gs-essenheim.de\/wp-content\/uploads\/2025\/06\/2025.06.13.-Sportfest-07-1024x768.jpg 1024w, https:\/\/www.gs-essenheim.de\/wp-content\/uploads\/2025\/06\/2025.06.13.-Sportfest-07-300x225.jpg 300w, https:\/\/www.gs-essenheim.de\/wp-content\/uploads\/2025\/06\/2025.06.13.-Sportfest-07-768x576.jpg 768w, https:\/\/www.gs-essenheim.de\/wp-content\/uploads\/2025\/06\/2025.06.13.-Sportfest-07-1536x1152.jpg 1536w, https:\/\/www.gs-essenheim.de\/wp-content\/uploads\/2025\/06\/2025.06.13.-Sportfest-07-2048x1536.jpg 2048w, https:\/\/www.gs-essenheim.de\/wp-content\/uploads\/2025\/06\/2025.06.13.-Sportfest-07-400x300.jpg 400w\" sizes=\"auto, (max-width: 1024px) 100vw, 1024px\" \/><\/a><\/figure>\n\n\n\n<figure class=\"wp-block-image size-large\"><a href=\"https:\/\/www.gs-essenheim.de\/wp-content\/uploads\/2025\/06\/2025.06.13.-Sportfest-08.jpg\"><img loading=\"lazy\" decoding=\"async\" width=\"1024\" height=\"768\" data-id=\"10781\" src=\"https:\/\/www.gs-essenheim.de\/wp-content\/uploads\/2025\/06\/2025.06.13.-Sportfest-08-1024x768.jpg\" alt=\"\" class=\"wp-image-10781\" srcset=\"https:\/\/www.gs-essenheim.de\/wp-content\/uploads\/2025\/06\/2025.06.13.-Sportfest-08-1024x768.jpg 1024w, https:\/\/www.gs-essenheim.de\/wp-content\/uploads\/2025\/06\/2025.06.13.-Sportfest-08-300x225.jpg 300w, https:\/\/www.gs-essenheim.de\/wp-content\/uploads\/2025\/06\/2025.06.13.-Sportfest-08-768x576.jpg 768w, https:\/\/www.gs-essenheim.de\/wp-content\/uploads\/2025\/06\/2025.06.13.-Sportfest-08-1536x1152.jpg 1536w, https:\/\/www.gs-essenheim.de\/wp-content\/uploads\/2025\/06\/2025.06.13.-Sportfest-08-2048x1536.jpg 2048w, https:\/\/www.gs-essenheim.de\/wp-content\/uploads\/2025\/06\/2025.06.13.-Sportfest-08-400x300.jpg 400w\" sizes=\"auto, (max-width: 1024px) 100vw, 1024px\" \/><\/a><\/figure>\n\n\n\n<figure class=\"wp-block-image size-large\"><a href=\"https:\/\/www.gs-essenheim.de\/wp-content\/uploads\/2025\/06\/2025.06.13.-Sportfest-09.jpg\"><img loading=\"lazy\" decoding=\"async\" width=\"1024\" height=\"768\" data-id=\"10782\" src=\"https:\/\/www.gs-essenheim.de\/wp-content\/uploads\/2025\/06\/2025.06.13.-Sportfest-09-1024x768.jpg\" alt=\"\" class=\"wp-image-10782\" srcset=\"https:\/\/www.gs-essenheim.de\/wp-content\/uploads\/2025\/06\/2025.06.13.-Sportfest-09-1024x768.jpg 1024w, https:\/\/www.gs-essenheim.de\/wp-content\/uploads\/2025\/06\/2025.06.13.-Sportfest-09-300x225.jpg 300w, https:\/\/www.gs-essenheim.de\/wp-content\/uploads\/2025\/06\/2025.06.13.-Sportfest-09-768x576.jpg 768w, https:\/\/www.gs-essenheim.de\/wp-content\/uploads\/2025\/06\/2025.06.13.-Sportfest-09-1536x1152.jpg 1536w, https:\/\/www.gs-essenheim.de\/wp-content\/uploads\/2025\/06\/2025.06.13.-Sportfest-09-2048x1536.jpg 2048w, https:\/\/www.gs-essenheim.de\/wp-content\/uploads\/2025\/06\/2025.06.13.-Sportfest-09-400x300.jpg 400w\" sizes=\"auto, (max-width: 1024px) 100vw, 1024px\" \/><\/a><\/figure>\n\n\n\n<figure class=\"wp-block-image size-large\"><a href=\"https:\/\/www.gs-essenheim.de\/wp-content\/uploads\/2025\/06\/2025.06.13.-Sportfest-10.jpg\"><img loading=\"lazy\" decoding=\"async\" width=\"768\" height=\"1024\" data-id=\"10783\" src=\"https:\/\/www.gs-essenheim.de\/wp-content\/uploads\/2025\/06\/2025.06.13.-Sportfest-10-768x1024.jpg\" alt=\"\" class=\"wp-image-10783\" srcset=\"https:\/\/www.gs-essenheim.de\/wp-content\/uploads\/2025\/06\/2025.06.13.-Sportfest-10-768x1024.jpg 768w, https:\/\/www.gs-essenheim.de\/wp-content\/uploads\/2025\/06\/2025.06.13.-Sportfest-10-225x300.jpg 225w, https:\/\/www.gs-essenheim.de\/wp-content\/uploads\/2025\/06\/2025.06.13.-Sportfest-10-1152x1536.jpg 1152w, https:\/\/www.gs-essenheim.de\/wp-content\/uploads\/2025\/06\/2025.06.13.-Sportfest-10-1536x2048.jpg 1536w, https:\/\/www.gs-essenheim.de\/wp-content\/uploads\/2025\/06\/2025.06.13.-Sportfest-10.jpg 1920w\" sizes=\"auto, (max-width: 768px) 100vw, 768px\" \/><\/a><\/figure>\n\n\n\n<figure class=\"wp-block-image size-large\"><a href=\"https:\/\/www.gs-essenheim.de\/wp-content\/uploads\/2025\/06\/2025.06.13.-Sportfest-11.jpg\"><img loading=\"lazy\" decoding=\"async\" width=\"768\" height=\"1024\" data-id=\"10784\" src=\"https:\/\/www.gs-essenheim.de\/wp-content\/uploads\/2025\/06\/2025.06.13.-Sportfest-11-768x1024.jpg\" alt=\"\" class=\"wp-image-10784\" srcset=\"https:\/\/www.gs-essenheim.de\/wp-content\/uploads\/2025\/06\/2025.06.13.-Sportfest-11-768x1024.jpg 768w, https:\/\/www.gs-essenheim.de\/wp-content\/uploads\/2025\/06\/2025.06.13.-Sportfest-11-225x300.jpg 225w, https:\/\/www.gs-essenheim.de\/wp-content\/uploads\/2025\/06\/2025.06.13.-Sportfest-11-1152x1536.jpg 1152w, https:\/\/www.gs-essenheim.de\/wp-content\/uploads\/2025\/06\/2025.06.13.-Sportfest-11-1536x2048.jpg 1536w, https:\/\/www.gs-essenheim.de\/wp-content\/uploads\/2025\/06\/2025.06.13.-Sportfest-11.jpg 1920w\" sizes=\"auto, (max-width: 768px) 100vw, 768px\" \/><\/a><\/figure>\n\n\n\n<figure class=\"wp-block-image size-large\"><a href=\"https:\/\/www.gs-essenheim.de\/wp-content\/uploads\/2025\/06\/2025.06.13.-Sportfest-12.jpg\"><img loading=\"lazy\" decoding=\"async\" width=\"768\" height=\"1024\" data-id=\"10785\" src=\"https:\/\/www.gs-essenheim.de\/wp-content\/uploads\/2025\/06\/2025.06.13.-Sportfest-12-768x1024.jpg\" alt=\"\" class=\"wp-image-10785\" srcset=\"https:\/\/www.gs-essenheim.de\/wp-content\/uploads\/2025\/06\/2025.06.13.-Sportfest-12-768x1024.jpg 768w, https:\/\/www.gs-essenheim.de\/wp-content\/uploads\/2025\/06\/2025.06.13.-Sportfest-12-225x300.jpg 225w, https:\/\/www.gs-essenheim.de\/wp-content\/uploads\/2025\/06\/2025.06.13.-Sportfest-12-1152x1536.jpg 1152w, https:\/\/www.gs-essenheim.de\/wp-content\/uploads\/2025\/06\/2025.06.13.-Sportfest-12-1536x2048.jpg 1536w, https:\/\/www.gs-essenheim.de\/wp-content\/uploads\/2025\/06\/2025.06.13.-Sportfest-12.jpg 1920w\" sizes=\"auto, (max-width: 768px) 100vw, 768px\" \/><\/a><\/figure>\n\n\n\n<figure class=\"wp-block-image size-large\"><a href=\"https:\/\/www.gs-essenheim.de\/wp-content\/uploads\/2025\/06\/2025.06.13.-Sportfest-13.jpg\"><img loading=\"lazy\" decoding=\"async\" width=\"768\" height=\"1024\" data-id=\"10786\" src=\"https:\/\/www.gs-essenheim.de\/wp-content\/uploads\/2025\/06\/2025.06.13.-Sportfest-13-768x1024.jpg\" alt=\"\" class=\"wp-image-10786\" srcset=\"https:\/\/www.gs-essenheim.de\/wp-content\/uploads\/2025\/06\/2025.06.13.-Sportfest-13-768x1024.jpg 768w, https:\/\/www.gs-essenheim.de\/wp-content\/uploads\/2025\/06\/2025.06.13.-Sportfest-13-225x300.jpg 225w, https:\/\/www.gs-essenheim.de\/wp-content\/uploads\/2025\/06\/2025.06.13.-Sportfest-13-1152x1536.jpg 1152w, https:\/\/www.gs-essenheim.de\/wp-content\/uploads\/2025\/06\/2025.06.13.-Sportfest-13-1536x2048.jpg 1536w, https:\/\/www.gs-essenheim.de\/wp-content\/uploads\/2025\/06\/2025.06.13.-Sportfest-13.jpg 1920w\" sizes=\"auto, (max-width: 768px) 100vw, 768px\" \/><\/a><\/figure>\n\n\n\n<figure class=\"wp-block-image size-large\"><a href=\"https:\/\/www.gs-essenheim.de\/wp-content\/uploads\/2025\/06\/2025.06.13.-Sportfest-14.jpg\"><img loading=\"lazy\" decoding=\"async\" width=\"768\" height=\"1024\" data-id=\"10787\" src=\"https:\/\/www.gs-essenheim.de\/wp-content\/uploads\/2025\/06\/2025.06.13.-Sportfest-14-768x1024.jpg\" alt=\"\" class=\"wp-image-10787\" srcset=\"https:\/\/www.gs-essenheim.de\/wp-content\/uploads\/2025\/06\/2025.06.13.-Sportfest-14-768x1024.jpg 768w, https:\/\/www.gs-essenheim.de\/wp-content\/uploads\/2025\/06\/2025.06.13.-Sportfest-14-225x300.jpg 225w, https:\/\/www.gs-essenheim.de\/wp-content\/uploads\/2025\/06\/2025.06.13.-Sportfest-14-1152x1536.jpg 1152w, https:\/\/www.gs-essenheim.de\/wp-content\/uploads\/2025\/06\/2025.06.13.-Sportfest-14-1536x2048.jpg 1536w, https:\/\/www.gs-essenheim.de\/wp-content\/uploads\/2025\/06\/2025.06.13.-Sportfest-14.jpg 1920w\" sizes=\"auto, (max-width: 768px) 100vw, 768px\" \/><\/a><\/figure>\n\n\n\n<figure class=\"wp-block-image size-large\"><a href=\"https:\/\/www.gs-essenheim.de\/wp-content\/uploads\/2025\/06\/2025.06.13.-Sportfest-15.jpg\"><img loading=\"lazy\" decoding=\"async\" width=\"1024\" height=\"768\" data-id=\"10788\" src=\"https:\/\/www.gs-essenheim.de\/wp-content\/uploads\/2025\/06\/2025.06.13.-Sportfest-15-1024x768.jpg\" alt=\"\" class=\"wp-image-10788\" srcset=\"https:\/\/www.gs-essenheim.de\/wp-content\/uploads\/2025\/06\/2025.06.13.-Sportfest-15-1024x768.jpg 1024w, https:\/\/www.gs-essenheim.de\/wp-content\/uploads\/2025\/06\/2025.06.13.-Sportfest-15-300x225.jpg 300w, https:\/\/www.gs-essenheim.de\/wp-content\/uploads\/2025\/06\/2025.06.13.-Sportfest-15-768x576.jpg 768w, https:\/\/www.gs-essenheim.de\/wp-content\/uploads\/2025\/06\/2025.06.13.-Sportfest-15-1536x1152.jpg 1536w, https:\/\/www.gs-essenheim.de\/wp-content\/uploads\/2025\/06\/2025.06.13.-Sportfest-15-2048x1536.jpg 2048w, https:\/\/www.gs-essenheim.de\/wp-content\/uploads\/2025\/06\/2025.06.13.-Sportfest-15-400x300.jpg 400w\" sizes=\"auto, (max-width: 1024px) 100vw, 1024px\" \/><\/a><\/figure>\n\n\n\n<figure class=\"wp-block-image size-large\"><a href=\"https:\/\/www.gs-essenheim.de\/wp-content\/uploads\/2025\/06\/2025.06.13.-Sportfest-16.jpg\"><img loading=\"lazy\" decoding=\"async\" width=\"1024\" height=\"768\" data-id=\"10789\" src=\"https:\/\/www.gs-essenheim.de\/wp-content\/uploads\/2025\/06\/2025.06.13.-Sportfest-16-1024x768.jpg\" alt=\"\" class=\"wp-image-10789\" srcset=\"https:\/\/www.gs-essenheim.de\/wp-content\/uploads\/2025\/06\/2025.06.13.-Sportfest-16-1024x768.jpg 1024w, https:\/\/www.gs-essenheim.de\/wp-content\/uploads\/2025\/06\/2025.06.13.-Sportfest-16-300x225.jpg 300w, https:\/\/www.gs-essenheim.de\/wp-content\/uploads\/2025\/06\/2025.06.13.-Sportfest-16-768x576.jpg 768w, https:\/\/www.gs-essenheim.de\/wp-content\/uploads\/2025\/06\/2025.06.13.-Sportfest-16-1536x1152.jpg 1536w, https:\/\/www.gs-essenheim.de\/wp-content\/uploads\/2025\/06\/2025.06.13.-Sportfest-16-2048x1536.jpg 2048w, https:\/\/www.gs-essenheim.de\/wp-content\/uploads\/2025\/06\/2025.06.13.-Sportfest-16-400x300.jpg 400w\" sizes=\"auto, (max-width: 1024px) 100vw, 1024px\" \/><\/a><\/figure>\n\n\n\n<figure class=\"wp-block-image size-large\"><a href=\"https:\/\/www.gs-essenheim.de\/wp-content\/uploads\/2025\/06\/2025.06.13.-Sportfest-17.jpg\"><img loading=\"lazy\" decoding=\"async\" width=\"1024\" height=\"768\" data-id=\"10790\" src=\"https:\/\/www.gs-essenheim.de\/wp-content\/uploads\/2025\/06\/2025.06.13.-Sportfest-17-1024x768.jpg\" alt=\"\" class=\"wp-image-10790\" srcset=\"https:\/\/www.gs-essenheim.de\/wp-content\/uploads\/2025\/06\/2025.06.13.-Sportfest-17-1024x768.jpg 1024w, https:\/\/www.gs-essenheim.de\/wp-content\/uploads\/2025\/06\/2025.06.13.-Sportfest-17-300x225.jpg 300w, https:\/\/www.gs-essenheim.de\/wp-content\/uploads\/2025\/06\/2025.06.13.-Sportfest-17-768x576.jpg 768w, https:\/\/www.gs-essenheim.de\/wp-content\/uploads\/2025\/06\/2025.06.13.-Sportfest-17-1536x1152.jpg 1536w, https:\/\/www.gs-essenheim.de\/wp-content\/uploads\/2025\/06\/2025.06.13.-Sportfest-17-2048x1536.jpg 2048w, https:\/\/www.gs-essenheim.de\/wp-content\/uploads\/2025\/06\/2025.06.13.-Sportfest-17-400x300.jpg 400w\" sizes=\"auto, (max-width: 1024px) 100vw, 1024px\" \/><\/a><\/figure>\n\n\n\n<figure class=\"wp-block-image size-large\"><a href=\"https:\/\/www.gs-essenheim.de\/wp-content\/uploads\/2025\/06\/2025.06.13.-Sportfest-18.jpg\"><img loading=\"lazy\" decoding=\"async\" width=\"768\" height=\"1024\" data-id=\"10791\" src=\"https:\/\/www.gs-essenheim.de\/wp-content\/uploads\/2025\/06\/2025.06.13.-Sportfest-18-768x1024.jpg\" alt=\"\" class=\"wp-image-10791\" srcset=\"https:\/\/www.gs-essenheim.de\/wp-content\/uploads\/2025\/06\/2025.06.13.-Sportfest-18-768x1024.jpg 768w, https:\/\/www.gs-essenheim.de\/wp-content\/uploads\/2025\/06\/2025.06.13.-Sportfest-18-225x300.jpg 225w, https:\/\/www.gs-essenheim.de\/wp-content\/uploads\/2025\/06\/2025.06.13.-Sportfest-18-1152x1536.jpg 1152w, https:\/\/www.gs-essenheim.de\/wp-content\/uploads\/2025\/06\/2025.06.13.-Sportfest-18-1536x2048.jpg 1536w, https:\/\/www.gs-essenheim.de\/wp-content\/uploads\/2025\/06\/2025.06.13.-Sportfest-18.jpg 1920w\" sizes=\"auto, (max-width: 768px) 100vw, 768px\" \/><\/a><\/figure>\n\n\n\n<figure class=\"wp-block-image size-large\"><a href=\"https:\/\/www.gs-essenheim.de\/wp-content\/uploads\/2025\/06\/2025.06.13.-Sportfest-19.jpg\"><img loading=\"lazy\" decoding=\"async\" width=\"1024\" height=\"768\" data-id=\"10792\" src=\"https:\/\/www.gs-essenheim.de\/wp-content\/uploads\/2025\/06\/2025.06.13.-Sportfest-19-1024x768.jpg\" alt=\"\" class=\"wp-image-10792\" srcset=\"https:\/\/www.gs-essenheim.de\/wp-content\/uploads\/2025\/06\/2025.06.13.-Sportfest-19-1024x768.jpg 1024w, https:\/\/www.gs-essenheim.de\/wp-content\/uploads\/2025\/06\/2025.06.13.-Sportfest-19-300x225.jpg 300w, https:\/\/www.gs-essenheim.de\/wp-content\/uploads\/2025\/06\/2025.06.13.-Sportfest-19-768x576.jpg 768w, https:\/\/www.gs-essenheim.de\/wp-content\/uploads\/2025\/06\/2025.06.13.-Sportfest-19-1536x1152.jpg 1536w, https:\/\/www.gs-essenheim.de\/wp-content\/uploads\/2025\/06\/2025.06.13.-Sportfest-19-2048x1536.jpg 2048w, https:\/\/www.gs-essenheim.de\/wp-content\/uploads\/2025\/06\/2025.06.13.-Sportfest-19-400x300.jpg 400w\" sizes=\"auto, (max-width: 1024px) 100vw, 1024px\" \/><\/a><\/figure>\n\n\n\n<figure class=\"wp-block-image size-large\"><a href=\"https:\/\/www.gs-essenheim.de\/wp-content\/uploads\/2025\/06\/2025.06.13.-Sportfest-20.jpg\"><img loading=\"lazy\" decoding=\"async\" width=\"1024\" height=\"768\" data-id=\"10793\" src=\"https:\/\/www.gs-essenheim.de\/wp-content\/uploads\/2025\/06\/2025.06.13.-Sportfest-20-1024x768.jpg\" alt=\"\" class=\"wp-image-10793\" srcset=\"https:\/\/www.gs-essenheim.de\/wp-content\/uploads\/2025\/06\/2025.06.13.-Sportfest-20-1024x768.jpg 1024w, https:\/\/www.gs-essenheim.de\/wp-content\/uploads\/2025\/06\/2025.06.13.-Sportfest-20-300x225.jpg 300w, https:\/\/www.gs-essenheim.de\/wp-content\/uploads\/2025\/06\/2025.06.13.-Sportfest-20-768x576.jpg 768w, https:\/\/www.gs-essenheim.de\/wp-content\/uploads\/2025\/06\/2025.06.13.-Sportfest-20-1536x1152.jpg 1536w, https:\/\/www.gs-essenheim.de\/wp-content\/uploads\/2025\/06\/2025.06.13.-Sportfest-20-2048x1536.jpg 2048w, https:\/\/www.gs-essenheim.de\/wp-content\/uploads\/2025\/06\/2025.06.13.-Sportfest-20-400x300.jpg 400w\" sizes=\"auto, (max-width: 1024px) 100vw, 1024px\" \/><\/a><\/figure>\n\n\n\n<figure class=\"wp-block-image size-large\"><a href=\"https:\/\/www.gs-essenheim.de\/wp-content\/uploads\/2025\/06\/2025.06.13.-Sportfest-21.jpg\"><img loading=\"lazy\" decoding=\"async\" width=\"1024\" height=\"768\" data-id=\"10794\" src=\"https:\/\/www.gs-essenheim.de\/wp-content\/uploads\/2025\/06\/2025.06.13.-Sportfest-21-1024x768.jpg\" alt=\"\" class=\"wp-image-10794\" srcset=\"https:\/\/www.gs-essenheim.de\/wp-content\/uploads\/2025\/06\/2025.06.13.-Sportfest-21-1024x768.jpg 1024w, https:\/\/www.gs-essenheim.de\/wp-content\/uploads\/2025\/06\/2025.06.13.-Sportfest-21-300x225.jpg 300w, https:\/\/www.gs-essenheim.de\/wp-content\/uploads\/2025\/06\/2025.06.13.-Sportfest-21-768x576.jpg 768w, https:\/\/www.gs-essenheim.de\/wp-content\/uploads\/2025\/06\/2025.06.13.-Sportfest-21-1536x1152.jpg 1536w, https:\/\/www.gs-essenheim.de\/wp-content\/uploads\/2025\/06\/2025.06.13.-Sportfest-21-2048x1536.jpg 2048w, https:\/\/www.gs-essenheim.de\/wp-content\/uploads\/2025\/06\/2025.06.13.-Sportfest-21-400x300.jpg 400w\" sizes=\"auto, (max-width: 1024px) 100vw, 1024px\" \/><\/a><\/figure>\n\n\n\n<figure class=\"wp-block-image size-large\"><a href=\"https:\/\/www.gs-essenheim.de\/wp-content\/uploads\/2025\/06\/2025.06.13.-Sportfest-22.jpg\"><img loading=\"lazy\" decoding=\"async\" width=\"1024\" height=\"768\" data-id=\"10795\" src=\"https:\/\/www.gs-essenheim.de\/wp-content\/uploads\/2025\/06\/2025.06.13.-Sportfest-22-1024x768.jpg\" alt=\"\" class=\"wp-image-10795\" srcset=\"https:\/\/www.gs-essenheim.de\/wp-content\/uploads\/2025\/06\/2025.06.13.-Sportfest-22-1024x768.jpg 1024w, https:\/\/www.gs-essenheim.de\/wp-content\/uploads\/2025\/06\/2025.06.13.-Sportfest-22-300x225.jpg 300w, https:\/\/www.gs-essenheim.de\/wp-content\/uploads\/2025\/06\/2025.06.13.-Sportfest-22-768x576.jpg 768w, https:\/\/www.gs-essenheim.de\/wp-content\/uploads\/2025\/06\/2025.06.13.-Sportfest-22-1536x1152.jpg 1536w, https:\/\/www.gs-essenheim.de\/wp-content\/uploads\/2025\/06\/2025.06.13.-Sportfest-22-2048x1536.jpg 2048w, https:\/\/www.gs-essenheim.de\/wp-content\/uploads\/2025\/06\/2025.06.13.-Sportfest-22-400x300.jpg 400w\" sizes=\"auto, (max-width: 1024px) 100vw, 1024px\" \/><\/a><\/figure>\n\n\n\n<figure class=\"wp-block-image size-large\"><a href=\"https:\/\/www.gs-essenheim.de\/wp-content\/uploads\/2025\/06\/2025.06.13.-Sportfest-23.jpg\"><img loading=\"lazy\" decoding=\"async\" width=\"1024\" height=\"768\" data-id=\"10796\" src=\"https:\/\/www.gs-essenheim.de\/wp-content\/uploads\/2025\/06\/2025.06.13.-Sportfest-23-1024x768.jpg\" alt=\"\" class=\"wp-image-10796\" srcset=\"https:\/\/www.gs-essenheim.de\/wp-content\/uploads\/2025\/06\/2025.06.13.-Sportfest-23-1024x768.jpg 1024w, https:\/\/www.gs-essenheim.de\/wp-content\/uploads\/2025\/06\/2025.06.13.-Sportfest-23-300x225.jpg 300w, https:\/\/www.gs-essenheim.de\/wp-content\/uploads\/2025\/06\/2025.06.13.-Sportfest-23-768x576.jpg 768w, https:\/\/www.gs-essenheim.de\/wp-content\/uploads\/2025\/06\/2025.06.13.-Sportfest-23-1536x1152.jpg 1536w, https:\/\/www.gs-essenheim.de\/wp-content\/uploads\/2025\/06\/2025.06.13.-Sportfest-23-2048x1536.jpg 2048w, https:\/\/www.gs-essenheim.de\/wp-content\/uploads\/2025\/06\/2025.06.13.-Sportfest-23-400x300.jpg 400w\" sizes=\"auto, (max-width: 1024px) 100vw, 1024px\" \/><\/a><\/figure>\n\n\n\n<figure class=\"wp-block-image size-large\"><a href=\"https:\/\/www.gs-essenheim.de\/wp-content\/uploads\/2025\/06\/2025.06.13.-Sportfest-24.jpg\"><img loading=\"lazy\" decoding=\"async\" width=\"1024\" height=\"768\" data-id=\"10797\" src=\"https:\/\/www.gs-essenheim.de\/wp-content\/uploads\/2025\/06\/2025.06.13.-Sportfest-24-1024x768.jpg\" alt=\"\" class=\"wp-image-10797\" srcset=\"https:\/\/www.gs-essenheim.de\/wp-content\/uploads\/2025\/06\/2025.06.13.-Sportfest-24-1024x768.jpg 1024w, https:\/\/www.gs-essenheim.de\/wp-content\/uploads\/2025\/06\/2025.06.13.-Sportfest-24-300x225.jpg 300w, https:\/\/www.gs-essenheim.de\/wp-content\/uploads\/2025\/06\/2025.06.13.-Sportfest-24-768x576.jpg 768w, https:\/\/www.gs-essenheim.de\/wp-content\/uploads\/2025\/06\/2025.06.13.-Sportfest-24-1536x1152.jpg 1536w, https:\/\/www.gs-essenheim.de\/wp-content\/uploads\/2025\/06\/2025.06.13.-Sportfest-24-2048x1536.jpg 2048w, https:\/\/www.gs-essenheim.de\/wp-content\/uploads\/2025\/06\/2025.06.13.-Sportfest-24-400x300.jpg 400w\" sizes=\"auto, (max-width: 1024px) 100vw, 1024px\" \/><\/a><\/figure>\n\n\n\n<figure class=\"wp-block-image size-large\"><a href=\"https:\/\/www.gs-essenheim.de\/wp-content\/uploads\/2025\/06\/2025.06.13.-Sportfest-25.jpg\"><img loading=\"lazy\" decoding=\"async\" width=\"1024\" height=\"768\" data-id=\"10798\" src=\"https:\/\/www.gs-essenheim.de\/wp-content\/uploads\/2025\/06\/2025.06.13.-Sportfest-25-1024x768.jpg\" alt=\"\" class=\"wp-image-10798\" srcset=\"https:\/\/www.gs-essenheim.de\/wp-content\/uploads\/2025\/06\/2025.06.13.-Sportfest-25-1024x768.jpg 1024w, https:\/\/www.gs-essenheim.de\/wp-content\/uploads\/2025\/06\/2025.06.13.-Sportfest-25-300x225.jpg 300w, https:\/\/www.gs-essenheim.de\/wp-content\/uploads\/2025\/06\/2025.06.13.-Sportfest-25-768x576.jpg 768w, https:\/\/www.gs-essenheim.de\/wp-content\/uploads\/2025\/06\/2025.06.13.-Sportfest-25-1536x1152.jpg 1536w, https:\/\/www.gs-essenheim.de\/wp-content\/uploads\/2025\/06\/2025.06.13.-Sportfest-25-2048x1536.jpg 2048w, https:\/\/www.gs-essenheim.de\/wp-content\/uploads\/2025\/06\/2025.06.13.-Sportfest-25-400x300.jpg 400w\" sizes=\"auto, (max-width: 1024px) 100vw, 1024px\" \/><\/a><\/figure>\n\n\n\n<figure class=\"wp-block-image size-large\"><a href=\"https:\/\/www.gs-essenheim.de\/wp-content\/uploads\/2025\/06\/2025.06.13.-Sportfest-26.jpg\"><img loading=\"lazy\" decoding=\"async\" width=\"1024\" height=\"768\" data-id=\"10799\" src=\"https:\/\/www.gs-essenheim.de\/wp-content\/uploads\/2025\/06\/2025.06.13.-Sportfest-26-1024x768.jpg\" alt=\"\" class=\"wp-image-10799\" srcset=\"https:\/\/www.gs-essenheim.de\/wp-content\/uploads\/2025\/06\/2025.06.13.-Sportfest-26-1024x768.jpg 1024w, https:\/\/www.gs-essenheim.de\/wp-content\/uploads\/2025\/06\/2025.06.13.-Sportfest-26-300x225.jpg 300w, https:\/\/www.gs-essenheim.de\/wp-content\/uploads\/2025\/06\/2025.06.13.-Sportfest-26-768x576.jpg 768w, https:\/\/www.gs-essenheim.de\/wp-content\/uploads\/2025\/06\/2025.06.13.-Sportfest-26-1536x1152.jpg 1536w, https:\/\/www.gs-essenheim.de\/wp-content\/uploads\/2025\/06\/2025.06.13.-Sportfest-26-2048x1536.jpg 2048w, https:\/\/www.gs-essenheim.de\/wp-content\/uploads\/2025\/06\/2025.06.13.-Sportfest-26-400x300.jpg 400w\" sizes=\"auto, (max-width: 1024px) 100vw, 1024px\" \/><\/a><\/figure>\n\n\n\n<figure class=\"wp-block-image size-large\"><a href=\"https:\/\/www.gs-essenheim.de\/wp-content\/uploads\/2025\/06\/2025.06.13.-Sportfest-27.jpg\"><img loading=\"lazy\" decoding=\"async\" width=\"1024\" height=\"768\" data-id=\"10800\" src=\"https:\/\/www.gs-essenheim.de\/wp-content\/uploads\/2025\/06\/2025.06.13.-Sportfest-27-1024x768.jpg\" alt=\"\" class=\"wp-image-10800\" srcset=\"https:\/\/www.gs-essenheim.de\/wp-content\/uploads\/2025\/06\/2025.06.13.-Sportfest-27-1024x768.jpg 1024w, https:\/\/www.gs-essenheim.de\/wp-content\/uploads\/2025\/06\/2025.06.13.-Sportfest-27-300x225.jpg 300w, https:\/\/www.gs-essenheim.de\/wp-content\/uploads\/2025\/06\/2025.06.13.-Sportfest-27-768x576.jpg 768w, https:\/\/www.gs-essenheim.de\/wp-content\/uploads\/2025\/06\/2025.06.13.-Sportfest-27-1536x1152.jpg 1536w, https:\/\/www.gs-essenheim.de\/wp-content\/uploads\/2025\/06\/2025.06.13.-Sportfest-27-2048x1536.jpg 2048w, https:\/\/www.gs-essenheim.de\/wp-content\/uploads\/2025\/06\/2025.06.13.-Sportfest-27-400x300.jpg 400w\" sizes=\"auto, (max-width: 1024px) 100vw, 1024px\" \/><\/a><\/figure>\n\n\n\n<figure class=\"wp-block-image size-large\"><a href=\"https:\/\/www.gs-essenheim.de\/wp-content\/uploads\/2025\/06\/2025.06.13.-Sportfest-28.jpg\"><img loading=\"lazy\" decoding=\"async\" width=\"1024\" height=\"768\" data-id=\"10801\" src=\"https:\/\/www.gs-essenheim.de\/wp-content\/uploads\/2025\/06\/2025.06.13.-Sportfest-28-1024x768.jpg\" alt=\"\" class=\"wp-image-10801\" srcset=\"https:\/\/www.gs-essenheim.de\/wp-content\/uploads\/2025\/06\/2025.06.13.-Sportfest-28-1024x768.jpg 1024w, https:\/\/www.gs-essenheim.de\/wp-content\/uploads\/2025\/06\/2025.06.13.-Sportfest-28-300x225.jpg 300w, https:\/\/www.gs-essenheim.de\/wp-content\/uploads\/2025\/06\/2025.06.13.-Sportfest-28-768x576.jpg 768w, https:\/\/www.gs-essenheim.de\/wp-content\/uploads\/2025\/06\/2025.06.13.-Sportfest-28-1536x1152.jpg 1536w, https:\/\/www.gs-essenheim.de\/wp-content\/uploads\/2025\/06\/2025.06.13.-Sportfest-28-2048x1536.jpg 2048w, https:\/\/www.gs-essenheim.de\/wp-content\/uploads\/2025\/06\/2025.06.13.-Sportfest-28-400x300.jpg 400w\" sizes=\"auto, (max-width: 1024px) 100vw, 1024px\" \/><\/a><\/figure>\n\n\n\n<figure class=\"wp-block-image size-large\"><a href=\"https:\/\/www.gs-essenheim.de\/wp-content\/uploads\/2025\/06\/2025.06.13.-Sportfest-29.jpg\"><img loading=\"lazy\" decoding=\"async\" width=\"1024\" height=\"768\" data-id=\"10802\" src=\"https:\/\/www.gs-essenheim.de\/wp-content\/uploads\/2025\/06\/2025.06.13.-Sportfest-29-1024x768.jpg\" alt=\"\" class=\"wp-image-10802\" srcset=\"https:\/\/www.gs-essenheim.de\/wp-content\/uploads\/2025\/06\/2025.06.13.-Sportfest-29-1024x768.jpg 1024w, https:\/\/www.gs-essenheim.de\/wp-content\/uploads\/2025\/06\/2025.06.13.-Sportfest-29-300x225.jpg 300w, https:\/\/www.gs-essenheim.de\/wp-content\/uploads\/2025\/06\/2025.06.13.-Sportfest-29-768x576.jpg 768w, https:\/\/www.gs-essenheim.de\/wp-content\/uploads\/2025\/06\/2025.06.13.-Sportfest-29-1536x1152.jpg 1536w, https:\/\/www.gs-essenheim.de\/wp-content\/uploads\/2025\/06\/2025.06.13.-Sportfest-29-2048x1536.jpg 2048w, https:\/\/www.gs-essenheim.de\/wp-content\/uploads\/2025\/06\/2025.06.13.-Sportfest-29-400x300.jpg 400w\" sizes=\"auto, (max-width: 1024px) 100vw, 1024px\" \/><\/a><\/figure>\n\n\n\n<figure class=\"wp-block-image size-large\"><a href=\"https:\/\/www.gs-essenheim.de\/wp-content\/uploads\/2025\/06\/2025.06.13.-Sportfest-30.jpg\"><img loading=\"lazy\" decoding=\"async\" width=\"1024\" height=\"768\" data-id=\"10803\" src=\"https:\/\/www.gs-essenheim.de\/wp-content\/uploads\/2025\/06\/2025.06.13.-Sportfest-30-1024x768.jpg\" alt=\"\" class=\"wp-image-10803\" srcset=\"https:\/\/www.gs-essenheim.de\/wp-content\/uploads\/2025\/06\/2025.06.13.-Sportfest-30-1024x768.jpg 1024w, https:\/\/www.gs-essenheim.de\/wp-content\/uploads\/2025\/06\/2025.06.13.-Sportfest-30-300x225.jpg 300w, https:\/\/www.gs-essenheim.de\/wp-content\/uploads\/2025\/06\/2025.06.13.-Sportfest-30-768x576.jpg 768w, https:\/\/www.gs-essenheim.de\/wp-content\/uploads\/2025\/06\/2025.06.13.-Sportfest-30-1536x1152.jpg 1536w, https:\/\/www.gs-essenheim.de\/wp-content\/uploads\/2025\/06\/2025.06.13.-Sportfest-30-2048x1536.jpg 2048w, https:\/\/www.gs-essenheim.de\/wp-content\/uploads\/2025\/06\/2025.06.13.-Sportfest-30-400x300.jpg 400w\" sizes=\"auto, (max-width: 1024px) 100vw, 1024px\" \/><\/a><\/figure>\n\n\n\n<figure class=\"wp-block-image size-large\"><a href=\"https:\/\/www.gs-essenheim.de\/wp-content\/uploads\/2025\/06\/2025.06.13.-Sportfest-31.jpg\"><img loading=\"lazy\" decoding=\"async\" width=\"1024\" height=\"768\" data-id=\"10804\" src=\"https:\/\/www.gs-essenheim.de\/wp-content\/uploads\/2025\/06\/2025.06.13.-Sportfest-31-1024x768.jpg\" alt=\"\" class=\"wp-image-10804\" srcset=\"https:\/\/www.gs-essenheim.de\/wp-content\/uploads\/2025\/06\/2025.06.13.-Sportfest-31-1024x768.jpg 1024w, https:\/\/www.gs-essenheim.de\/wp-content\/uploads\/2025\/06\/2025.06.13.-Sportfest-31-300x225.jpg 300w, https:\/\/www.gs-essenheim.de\/wp-content\/uploads\/2025\/06\/2025.06.13.-Sportfest-31-768x576.jpg 768w, https:\/\/www.gs-essenheim.de\/wp-content\/uploads\/2025\/06\/2025.06.13.-Sportfest-31-1536x1152.jpg 1536w, https:\/\/www.gs-essenheim.de\/wp-content\/uploads\/2025\/06\/2025.06.13.-Sportfest-31-2048x1536.jpg 2048w, https:\/\/www.gs-essenheim.de\/wp-content\/uploads\/2025\/06\/2025.06.13.-Sportfest-31-400x300.jpg 400w\" sizes=\"auto, (max-width: 1024px) 100vw, 1024px\" \/><\/a><\/figure>\n\n\n\n<figure class=\"wp-block-image size-large\"><a href=\"https:\/\/www.gs-essenheim.de\/wp-content\/uploads\/2026\/04\/2025.06.13.-Sportfest-32.jpg\"><img loading=\"lazy\" decoding=\"async\" width=\"1024\" height=\"768\" data-id=\"11454\" src=\"https:\/\/www.gs-essenheim.de\/wp-content\/uploads\/2026\/04\/2025.06.13.-Sportfest-32-1024x768.jpg\" alt=\"\" class=\"wp-image-11454\" srcset=\"https:\/\/www.gs-essenheim.de\/wp-content\/uploads\/2026\/04\/2025.06.13.-Sportfest-32-1024x768.jpg 1024w, https:\/\/www.gs-essenheim.de\/wp-content\/uploads\/2026\/04\/2025.06.13.-Sportfest-32-300x225.jpg 300w, https:\/\/www.gs-essenheim.de\/wp-content\/uploads\/2026\/04\/2025.06.13.-Sportfest-32-768x576.jpg 768w, https:\/\/www.gs-essenheim.de\/wp-content\/uploads\/2026\/04\/2025.06.13.-Sportfest-32-1536x1152.jpg 1536w, https:\/\/www.gs-essenheim.de\/wp-content\/uploads\/2026\/04\/2025.06.13.-Sportfest-32-2048x1536.jpg 2048w, https:\/\/www.gs-essenheim.de\/wp-content\/uploads\/2026\/04\/2025.06.13.-Sportfest-32-400x300.jpg 400w\" sizes=\"auto, (max-width: 1024px) 100vw, 1024px\" \/><\/a><\/figure>\n<\/figure>\n\n\n\n<p class=\"has-text-align-center has-white-color has-white-background-color has-text-color has-background has-link-color wp-elements-f86d463cdee94af59aa2b47f4fdf8c2b\">Absatz<\/p>\n\n\n\n<h2 class=\"wp-block-heading has-text-align-center\">Siegerehrung &#8222;K\u00e4nguru der Mathematik&#8220; (2. Juni 2025)<\/h2>\n\n\n\n<figure class=\"wp-block-gallery has-nested-images columns-default is-cropped wp-block-gallery-7 is-layout-flex wp-block-gallery-is-layout-flex\">\n<figure class=\"wp-block-image size-large\"><a href=\"https:\/\/www.gs-essenheim.de\/wp-content\/uploads\/2025\/06\/2025.06.02-Siegerehrung-Kaenguru-01.jpg\"><img loading=\"lazy\" decoding=\"async\" width=\"1024\" height=\"772\" data-id=\"10747\" src=\"https:\/\/www.gs-essenheim.de\/wp-content\/uploads\/2025\/06\/2025.06.02-Siegerehrung-Kaenguru-01-1024x772.jpg\" alt=\"\" class=\"wp-image-10747\" srcset=\"https:\/\/www.gs-essenheim.de\/wp-content\/uploads\/2025\/06\/2025.06.02-Siegerehrung-Kaenguru-01-1024x772.jpg 1024w, https:\/\/www.gs-essenheim.de\/wp-content\/uploads\/2025\/06\/2025.06.02-Siegerehrung-Kaenguru-01-300x226.jpg 300w, https:\/\/www.gs-essenheim.de\/wp-content\/uploads\/2025\/06\/2025.06.02-Siegerehrung-Kaenguru-01-768x579.jpg 768w, https:\/\/www.gs-essenheim.de\/wp-content\/uploads\/2025\/06\/2025.06.02-Siegerehrung-Kaenguru-01-1536x1158.jpg 1536w, https:\/\/www.gs-essenheim.de\/wp-content\/uploads\/2025\/06\/2025.06.02-Siegerehrung-Kaenguru-01-398x300.jpg 398w, https:\/\/www.gs-essenheim.de\/wp-content\/uploads\/2025\/06\/2025.06.02-Siegerehrung-Kaenguru-01.jpg 1976w\" sizes=\"auto, (max-width: 1024px) 100vw, 1024px\" \/><\/a><\/figure>\n\n\n\n<figure class=\"wp-block-image size-large\"><a href=\"https:\/\/www.gs-essenheim.de\/wp-content\/uploads\/2025\/06\/2025.06.02-Siegerehrung-Kaenguru-02.jpg\"><img loading=\"lazy\" decoding=\"async\" width=\"1024\" height=\"768\" data-id=\"10748\" src=\"https:\/\/www.gs-essenheim.de\/wp-content\/uploads\/2025\/06\/2025.06.02-Siegerehrung-Kaenguru-02-1024x768.jpg\" alt=\"\" class=\"wp-image-10748\" srcset=\"https:\/\/www.gs-essenheim.de\/wp-content\/uploads\/2025\/06\/2025.06.02-Siegerehrung-Kaenguru-02-1024x768.jpg 1024w, https:\/\/www.gs-essenheim.de\/wp-content\/uploads\/2025\/06\/2025.06.02-Siegerehrung-Kaenguru-02-300x225.jpg 300w, https:\/\/www.gs-essenheim.de\/wp-content\/uploads\/2025\/06\/2025.06.02-Siegerehrung-Kaenguru-02-768x576.jpg 768w, https:\/\/www.gs-essenheim.de\/wp-content\/uploads\/2025\/06\/2025.06.02-Siegerehrung-Kaenguru-02-1536x1152.jpg 1536w, https:\/\/www.gs-essenheim.de\/wp-content\/uploads\/2025\/06\/2025.06.02-Siegerehrung-Kaenguru-02-2048x1536.jpg 2048w, https:\/\/www.gs-essenheim.de\/wp-content\/uploads\/2025\/06\/2025.06.02-Siegerehrung-Kaenguru-02-400x300.jpg 400w\" sizes=\"auto, (max-width: 1024px) 100vw, 1024px\" \/><\/a><\/figure>\n<\/figure>\n\n\n\n<p class=\"has-text-align-center has-white-color has-white-background-color has-text-color has-background has-link-color wp-elements-f86d463cdee94af59aa2b47f4fdf8c2b\">Absatz<\/p>\n\n\n\n<h2 class=\"wp-block-heading has-text-align-center\">Vorstellung Lesesommer RLP (2. Juni 2025)<\/h2>\n\n\n\n<figure class=\"wp-block-gallery has-nested-images columns-default is-cropped wp-block-gallery-8 is-layout-flex wp-block-gallery-is-layout-flex\">\n<figure class=\"wp-block-image size-large\"><a href=\"https:\/\/www.gs-essenheim.de\/wp-content\/uploads\/2025\/06\/2025.06.02.-Vorstellung-Lesesommer-RLP-01.jpg\"><img loading=\"lazy\" decoding=\"async\" width=\"725\" height=\"1024\" data-id=\"10745\" src=\"https:\/\/www.gs-essenheim.de\/wp-content\/uploads\/2025\/06\/2025.06.02.-Vorstellung-Lesesommer-RLP-01-725x1024.jpg\" alt=\"\" class=\"wp-image-10745\" srcset=\"https:\/\/www.gs-essenheim.de\/wp-content\/uploads\/2025\/06\/2025.06.02.-Vorstellung-Lesesommer-RLP-01-725x1024.jpg 725w, https:\/\/www.gs-essenheim.de\/wp-content\/uploads\/2025\/06\/2025.06.02.-Vorstellung-Lesesommer-RLP-01-212x300.jpg 212w, https:\/\/www.gs-essenheim.de\/wp-content\/uploads\/2025\/06\/2025.06.02.-Vorstellung-Lesesommer-RLP-01-768x1085.jpg 768w, https:\/\/www.gs-essenheim.de\/wp-content\/uploads\/2025\/06\/2025.06.02.-Vorstellung-Lesesommer-RLP-01-1087x1536.jpg 1087w, https:\/\/www.gs-essenheim.de\/wp-content\/uploads\/2025\/06\/2025.06.02.-Vorstellung-Lesesommer-RLP-01.jpg 1218w\" sizes=\"auto, (max-width: 725px) 100vw, 725px\" \/><\/a><\/figure>\n\n\n\n<figure class=\"wp-block-image size-large\"><a href=\"https:\/\/www.gs-essenheim.de\/wp-content\/uploads\/2025\/06\/2025.06.02.-Vorstellung-Lesesommer-RLP-02.jpg\"><img loading=\"lazy\" decoding=\"async\" width=\"1024\" height=\"768\" data-id=\"10746\" src=\"https:\/\/www.gs-essenheim.de\/wp-content\/uploads\/2025\/06\/2025.06.02.-Vorstellung-Lesesommer-RLP-02-1024x768.jpg\" alt=\"\" class=\"wp-image-10746\" srcset=\"https:\/\/www.gs-essenheim.de\/wp-content\/uploads\/2025\/06\/2025.06.02.-Vorstellung-Lesesommer-RLP-02-1024x768.jpg 1024w, https:\/\/www.gs-essenheim.de\/wp-content\/uploads\/2025\/06\/2025.06.02.-Vorstellung-Lesesommer-RLP-02-300x225.jpg 300w, https:\/\/www.gs-essenheim.de\/wp-content\/uploads\/2025\/06\/2025.06.02.-Vorstellung-Lesesommer-RLP-02-768x576.jpg 768w, https:\/\/www.gs-essenheim.de\/wp-content\/uploads\/2025\/06\/2025.06.02.-Vorstellung-Lesesommer-RLP-02-1536x1152.jpg 1536w, https:\/\/www.gs-essenheim.de\/wp-content\/uploads\/2025\/06\/2025.06.02.-Vorstellung-Lesesommer-RLP-02-2048x1536.jpg 2048w, https:\/\/www.gs-essenheim.de\/wp-content\/uploads\/2025\/06\/2025.06.02.-Vorstellung-Lesesommer-RLP-02-400x300.jpg 400w\" sizes=\"auto, (max-width: 1024px) 100vw, 1024px\" \/><\/a><\/figure>\n<\/figure>\n\n\n\n<p class=\"has-text-align-center has-white-color has-white-background-color has-text-color has-background has-link-color wp-elements-f86d463cdee94af59aa2b47f4fdf8c2b\">Absatz<\/p>\n\n\n\n<h2 class=\"wp-block-heading has-text-align-center\">Schulfest (23. Mai 2025)<\/h2>\n\n\n\n<figure class=\"wp-block-gallery has-nested-images columns-default is-cropped wp-block-gallery-9 is-layout-flex wp-block-gallery-is-layout-flex\">\n<figure class=\"wp-block-image size-large\"><a href=\"https:\/\/www.gs-essenheim.de\/wp-content\/uploads\/2025\/05\/2025.05.23.-Schulfest-01.jpg\"><img loading=\"lazy\" decoding=\"async\" width=\"1024\" height=\"711\" data-id=\"10721\" src=\"https:\/\/www.gs-essenheim.de\/wp-content\/uploads\/2025\/05\/2025.05.23.-Schulfest-01-1024x711.jpg\" alt=\"\" class=\"wp-image-10721\" srcset=\"https:\/\/www.gs-essenheim.de\/wp-content\/uploads\/2025\/05\/2025.05.23.-Schulfest-01-1024x711.jpg 1024w, https:\/\/www.gs-essenheim.de\/wp-content\/uploads\/2025\/05\/2025.05.23.-Schulfest-01-300x208.jpg 300w, https:\/\/www.gs-essenheim.de\/wp-content\/uploads\/2025\/05\/2025.05.23.-Schulfest-01-768x534.jpg 768w, https:\/\/www.gs-essenheim.de\/wp-content\/uploads\/2025\/05\/2025.05.23.-Schulfest-01-1536x1067.jpg 1536w, https:\/\/www.gs-essenheim.de\/wp-content\/uploads\/2025\/05\/2025.05.23.-Schulfest-01-2048x1423.jpg 2048w, https:\/\/www.gs-essenheim.de\/wp-content\/uploads\/2025\/05\/2025.05.23.-Schulfest-01-432x300.jpg 432w\" sizes=\"auto, (max-width: 1024px) 100vw, 1024px\" \/><\/a><\/figure>\n\n\n\n<figure class=\"wp-block-image size-large\"><a href=\"https:\/\/www.gs-essenheim.de\/wp-content\/uploads\/2025\/05\/2025.05.23.-Schulfest-02.jpg\"><img loading=\"lazy\" decoding=\"async\" width=\"1024\" height=\"744\" data-id=\"10722\" src=\"https:\/\/www.gs-essenheim.de\/wp-content\/uploads\/2025\/05\/2025.05.23.-Schulfest-02-1024x744.jpg\" alt=\"\" class=\"wp-image-10722\" srcset=\"https:\/\/www.gs-essenheim.de\/wp-content\/uploads\/2025\/05\/2025.05.23.-Schulfest-02-1024x744.jpg 1024w, https:\/\/www.gs-essenheim.de\/wp-content\/uploads\/2025\/05\/2025.05.23.-Schulfest-02-300x218.jpg 300w, https:\/\/www.gs-essenheim.de\/wp-content\/uploads\/2025\/05\/2025.05.23.-Schulfest-02-768x558.jpg 768w, https:\/\/www.gs-essenheim.de\/wp-content\/uploads\/2025\/05\/2025.05.23.-Schulfest-02-1536x1117.jpg 1536w, https:\/\/www.gs-essenheim.de\/wp-content\/uploads\/2025\/05\/2025.05.23.-Schulfest-02-413x300.jpg 413w, https:\/\/www.gs-essenheim.de\/wp-content\/uploads\/2025\/05\/2025.05.23.-Schulfest-02.jpg 1941w\" sizes=\"auto, (max-width: 1024px) 100vw, 1024px\" \/><\/a><\/figure>\n\n\n\n<figure class=\"wp-block-image size-large\"><a href=\"https:\/\/www.gs-essenheim.de\/wp-content\/uploads\/2025\/05\/2025.05.23.-Schulfest-02b-scaled.jpg\"><img loading=\"lazy\" decoding=\"async\" width=\"1024\" height=\"768\" data-id=\"10723\" src=\"https:\/\/www.gs-essenheim.de\/wp-content\/uploads\/2025\/05\/2025.05.23.-Schulfest-02b-1024x768.jpg\" alt=\"\" class=\"wp-image-10723\" srcset=\"https:\/\/www.gs-essenheim.de\/wp-content\/uploads\/2025\/05\/2025.05.23.-Schulfest-02b-1024x768.jpg 1024w, https:\/\/www.gs-essenheim.de\/wp-content\/uploads\/2025\/05\/2025.05.23.-Schulfest-02b-300x225.jpg 300w, https:\/\/www.gs-essenheim.de\/wp-content\/uploads\/2025\/05\/2025.05.23.-Schulfest-02b-768x576.jpg 768w, https:\/\/www.gs-essenheim.de\/wp-content\/uploads\/2025\/05\/2025.05.23.-Schulfest-02b-1536x1152.jpg 1536w, https:\/\/www.gs-essenheim.de\/wp-content\/uploads\/2025\/05\/2025.05.23.-Schulfest-02b-2048x1536.jpg 2048w, https:\/\/www.gs-essenheim.de\/wp-content\/uploads\/2025\/05\/2025.05.23.-Schulfest-02b-400x300.jpg 400w\" sizes=\"auto, (max-width: 1024px) 100vw, 1024px\" \/><\/a><\/figure>\n\n\n\n<figure class=\"wp-block-image size-large\"><a href=\"https:\/\/www.gs-essenheim.de\/wp-content\/uploads\/2025\/05\/2025.05.23.-Schulfest-03.jpg\"><img loading=\"lazy\" decoding=\"async\" width=\"908\" height=\"1024\" data-id=\"10724\" src=\"https:\/\/www.gs-essenheim.de\/wp-content\/uploads\/2025\/05\/2025.05.23.-Schulfest-03-908x1024.jpg\" alt=\"\" class=\"wp-image-10724\" srcset=\"https:\/\/www.gs-essenheim.de\/wp-content\/uploads\/2025\/05\/2025.05.23.-Schulfest-03-908x1024.jpg 908w, https:\/\/www.gs-essenheim.de\/wp-content\/uploads\/2025\/05\/2025.05.23.-Schulfest-03-266x300.jpg 266w, https:\/\/www.gs-essenheim.de\/wp-content\/uploads\/2025\/05\/2025.05.23.-Schulfest-03-768x866.jpg 768w, https:\/\/www.gs-essenheim.de\/wp-content\/uploads\/2025\/05\/2025.05.23.-Schulfest-03-1363x1536.jpg 1363w, https:\/\/www.gs-essenheim.de\/wp-content\/uploads\/2025\/05\/2025.05.23.-Schulfest-03.jpg 1422w\" sizes=\"auto, (max-width: 908px) 100vw, 908px\" \/><\/a><\/figure>\n\n\n\n<figure class=\"wp-block-image size-large\"><a href=\"https:\/\/www.gs-essenheim.de\/wp-content\/uploads\/2025\/05\/2025.05.23.-Schulfest-04.jpg\"><img loading=\"lazy\" decoding=\"async\" width=\"1024\" height=\"810\" data-id=\"10725\" src=\"https:\/\/www.gs-essenheim.de\/wp-content\/uploads\/2025\/05\/2025.05.23.-Schulfest-04-1024x810.jpg\" alt=\"\" class=\"wp-image-10725\" srcset=\"https:\/\/www.gs-essenheim.de\/wp-content\/uploads\/2025\/05\/2025.05.23.-Schulfest-04-1024x810.jpg 1024w, https:\/\/www.gs-essenheim.de\/wp-content\/uploads\/2025\/05\/2025.05.23.-Schulfest-04-300x237.jpg 300w, https:\/\/www.gs-essenheim.de\/wp-content\/uploads\/2025\/05\/2025.05.23.-Schulfest-04-768x608.jpg 768w, https:\/\/www.gs-essenheim.de\/wp-content\/uploads\/2025\/05\/2025.05.23.-Schulfest-04-379x300.jpg 379w, https:\/\/www.gs-essenheim.de\/wp-content\/uploads\/2025\/05\/2025.05.23.-Schulfest-04.jpg 1474w\" sizes=\"auto, (max-width: 1024px) 100vw, 1024px\" \/><\/a><\/figure>\n\n\n\n<figure class=\"wp-block-image size-large\"><a href=\"https:\/\/www.gs-essenheim.de\/wp-content\/uploads\/2025\/05\/2025.05.23.-Schulfest-05.jpg\"><img loading=\"lazy\" decoding=\"async\" width=\"647\" height=\"1024\" data-id=\"10726\" src=\"https:\/\/www.gs-essenheim.de\/wp-content\/uploads\/2025\/05\/2025.05.23.-Schulfest-05-647x1024.jpg\" alt=\"\" class=\"wp-image-10726\" srcset=\"https:\/\/www.gs-essenheim.de\/wp-content\/uploads\/2025\/05\/2025.05.23.-Schulfest-05-647x1024.jpg 647w, https:\/\/www.gs-essenheim.de\/wp-content\/uploads\/2025\/05\/2025.05.23.-Schulfest-05-190x300.jpg 190w, https:\/\/www.gs-essenheim.de\/wp-content\/uploads\/2025\/05\/2025.05.23.-Schulfest-05-768x1215.jpg 768w, https:\/\/www.gs-essenheim.de\/wp-content\/uploads\/2025\/05\/2025.05.23.-Schulfest-05-971x1536.jpg 971w, https:\/\/www.gs-essenheim.de\/wp-content\/uploads\/2025\/05\/2025.05.23.-Schulfest-05-1295x2048.jpg 1295w, https:\/\/www.gs-essenheim.de\/wp-content\/uploads\/2025\/05\/2025.05.23.-Schulfest-05.jpg 1323w\" sizes=\"auto, (max-width: 647px) 100vw, 647px\" \/><\/a><\/figure>\n\n\n\n<figure class=\"wp-block-image size-large\"><a href=\"https:\/\/www.gs-essenheim.de\/wp-content\/uploads\/2025\/05\/2025.05.23.-Schulfest-06.jpg\"><img loading=\"lazy\" decoding=\"async\" width=\"885\" height=\"1024\" data-id=\"10727\" src=\"https:\/\/www.gs-essenheim.de\/wp-content\/uploads\/2025\/05\/2025.05.23.-Schulfest-06-885x1024.jpg\" alt=\"\" class=\"wp-image-10727\" srcset=\"https:\/\/www.gs-essenheim.de\/wp-content\/uploads\/2025\/05\/2025.05.23.-Schulfest-06-885x1024.jpg 885w, https:\/\/www.gs-essenheim.de\/wp-content\/uploads\/2025\/05\/2025.05.23.-Schulfest-06-259x300.jpg 259w, https:\/\/www.gs-essenheim.de\/wp-content\/uploads\/2025\/05\/2025.05.23.-Schulfest-06-768x889.jpg 768w, https:\/\/www.gs-essenheim.de\/wp-content\/uploads\/2025\/05\/2025.05.23.-Schulfest-06-1327x1536.jpg 1327w, https:\/\/www.gs-essenheim.de\/wp-content\/uploads\/2025\/05\/2025.05.23.-Schulfest-06.jpg 1360w\" sizes=\"auto, (max-width: 885px) 100vw, 885px\" \/><\/a><\/figure>\n\n\n\n<figure class=\"wp-block-image size-large\"><a href=\"https:\/\/www.gs-essenheim.de\/wp-content\/uploads\/2025\/05\/2025.05.23.-Schulfest-07.jpg\"><img loading=\"lazy\" decoding=\"async\" width=\"1024\" height=\"688\" data-id=\"10728\" src=\"https:\/\/www.gs-essenheim.de\/wp-content\/uploads\/2025\/05\/2025.05.23.-Schulfest-07-1024x688.jpg\" alt=\"\" class=\"wp-image-10728\" srcset=\"https:\/\/www.gs-essenheim.de\/wp-content\/uploads\/2025\/05\/2025.05.23.-Schulfest-07-1024x688.jpg 1024w, https:\/\/www.gs-essenheim.de\/wp-content\/uploads\/2025\/05\/2025.05.23.-Schulfest-07-300x201.jpg 300w, https:\/\/www.gs-essenheim.de\/wp-content\/uploads\/2025\/05\/2025.05.23.-Schulfest-07-768x516.jpg 768w, https:\/\/www.gs-essenheim.de\/wp-content\/uploads\/2025\/05\/2025.05.23.-Schulfest-07-1536x1031.jpg 1536w, https:\/\/www.gs-essenheim.de\/wp-content\/uploads\/2025\/05\/2025.05.23.-Schulfest-07-2048x1375.jpg 2048w, https:\/\/www.gs-essenheim.de\/wp-content\/uploads\/2025\/05\/2025.05.23.-Schulfest-07-447x300.jpg 447w\" sizes=\"auto, (max-width: 1024px) 100vw, 1024px\" \/><\/a><\/figure>\n\n\n\n<figure class=\"wp-block-image size-large\"><a href=\"https:\/\/www.gs-essenheim.de\/wp-content\/uploads\/2025\/05\/2025.05.23.-Schulfest-08.jpg\"><img loading=\"lazy\" decoding=\"async\" width=\"1024\" height=\"755\" data-id=\"10729\" src=\"https:\/\/www.gs-essenheim.de\/wp-content\/uploads\/2025\/05\/2025.05.23.-Schulfest-08-1024x755.jpg\" alt=\"\" class=\"wp-image-10729\" srcset=\"https:\/\/www.gs-essenheim.de\/wp-content\/uploads\/2025\/05\/2025.05.23.-Schulfest-08-1024x755.jpg 1024w, https:\/\/www.gs-essenheim.de\/wp-content\/uploads\/2025\/05\/2025.05.23.-Schulfest-08-300x221.jpg 300w, https:\/\/www.gs-essenheim.de\/wp-content\/uploads\/2025\/05\/2025.05.23.-Schulfest-08-768x566.jpg 768w, https:\/\/www.gs-essenheim.de\/wp-content\/uploads\/2025\/05\/2025.05.23.-Schulfest-08-1536x1133.jpg 1536w, https:\/\/www.gs-essenheim.de\/wp-content\/uploads\/2025\/05\/2025.05.23.-Schulfest-08-2048x1510.jpg 2048w, https:\/\/www.gs-essenheim.de\/wp-content\/uploads\/2025\/05\/2025.05.23.-Schulfest-08-407x300.jpg 407w\" sizes=\"auto, (max-width: 1024px) 100vw, 1024px\" \/><\/a><\/figure>\n\n\n\n<figure class=\"wp-block-image size-large\"><a href=\"https:\/\/www.gs-essenheim.de\/wp-content\/uploads\/2025\/05\/2025.05.23.-Schulfest-09.jpg\"><img loading=\"lazy\" decoding=\"async\" width=\"1024\" height=\"768\" data-id=\"10730\" src=\"https:\/\/www.gs-essenheim.de\/wp-content\/uploads\/2025\/05\/2025.05.23.-Schulfest-09-1024x768.jpg\" alt=\"\" class=\"wp-image-10730\" srcset=\"https:\/\/www.gs-essenheim.de\/wp-content\/uploads\/2025\/05\/2025.05.23.-Schulfest-09-1024x768.jpg 1024w, https:\/\/www.gs-essenheim.de\/wp-content\/uploads\/2025\/05\/2025.05.23.-Schulfest-09-300x225.jpg 300w, https:\/\/www.gs-essenheim.de\/wp-content\/uploads\/2025\/05\/2025.05.23.-Schulfest-09-768x576.jpg 768w, https:\/\/www.gs-essenheim.de\/wp-content\/uploads\/2025\/05\/2025.05.23.-Schulfest-09-1536x1152.jpg 1536w, https:\/\/www.gs-essenheim.de\/wp-content\/uploads\/2025\/05\/2025.05.23.-Schulfest-09-2048x1536.jpg 2048w, https:\/\/www.gs-essenheim.de\/wp-content\/uploads\/2025\/05\/2025.05.23.-Schulfest-09-400x300.jpg 400w\" sizes=\"auto, (max-width: 1024px) 100vw, 1024px\" \/><\/a><\/figure>\n\n\n\n<figure class=\"wp-block-image size-large\"><a href=\"https:\/\/www.gs-essenheim.de\/wp-content\/uploads\/2025\/05\/2025.05.23.-Schulfest-10.jpg\"><img loading=\"lazy\" decoding=\"async\" width=\"1024\" height=\"951\" data-id=\"10731\" src=\"https:\/\/www.gs-essenheim.de\/wp-content\/uploads\/2025\/05\/2025.05.23.-Schulfest-10-1024x951.jpg\" alt=\"\" class=\"wp-image-10731\" srcset=\"https:\/\/www.gs-essenheim.de\/wp-content\/uploads\/2025\/05\/2025.05.23.-Schulfest-10-1024x951.jpg 1024w, https:\/\/www.gs-essenheim.de\/wp-content\/uploads\/2025\/05\/2025.05.23.-Schulfest-10-300x278.jpg 300w, https:\/\/www.gs-essenheim.de\/wp-content\/uploads\/2025\/05\/2025.05.23.-Schulfest-10-768x713.jpg 768w, https:\/\/www.gs-essenheim.de\/wp-content\/uploads\/2025\/05\/2025.05.23.-Schulfest-10-1536x1426.jpg 1536w, https:\/\/www.gs-essenheim.de\/wp-content\/uploads\/2025\/05\/2025.05.23.-Schulfest-10-323x300.jpg 323w, https:\/\/www.gs-essenheim.de\/wp-content\/uploads\/2025\/05\/2025.05.23.-Schulfest-10.jpg 1854w\" sizes=\"auto, (max-width: 1024px) 100vw, 1024px\" \/><\/a><\/figure>\n\n\n\n<figure class=\"wp-block-image size-large\"><a href=\"https:\/\/www.gs-essenheim.de\/wp-content\/uploads\/2025\/05\/2025.05.23.-Schulfest-11.jpg\"><img loading=\"lazy\" decoding=\"async\" width=\"768\" height=\"1024\" data-id=\"10732\" src=\"https:\/\/www.gs-essenheim.de\/wp-content\/uploads\/2025\/05\/2025.05.23.-Schulfest-11-768x1024.jpg\" alt=\"\" class=\"wp-image-10732\" srcset=\"https:\/\/www.gs-essenheim.de\/wp-content\/uploads\/2025\/05\/2025.05.23.-Schulfest-11-768x1024.jpg 768w, https:\/\/www.gs-essenheim.de\/wp-content\/uploads\/2025\/05\/2025.05.23.-Schulfest-11-225x300.jpg 225w, https:\/\/www.gs-essenheim.de\/wp-content\/uploads\/2025\/05\/2025.05.23.-Schulfest-11-1152x1536.jpg 1152w, https:\/\/www.gs-essenheim.de\/wp-content\/uploads\/2025\/05\/2025.05.23.-Schulfest-11-1536x2048.jpg 1536w, https:\/\/www.gs-essenheim.de\/wp-content\/uploads\/2025\/05\/2025.05.23.-Schulfest-11.jpg 1920w\" sizes=\"auto, (max-width: 768px) 100vw, 768px\" \/><\/a><\/figure>\n\n\n\n<figure class=\"wp-block-image size-large\"><a href=\"https:\/\/www.gs-essenheim.de\/wp-content\/uploads\/2025\/05\/2025.05.23.-Schulfest-12.jpg\"><img loading=\"lazy\" decoding=\"async\" width=\"1024\" height=\"600\" data-id=\"10733\" src=\"https:\/\/www.gs-essenheim.de\/wp-content\/uploads\/2025\/05\/2025.05.23.-Schulfest-12-1024x600.jpg\" alt=\"\" class=\"wp-image-10733\" srcset=\"https:\/\/www.gs-essenheim.de\/wp-content\/uploads\/2025\/05\/2025.05.23.-Schulfest-12-1024x600.jpg 1024w, https:\/\/www.gs-essenheim.de\/wp-content\/uploads\/2025\/05\/2025.05.23.-Schulfest-12-300x176.jpg 300w, https:\/\/www.gs-essenheim.de\/wp-content\/uploads\/2025\/05\/2025.05.23.-Schulfest-12-768x450.jpg 768w, https:\/\/www.gs-essenheim.de\/wp-content\/uploads\/2025\/05\/2025.05.23.-Schulfest-12-1536x901.jpg 1536w, https:\/\/www.gs-essenheim.de\/wp-content\/uploads\/2025\/05\/2025.05.23.-Schulfest-12-2048x1201.jpg 2048w, https:\/\/www.gs-essenheim.de\/wp-content\/uploads\/2025\/05\/2025.05.23.-Schulfest-12-500x293.jpg 500w\" sizes=\"auto, (max-width: 1024px) 100vw, 1024px\" \/><\/a><\/figure>\n\n\n\n<figure class=\"wp-block-image size-large\"><a href=\"https:\/\/www.gs-essenheim.de\/wp-content\/uploads\/2025\/05\/2025.05.23.-Schulfest-13.jpg\"><img loading=\"lazy\" decoding=\"async\" width=\"1024\" height=\"768\" data-id=\"10734\" src=\"https:\/\/www.gs-essenheim.de\/wp-content\/uploads\/2025\/05\/2025.05.23.-Schulfest-13-1024x768.jpg\" alt=\"\" class=\"wp-image-10734\" srcset=\"https:\/\/www.gs-essenheim.de\/wp-content\/uploads\/2025\/05\/2025.05.23.-Schulfest-13-1024x768.jpg 1024w, https:\/\/www.gs-essenheim.de\/wp-content\/uploads\/2025\/05\/2025.05.23.-Schulfest-13-300x225.jpg 300w, https:\/\/www.gs-essenheim.de\/wp-content\/uploads\/2025\/05\/2025.05.23.-Schulfest-13-768x576.jpg 768w, https:\/\/www.gs-essenheim.de\/wp-content\/uploads\/2025\/05\/2025.05.23.-Schulfest-13-1536x1152.jpg 1536w, https:\/\/www.gs-essenheim.de\/wp-content\/uploads\/2025\/05\/2025.05.23.-Schulfest-13-2048x1536.jpg 2048w, https:\/\/www.gs-essenheim.de\/wp-content\/uploads\/2025\/05\/2025.05.23.-Schulfest-13-400x300.jpg 400w\" sizes=\"auto, (max-width: 1024px) 100vw, 1024px\" \/><\/a><\/figure>\n\n\n\n<figure class=\"wp-block-image size-large\"><a href=\"https:\/\/www.gs-essenheim.de\/wp-content\/uploads\/2025\/05\/2025.05.23.-Schulfest-14.jpg\"><img loading=\"lazy\" decoding=\"async\" width=\"1024\" height=\"744\" data-id=\"10735\" src=\"https:\/\/www.gs-essenheim.de\/wp-content\/uploads\/2025\/05\/2025.05.23.-Schulfest-14-1024x744.jpg\" alt=\"\" class=\"wp-image-10735\" srcset=\"https:\/\/www.gs-essenheim.de\/wp-content\/uploads\/2025\/05\/2025.05.23.-Schulfest-14-1024x744.jpg 1024w, https:\/\/www.gs-essenheim.de\/wp-content\/uploads\/2025\/05\/2025.05.23.-Schulfest-14-300x218.jpg 300w, https:\/\/www.gs-essenheim.de\/wp-content\/uploads\/2025\/05\/2025.05.23.-Schulfest-14-768x558.jpg 768w, https:\/\/www.gs-essenheim.de\/wp-content\/uploads\/2025\/05\/2025.05.23.-Schulfest-14-1536x1117.jpg 1536w, https:\/\/www.gs-essenheim.de\/wp-content\/uploads\/2025\/05\/2025.05.23.-Schulfest-14-413x300.jpg 413w, https:\/\/www.gs-essenheim.de\/wp-content\/uploads\/2025\/05\/2025.05.23.-Schulfest-14.jpg 2015w\" sizes=\"auto, (max-width: 1024px) 100vw, 1024px\" \/><\/a><\/figure>\n\n\n\n<figure class=\"wp-block-image size-large\"><a href=\"https:\/\/www.gs-essenheim.de\/wp-content\/uploads\/2025\/05\/2025.05.23.-Schulfest-15.jpg\"><img loading=\"lazy\" decoding=\"async\" width=\"1024\" height=\"798\" data-id=\"10736\" src=\"https:\/\/www.gs-essenheim.de\/wp-content\/uploads\/2025\/05\/2025.05.23.-Schulfest-15-1024x798.jpg\" alt=\"\" class=\"wp-image-10736\" srcset=\"https:\/\/www.gs-essenheim.de\/wp-content\/uploads\/2025\/05\/2025.05.23.-Schulfest-15-1024x798.jpg 1024w, https:\/\/www.gs-essenheim.de\/wp-content\/uploads\/2025\/05\/2025.05.23.-Schulfest-15-300x234.jpg 300w, https:\/\/www.gs-essenheim.de\/wp-content\/uploads\/2025\/05\/2025.05.23.-Schulfest-15-768x598.jpg 768w, https:\/\/www.gs-essenheim.de\/wp-content\/uploads\/2025\/05\/2025.05.23.-Schulfest-15-1536x1196.jpg 1536w, https:\/\/www.gs-essenheim.de\/wp-content\/uploads\/2025\/05\/2025.05.23.-Schulfest-15-2048x1595.jpg 2048w, https:\/\/www.gs-essenheim.de\/wp-content\/uploads\/2025\/05\/2025.05.23.-Schulfest-15-385x300.jpg 385w\" sizes=\"auto, (max-width: 1024px) 100vw, 1024px\" \/><\/a><\/figure>\n\n\n\n<figure class=\"wp-block-image size-large\"><a href=\"https:\/\/www.gs-essenheim.de\/wp-content\/uploads\/2025\/05\/2025.05.23.-Schulfest-16.jpg\"><img loading=\"lazy\" decoding=\"async\" width=\"768\" height=\"1024\" data-id=\"10737\" src=\"https:\/\/www.gs-essenheim.de\/wp-content\/uploads\/2025\/05\/2025.05.23.-Schulfest-16-768x1024.jpg\" alt=\"\" class=\"wp-image-10737\" srcset=\"https:\/\/www.gs-essenheim.de\/wp-content\/uploads\/2025\/05\/2025.05.23.-Schulfest-16-768x1024.jpg 768w, https:\/\/www.gs-essenheim.de\/wp-content\/uploads\/2025\/05\/2025.05.23.-Schulfest-16-225x300.jpg 225w, https:\/\/www.gs-essenheim.de\/wp-content\/uploads\/2025\/05\/2025.05.23.-Schulfest-16-1152x1536.jpg 1152w, https:\/\/www.gs-essenheim.de\/wp-content\/uploads\/2025\/05\/2025.05.23.-Schulfest-16-1536x2048.jpg 1536w, https:\/\/www.gs-essenheim.de\/wp-content\/uploads\/2025\/05\/2025.05.23.-Schulfest-16.jpg 1920w\" sizes=\"auto, (max-width: 768px) 100vw, 768px\" \/><\/a><\/figure>\n\n\n\n<figure class=\"wp-block-image size-large\"><a href=\"https:\/\/www.gs-essenheim.de\/wp-content\/uploads\/2025\/05\/2025.05.23.-Schulfest-17.jpg\"><img loading=\"lazy\" decoding=\"async\" width=\"751\" height=\"1024\" data-id=\"10738\" src=\"https:\/\/www.gs-essenheim.de\/wp-content\/uploads\/2025\/05\/2025.05.23.-Schulfest-17-751x1024.jpg\" alt=\"\" class=\"wp-image-10738\" srcset=\"https:\/\/www.gs-essenheim.de\/wp-content\/uploads\/2025\/05\/2025.05.23.-Schulfest-17-751x1024.jpg 751w, https:\/\/www.gs-essenheim.de\/wp-content\/uploads\/2025\/05\/2025.05.23.-Schulfest-17-220x300.jpg 220w, https:\/\/www.gs-essenheim.de\/wp-content\/uploads\/2025\/05\/2025.05.23.-Schulfest-17-768x1047.jpg 768w, https:\/\/www.gs-essenheim.de\/wp-content\/uploads\/2025\/05\/2025.05.23.-Schulfest-17-1126x1536.jpg 1126w, https:\/\/www.gs-essenheim.de\/wp-content\/uploads\/2025\/05\/2025.05.23.-Schulfest-17-1502x2048.jpg 1502w, https:\/\/www.gs-essenheim.de\/wp-content\/uploads\/2025\/05\/2025.05.23.-Schulfest-17.jpg 1550w\" sizes=\"auto, (max-width: 751px) 100vw, 751px\" \/><\/a><\/figure>\n<\/figure>\n\n\n\n<p class=\"has-text-align-center has-white-color has-white-background-color has-text-color has-background has-link-color wp-elements-f86d463cdee94af59aa2b47f4fdf8c2b\">Absatz<\/p>\n\n\n\n<h2 class=\"wp-block-heading has-text-align-center\">Waldjugendspiele der 3. Klassen im Ober-Olmer-Wald (13. Mai 2025)<\/h2>\n\n\n\n<figure class=\"wp-block-image size-large\"><a href=\"https:\/\/www.gs-essenheim.de\/wp-content\/uploads\/2025\/06\/2025.05.13.-Waldjugendspiele-Klassen-3b-scaled.jpg\"><img loading=\"lazy\" decoding=\"async\" width=\"1024\" height=\"683\" src=\"https:\/\/www.gs-essenheim.de\/wp-content\/uploads\/2025\/06\/2025.05.13.-Waldjugendspiele-Klassen-3b-1024x683.jpg\" alt=\"\" class=\"wp-image-10760\" srcset=\"https:\/\/www.gs-essenheim.de\/wp-content\/uploads\/2025\/06\/2025.05.13.-Waldjugendspiele-Klassen-3b-1024x683.jpg 1024w, https:\/\/www.gs-essenheim.de\/wp-content\/uploads\/2025\/06\/2025.05.13.-Waldjugendspiele-Klassen-3b-300x200.jpg 300w, https:\/\/www.gs-essenheim.de\/wp-content\/uploads\/2025\/06\/2025.05.13.-Waldjugendspiele-Klassen-3b-768x513.jpg 768w, https:\/\/www.gs-essenheim.de\/wp-content\/uploads\/2025\/06\/2025.05.13.-Waldjugendspiele-Klassen-3b-1536x1025.jpg 1536w, https:\/\/www.gs-essenheim.de\/wp-content\/uploads\/2025\/06\/2025.05.13.-Waldjugendspiele-Klassen-3b-2048x1367.jpg 2048w, https:\/\/www.gs-essenheim.de\/wp-content\/uploads\/2025\/06\/2025.05.13.-Waldjugendspiele-Klassen-3b-449x300.jpg 449w\" sizes=\"auto, (max-width: 1024px) 100vw, 1024px\" \/><\/a><\/figure>\n\n\n\n<p class=\"has-text-align-center has-white-color has-white-background-color has-text-color has-background has-link-color wp-elements-f86d463cdee94af59aa2b47f4fdf8c2b\">Absatz<\/p>\n\n\n\n<h2 class=\"wp-block-heading has-text-align-center\">Dreck-weg-Tag der Gemeinde Essenheim (5. April 2025)<\/h2>\n\n\n\n<figure class=\"wp-block-gallery has-nested-images columns-default is-cropped wp-block-gallery-10 is-layout-flex wp-block-gallery-is-layout-flex\">\n<figure class=\"wp-block-image size-large\"><a href=\"https:\/\/www.gs-essenheim.de\/wp-content\/uploads\/2025\/04\/2025.04.05.-Dreck-weg-Tag-in-Essenheim-01-scaled.jpg\"><img loading=\"lazy\" decoding=\"async\" width=\"1024\" height=\"768\" data-id=\"10676\" src=\"https:\/\/www.gs-essenheim.de\/wp-content\/uploads\/2025\/04\/2025.04.05.-Dreck-weg-Tag-in-Essenheim-01-1024x768.jpg\" alt=\"\" class=\"wp-image-10676\" srcset=\"https:\/\/www.gs-essenheim.de\/wp-content\/uploads\/2025\/04\/2025.04.05.-Dreck-weg-Tag-in-Essenheim-01-1024x768.jpg 1024w, https:\/\/www.gs-essenheim.de\/wp-content\/uploads\/2025\/04\/2025.04.05.-Dreck-weg-Tag-in-Essenheim-01-300x225.jpg 300w, https:\/\/www.gs-essenheim.de\/wp-content\/uploads\/2025\/04\/2025.04.05.-Dreck-weg-Tag-in-Essenheim-01-768x576.jpg 768w, https:\/\/www.gs-essenheim.de\/wp-content\/uploads\/2025\/04\/2025.04.05.-Dreck-weg-Tag-in-Essenheim-01-1536x1152.jpg 1536w, https:\/\/www.gs-essenheim.de\/wp-content\/uploads\/2025\/04\/2025.04.05.-Dreck-weg-Tag-in-Essenheim-01-2048x1536.jpg 2048w, https:\/\/www.gs-essenheim.de\/wp-content\/uploads\/2025\/04\/2025.04.05.-Dreck-weg-Tag-in-Essenheim-01-400x300.jpg 400w\" sizes=\"auto, (max-width: 1024px) 100vw, 1024px\" \/><\/a><\/figure>\n\n\n\n<figure class=\"wp-block-image size-large\"><a href=\"https:\/\/www.gs-essenheim.de\/wp-content\/uploads\/2025\/04\/2025.04.05.-Dreck-weg-Tag-in-Essenheim-02-scaled.jpg\"><img loading=\"lazy\" decoding=\"async\" width=\"768\" height=\"1024\" data-id=\"10677\" src=\"https:\/\/www.gs-essenheim.de\/wp-content\/uploads\/2025\/04\/2025.04.05.-Dreck-weg-Tag-in-Essenheim-02-768x1024.jpg\" alt=\"\" class=\"wp-image-10677\" srcset=\"https:\/\/www.gs-essenheim.de\/wp-content\/uploads\/2025\/04\/2025.04.05.-Dreck-weg-Tag-in-Essenheim-02-768x1024.jpg 768w, https:\/\/www.gs-essenheim.de\/wp-content\/uploads\/2025\/04\/2025.04.05.-Dreck-weg-Tag-in-Essenheim-02-225x300.jpg 225w, https:\/\/www.gs-essenheim.de\/wp-content\/uploads\/2025\/04\/2025.04.05.-Dreck-weg-Tag-in-Essenheim-02-1152x1536.jpg 1152w, https:\/\/www.gs-essenheim.de\/wp-content\/uploads\/2025\/04\/2025.04.05.-Dreck-weg-Tag-in-Essenheim-02-1536x2048.jpg 1536w, https:\/\/www.gs-essenheim.de\/wp-content\/uploads\/2025\/04\/2025.04.05.-Dreck-weg-Tag-in-Essenheim-02-scaled.jpg 1920w\" sizes=\"auto, (max-width: 768px) 100vw, 768px\" \/><\/a><\/figure>\n\n\n\n<figure class=\"wp-block-image size-large\"><a href=\"https:\/\/www.gs-essenheim.de\/wp-content\/uploads\/2025\/04\/2025.04.05.-Dreck-weg-Tag-in-Essenheim-03.jpg\"><img loading=\"lazy\" decoding=\"async\" width=\"768\" height=\"1024\" data-id=\"10678\" src=\"https:\/\/www.gs-essenheim.de\/wp-content\/uploads\/2025\/04\/2025.04.05.-Dreck-weg-Tag-in-Essenheim-03-768x1024.jpg\" alt=\"\" class=\"wp-image-10678\" srcset=\"https:\/\/www.gs-essenheim.de\/wp-content\/uploads\/2025\/04\/2025.04.05.-Dreck-weg-Tag-in-Essenheim-03-768x1023.jpg 768w, https:\/\/www.gs-essenheim.de\/wp-content\/uploads\/2025\/04\/2025.04.05.-Dreck-weg-Tag-in-Essenheim-03-225x300.jpg 225w, https:\/\/www.gs-essenheim.de\/wp-content\/uploads\/2025\/04\/2025.04.05.-Dreck-weg-Tag-in-Essenheim-03-1153x1536.jpg 1153w, https:\/\/www.gs-essenheim.de\/wp-content\/uploads\/2025\/04\/2025.04.05.-Dreck-weg-Tag-in-Essenheim-03-1537x2048.jpg 1537w, https:\/\/www.gs-essenheim.de\/wp-content\/uploads\/2025\/04\/2025.04.05.-Dreck-weg-Tag-in-Essenheim-03.jpg 1576w\" sizes=\"auto, (max-width: 768px) 100vw, 768px\" \/><\/a><\/figure>\n<\/figure>\n\n\n\n<p class=\"has-text-align-center has-white-color has-white-background-color has-text-color has-background has-link-color wp-elements-f86d463cdee94af59aa2b47f4fdf8c2b\">Absatz<\/p>\n\n\n\n<h2 class=\"wp-block-heading has-text-align-center\">2. Patentag der Wackelz\u00e4hne mit den 2. Klassen (2. April 2025)<br>Ausflug in den Frankfurter Zoo<\/h2>\n\n\n\n<figure class=\"wp-block-gallery has-nested-images columns-2 is-cropped wp-block-gallery-11 is-layout-flex wp-block-gallery-is-layout-flex\">\n<figure class=\"wp-block-image size-large is-style-default\"><a href=\"https:\/\/www.gs-essenheim.de\/wp-content\/uploads\/2025\/04\/2025.04.02.-2.-Patentag-01-scaled.jpg\"><img loading=\"lazy\" decoding=\"async\" width=\"1024\" height=\"768\" data-id=\"10662\" src=\"https:\/\/www.gs-essenheim.de\/wp-content\/uploads\/2025\/04\/2025.04.02.-2.-Patentag-01-1024x768.jpg\" alt=\"\" class=\"wp-image-10662\" srcset=\"https:\/\/www.gs-essenheim.de\/wp-content\/uploads\/2025\/04\/2025.04.02.-2.-Patentag-01-1024x768.jpg 1024w, https:\/\/www.gs-essenheim.de\/wp-content\/uploads\/2025\/04\/2025.04.02.-2.-Patentag-01-300x225.jpg 300w, https:\/\/www.gs-essenheim.de\/wp-content\/uploads\/2025\/04\/2025.04.02.-2.-Patentag-01-768x576.jpg 768w, https:\/\/www.gs-essenheim.de\/wp-content\/uploads\/2025\/04\/2025.04.02.-2.-Patentag-01-1536x1152.jpg 1536w, https:\/\/www.gs-essenheim.de\/wp-content\/uploads\/2025\/04\/2025.04.02.-2.-Patentag-01-2048x1536.jpg 2048w, https:\/\/www.gs-essenheim.de\/wp-content\/uploads\/2025\/04\/2025.04.02.-2.-Patentag-01-400x300.jpg 400w\" sizes=\"auto, (max-width: 1024px) 100vw, 1024px\" \/><\/a><\/figure>\n\n\n\n<figure class=\"wp-block-image size-large\"><a href=\"https:\/\/www.gs-essenheim.de\/wp-content\/uploads\/2026\/04\/2025.04.02.-2.-Patentag-02-scaled.jpg\"><img loading=\"lazy\" decoding=\"async\" width=\"768\" height=\"1024\" data-id=\"11453\" src=\"https:\/\/www.gs-essenheim.de\/wp-content\/uploads\/2026\/04\/2025.04.02.-2.-Patentag-02-768x1024.jpg\" alt=\"\" class=\"wp-image-11453\" srcset=\"https:\/\/www.gs-essenheim.de\/wp-content\/uploads\/2026\/04\/2025.04.02.-2.-Patentag-02-768x1024.jpg 768w, https:\/\/www.gs-essenheim.de\/wp-content\/uploads\/2026\/04\/2025.04.02.-2.-Patentag-02-225x300.jpg 225w, https:\/\/www.gs-essenheim.de\/wp-content\/uploads\/2026\/04\/2025.04.02.-2.-Patentag-02-1152x1536.jpg 1152w, https:\/\/www.gs-essenheim.de\/wp-content\/uploads\/2026\/04\/2025.04.02.-2.-Patentag-02-1536x2048.jpg 1536w, https:\/\/www.gs-essenheim.de\/wp-content\/uploads\/2026\/04\/2025.04.02.-2.-Patentag-02-scaled.jpg 1920w\" sizes=\"auto, (max-width: 768px) 100vw, 768px\" \/><\/a><\/figure>\n\n\n\n<figure class=\"wp-block-image size-large\"><a href=\"https:\/\/www.gs-essenheim.de\/wp-content\/uploads\/2025\/04\/2025.04.02.-2.-Patentag-03-scaled.jpg\"><img loading=\"lazy\" decoding=\"async\" width=\"1024\" height=\"1024\" data-id=\"10664\" src=\"https:\/\/www.gs-essenheim.de\/wp-content\/uploads\/2025\/04\/2025.04.02.-2.-Patentag-03-1024x1024.jpg\" alt=\"\" class=\"wp-image-10664\" srcset=\"https:\/\/www.gs-essenheim.de\/wp-content\/uploads\/2025\/04\/2025.04.02.-2.-Patentag-03-1024x1024.jpg 1024w, https:\/\/www.gs-essenheim.de\/wp-content\/uploads\/2025\/04\/2025.04.02.-2.-Patentag-03-300x300.jpg 300w, https:\/\/www.gs-essenheim.de\/wp-content\/uploads\/2025\/04\/2025.04.02.-2.-Patentag-03-150x150.jpg 150w, https:\/\/www.gs-essenheim.de\/wp-content\/uploads\/2025\/04\/2025.04.02.-2.-Patentag-03-768x768.jpg 768w, https:\/\/www.gs-essenheim.de\/wp-content\/uploads\/2025\/04\/2025.04.02.-2.-Patentag-03-1536x1536.jpg 1536w, https:\/\/www.gs-essenheim.de\/wp-content\/uploads\/2025\/04\/2025.04.02.-2.-Patentag-03-2048x2048.jpg 2048w\" sizes=\"auto, (max-width: 1024px) 100vw, 1024px\" \/><\/a><\/figure>\n<\/figure>\n\n\n\n<p class=\"has-text-align-center has-white-color has-white-background-color has-text-color has-background has-link-color wp-elements-f86d463cdee94af59aa2b47f4fdf8c2b\">Absatz<\/p>\n\n\n\n<h2 class=\"wp-block-heading has-text-align-center\">Handballturnier der 3. Klassen des TV Nieder-Olm (29. M\u00e4rz 2025)<\/h2>\n\n\n\n<figure class=\"wp-block-gallery has-nested-images columns-default is-cropped wp-block-gallery-12 is-layout-flex wp-block-gallery-is-layout-flex\">\n<figure class=\"wp-block-image size-large\"><a href=\"https:\/\/www.gs-essenheim.de\/wp-content\/uploads\/2025\/04\/2025.03.29-Hanballturnier-3.-Klassen-04.jpg\"><img loading=\"lazy\" decoding=\"async\" width=\"643\" height=\"1017\" data-id=\"10671\" src=\"https:\/\/www.gs-essenheim.de\/wp-content\/uploads\/2025\/04\/2025.03.29-Hanballturnier-3.-Klassen-04.jpg\" alt=\"\" class=\"wp-image-10671\" srcset=\"https:\/\/www.gs-essenheim.de\/wp-content\/uploads\/2025\/04\/2025.03.29-Hanballturnier-3.-Klassen-04.jpg 643w, https:\/\/www.gs-essenheim.de\/wp-content\/uploads\/2025\/04\/2025.03.29-Hanballturnier-3.-Klassen-04-190x300.jpg 190w\" sizes=\"auto, (max-width: 643px) 100vw, 643px\" \/><\/a><\/figure>\n\n\n\n<figure class=\"wp-block-image size-large\"><a href=\"https:\/\/www.gs-essenheim.de\/wp-content\/uploads\/2025\/04\/2025.03.29-Hanballturnier-3.-Klassen-03.jpg\"><img loading=\"lazy\" decoding=\"async\" width=\"1024\" height=\"768\" data-id=\"10670\" src=\"https:\/\/www.gs-essenheim.de\/wp-content\/uploads\/2025\/04\/2025.03.29-Hanballturnier-3.-Klassen-03-1024x768.jpg\" alt=\"\" class=\"wp-image-10670\" srcset=\"https:\/\/www.gs-essenheim.de\/wp-content\/uploads\/2025\/04\/2025.03.29-Hanballturnier-3.-Klassen-03-1024x768.jpg 1024w, https:\/\/www.gs-essenheim.de\/wp-content\/uploads\/2025\/04\/2025.03.29-Hanballturnier-3.-Klassen-03-300x225.jpg 300w, https:\/\/www.gs-essenheim.de\/wp-content\/uploads\/2025\/04\/2025.03.29-Hanballturnier-3.-Klassen-03-768x576.jpg 768w, https:\/\/www.gs-essenheim.de\/wp-content\/uploads\/2025\/04\/2025.03.29-Hanballturnier-3.-Klassen-03-1536x1152.jpg 1536w, https:\/\/www.gs-essenheim.de\/wp-content\/uploads\/2025\/04\/2025.03.29-Hanballturnier-3.-Klassen-03-400x300.jpg 400w, https:\/\/www.gs-essenheim.de\/wp-content\/uploads\/2025\/04\/2025.03.29-Hanballturnier-3.-Klassen-03.jpg 1600w\" sizes=\"auto, (max-width: 1024px) 100vw, 1024px\" \/><\/a><\/figure>\n\n\n\n<figure class=\"wp-block-image size-large\"><a href=\"https:\/\/www.gs-essenheim.de\/wp-content\/uploads\/2025\/04\/2025.03.29-Hanballturnier-3.-Klassen-02.jpg\"><img loading=\"lazy\" decoding=\"async\" width=\"984\" height=\"1024\" data-id=\"10669\" src=\"https:\/\/www.gs-essenheim.de\/wp-content\/uploads\/2025\/04\/2025.03.29-Hanballturnier-3.-Klassen-02-984x1024.jpg\" alt=\"\" class=\"wp-image-10669\" srcset=\"https:\/\/www.gs-essenheim.de\/wp-content\/uploads\/2025\/04\/2025.03.29-Hanballturnier-3.-Klassen-02-984x1024.jpg 984w, https:\/\/www.gs-essenheim.de\/wp-content\/uploads\/2025\/04\/2025.03.29-Hanballturnier-3.-Klassen-02-288x300.jpg 288w, https:\/\/www.gs-essenheim.de\/wp-content\/uploads\/2025\/04\/2025.03.29-Hanballturnier-3.-Klassen-02-768x799.jpg 768w, https:\/\/www.gs-essenheim.de\/wp-content\/uploads\/2025\/04\/2025.03.29-Hanballturnier-3.-Klassen-02.jpg 1085w\" sizes=\"auto, (max-width: 984px) 100vw, 984px\" \/><\/a><\/figure>\n\n\n\n<figure class=\"wp-block-image size-large\"><a href=\"https:\/\/www.gs-essenheim.de\/wp-content\/uploads\/2025\/04\/2025.03.29-Hanballturnier-3.-Klassen-05.jpg\"><img loading=\"lazy\" decoding=\"async\" width=\"998\" height=\"625\" data-id=\"10674\" src=\"https:\/\/www.gs-essenheim.de\/wp-content\/uploads\/2025\/04\/2025.03.29-Hanballturnier-3.-Klassen-05.jpg\" alt=\"\" class=\"wp-image-10674\" srcset=\"https:\/\/www.gs-essenheim.de\/wp-content\/uploads\/2025\/04\/2025.03.29-Hanballturnier-3.-Klassen-05.jpg 998w, https:\/\/www.gs-essenheim.de\/wp-content\/uploads\/2025\/04\/2025.03.29-Hanballturnier-3.-Klassen-05-300x188.jpg 300w, https:\/\/www.gs-essenheim.de\/wp-content\/uploads\/2025\/04\/2025.03.29-Hanballturnier-3.-Klassen-05-768x481.jpg 768w, https:\/\/www.gs-essenheim.de\/wp-content\/uploads\/2025\/04\/2025.03.29-Hanballturnier-3.-Klassen-05-479x300.jpg 479w\" sizes=\"auto, (max-width: 998px) 100vw, 998px\" \/><\/a><\/figure>\n<\/figure>\n\n\n\n<p class=\"has-text-align-center has-white-color has-white-background-color has-text-color has-background has-link-color wp-elements-f86d463cdee94af59aa2b47f4fdf8c2b\">Absatz<\/p>\n\n\n\n<h2 class=\"wp-block-heading has-text-align-center\">Siegerehrung Tischtennisturnier der 4. Klassen (6. M\u00e4rz 2025)<br>Vielen Dank der Spvgg Essenheim f\u00fcr die tolle Kooperation!<\/h2>\n\n\n\n<figure class=\"wp-block-image size-large\"><a href=\"https:\/\/www.gs-essenheim.de\/wp-content\/uploads\/2025\/03\/2025.03.06.-Sieggerehrung-Tischtennisturnier-4.-Klassen-Maedchen-scaled.jpg\"><img loading=\"lazy\" decoding=\"async\" width=\"1024\" height=\"646\" src=\"https:\/\/www.gs-essenheim.de\/wp-content\/uploads\/2025\/03\/2025.03.06.-Sieggerehrung-Tischtennisturnier-4.-Klassen-Maedchen-1024x646.jpg\" alt=\"\" class=\"wp-image-10595\" srcset=\"https:\/\/www.gs-essenheim.de\/wp-content\/uploads\/2025\/03\/2025.03.06.-Sieggerehrung-Tischtennisturnier-4.-Klassen-Maedchen-1024x646.jpg 1024w, https:\/\/www.gs-essenheim.de\/wp-content\/uploads\/2025\/03\/2025.03.06.-Sieggerehrung-Tischtennisturnier-4.-Klassen-Maedchen-300x189.jpg 300w, https:\/\/www.gs-essenheim.de\/wp-content\/uploads\/2025\/03\/2025.03.06.-Sieggerehrung-Tischtennisturnier-4.-Klassen-Maedchen-768x484.jpg 768w, https:\/\/www.gs-essenheim.de\/wp-content\/uploads\/2025\/03\/2025.03.06.-Sieggerehrung-Tischtennisturnier-4.-Klassen-Maedchen-1536x968.jpg 1536w, https:\/\/www.gs-essenheim.de\/wp-content\/uploads\/2025\/03\/2025.03.06.-Sieggerehrung-Tischtennisturnier-4.-Klassen-Maedchen-2048x1291.jpg 2048w, https:\/\/www.gs-essenheim.de\/wp-content\/uploads\/2025\/03\/2025.03.06.-Sieggerehrung-Tischtennisturnier-4.-Klassen-Maedchen-476x300.jpg 476w\" sizes=\"auto, (max-width: 1024px) 100vw, 1024px\" \/><\/a><\/figure>\n\n\n\n<figure class=\"wp-block-image size-large\"><a href=\"https:\/\/www.gs-essenheim.de\/wp-content\/uploads\/2025\/03\/2025.03.06.-Sieggerehrung-Tischtennisturnier-4.-Klassen-Jungen-scaled.jpg\"><img loading=\"lazy\" decoding=\"async\" width=\"1024\" height=\"646\" src=\"https:\/\/www.gs-essenheim.de\/wp-content\/uploads\/2025\/03\/2025.03.06.-Sieggerehrung-Tischtennisturnier-4.-Klassen-Jungen-1024x646.jpg\" alt=\"\" class=\"wp-image-10594\" srcset=\"https:\/\/www.gs-essenheim.de\/wp-content\/uploads\/2025\/03\/2025.03.06.-Sieggerehrung-Tischtennisturnier-4.-Klassen-Jungen-1024x646.jpg 1024w, https:\/\/www.gs-essenheim.de\/wp-content\/uploads\/2025\/03\/2025.03.06.-Sieggerehrung-Tischtennisturnier-4.-Klassen-Jungen-300x189.jpg 300w, https:\/\/www.gs-essenheim.de\/wp-content\/uploads\/2025\/03\/2025.03.06.-Sieggerehrung-Tischtennisturnier-4.-Klassen-Jungen-768x485.jpg 768w, https:\/\/www.gs-essenheim.de\/wp-content\/uploads\/2025\/03\/2025.03.06.-Sieggerehrung-Tischtennisturnier-4.-Klassen-Jungen-1536x969.jpg 1536w, https:\/\/www.gs-essenheim.de\/wp-content\/uploads\/2025\/03\/2025.03.06.-Sieggerehrung-Tischtennisturnier-4.-Klassen-Jungen-2048x1292.jpg 2048w, https:\/\/www.gs-essenheim.de\/wp-content\/uploads\/2025\/03\/2025.03.06.-Sieggerehrung-Tischtennisturnier-4.-Klassen-Jungen-476x300.jpg 476w\" sizes=\"auto, (max-width: 1024px) 100vw, 1024px\" \/><\/a><\/figure>\n\n\n\n<p class=\"has-text-align-center has-white-color has-white-background-color has-text-color has-background has-link-color wp-elements-f86d463cdee94af59aa2b47f4fdf8c2b\">Absatz<\/p>\n\n\n\n<h2 class=\"wp-block-heading has-text-align-center\">Jugendmaskenzug in Mainz (1. M\u00e4rz 2025)<\/h2>\n\n\n\n<figure class=\"wp-block-gallery has-nested-images columns-default is-cropped wp-block-gallery-13 is-layout-flex wp-block-gallery-is-layout-flex\">\n<figure class=\"wp-block-image size-large\"><a href=\"https:\/\/www.gs-essenheim.de\/wp-content\/uploads\/2025\/03\/2025.03.01.-Jugendmaskenzug-01-scaled.jpg\"><img loading=\"lazy\" decoding=\"async\" width=\"1024\" height=\"768\" data-id=\"10579\" src=\"https:\/\/www.gs-essenheim.de\/wp-content\/uploads\/2025\/03\/2025.03.01.-Jugendmaskenzug-01-1024x768.jpg\" alt=\"\" class=\"wp-image-10579\" srcset=\"https:\/\/www.gs-essenheim.de\/wp-content\/uploads\/2025\/03\/2025.03.01.-Jugendmaskenzug-01-1024x768.jpg 1024w, https:\/\/www.gs-essenheim.de\/wp-content\/uploads\/2025\/03\/2025.03.01.-Jugendmaskenzug-01-300x225.jpg 300w, https:\/\/www.gs-essenheim.de\/wp-content\/uploads\/2025\/03\/2025.03.01.-Jugendmaskenzug-01-768x576.jpg 768w, https:\/\/www.gs-essenheim.de\/wp-content\/uploads\/2025\/03\/2025.03.01.-Jugendmaskenzug-01-1536x1152.jpg 1536w, https:\/\/www.gs-essenheim.de\/wp-content\/uploads\/2025\/03\/2025.03.01.-Jugendmaskenzug-01-2048x1536.jpg 2048w, https:\/\/www.gs-essenheim.de\/wp-content\/uploads\/2025\/03\/2025.03.01.-Jugendmaskenzug-01-400x300.jpg 400w\" sizes=\"auto, (max-width: 1024px) 100vw, 1024px\" \/><\/a><\/figure>\n\n\n\n<figure class=\"wp-block-image size-large\"><a href=\"https:\/\/www.gs-essenheim.de\/wp-content\/uploads\/2025\/03\/2025.03.01.-Jugendmaskenzug-02-scaled.jpg\"><img loading=\"lazy\" decoding=\"async\" width=\"1024\" height=\"768\" data-id=\"10580\" src=\"https:\/\/www.gs-essenheim.de\/wp-content\/uploads\/2025\/03\/2025.03.01.-Jugendmaskenzug-02-1024x768.jpg\" alt=\"\" class=\"wp-image-10580\" srcset=\"https:\/\/www.gs-essenheim.de\/wp-content\/uploads\/2025\/03\/2025.03.01.-Jugendmaskenzug-02-1024x768.jpg 1024w, https:\/\/www.gs-essenheim.de\/wp-content\/uploads\/2025\/03\/2025.03.01.-Jugendmaskenzug-02-300x225.jpg 300w, https:\/\/www.gs-essenheim.de\/wp-content\/uploads\/2025\/03\/2025.03.01.-Jugendmaskenzug-02-768x576.jpg 768w, https:\/\/www.gs-essenheim.de\/wp-content\/uploads\/2025\/03\/2025.03.01.-Jugendmaskenzug-02-1536x1152.jpg 1536w, https:\/\/www.gs-essenheim.de\/wp-content\/uploads\/2025\/03\/2025.03.01.-Jugendmaskenzug-02-2048x1536.jpg 2048w, https:\/\/www.gs-essenheim.de\/wp-content\/uploads\/2025\/03\/2025.03.01.-Jugendmaskenzug-02-400x300.jpg 400w\" sizes=\"auto, (max-width: 1024px) 100vw, 1024px\" \/><\/a><\/figure>\n\n\n\n<figure class=\"wp-block-image size-large\"><a href=\"https:\/\/www.gs-essenheim.de\/wp-content\/uploads\/2025\/03\/2025.03.01.-Jugendmaskenzug-03-scaled.jpg\"><img loading=\"lazy\" decoding=\"async\" width=\"768\" height=\"1024\" data-id=\"10581\" src=\"https:\/\/www.gs-essenheim.de\/wp-content\/uploads\/2025\/03\/2025.03.01.-Jugendmaskenzug-03-768x1024.jpg\" alt=\"\" class=\"wp-image-10581\" srcset=\"https:\/\/www.gs-essenheim.de\/wp-content\/uploads\/2025\/03\/2025.03.01.-Jugendmaskenzug-03-768x1024.jpg 768w, https:\/\/www.gs-essenheim.de\/wp-content\/uploads\/2025\/03\/2025.03.01.-Jugendmaskenzug-03-225x300.jpg 225w, https:\/\/www.gs-essenheim.de\/wp-content\/uploads\/2025\/03\/2025.03.01.-Jugendmaskenzug-03-1152x1536.jpg 1152w, https:\/\/www.gs-essenheim.de\/wp-content\/uploads\/2025\/03\/2025.03.01.-Jugendmaskenzug-03-1536x2048.jpg 1536w, https:\/\/www.gs-essenheim.de\/wp-content\/uploads\/2025\/03\/2025.03.01.-Jugendmaskenzug-03-scaled.jpg 1920w\" sizes=\"auto, (max-width: 768px) 100vw, 768px\" \/><\/a><\/figure>\n\n\n\n<figure class=\"wp-block-image size-large\"><a href=\"https:\/\/www.gs-essenheim.de\/wp-content\/uploads\/2025\/03\/2025.03.01.-Jugendmaskenzug-04.jpg\"><img loading=\"lazy\" decoding=\"async\" width=\"768\" height=\"1024\" data-id=\"10582\" src=\"https:\/\/www.gs-essenheim.de\/wp-content\/uploads\/2025\/03\/2025.03.01.-Jugendmaskenzug-04-768x1024.jpg\" alt=\"\" class=\"wp-image-10582\" srcset=\"https:\/\/www.gs-essenheim.de\/wp-content\/uploads\/2025\/03\/2025.03.01.-Jugendmaskenzug-04-768x1024.jpg 768w, https:\/\/www.gs-essenheim.de\/wp-content\/uploads\/2025\/03\/2025.03.01.-Jugendmaskenzug-04-225x300.jpg 225w, https:\/\/www.gs-essenheim.de\/wp-content\/uploads\/2025\/03\/2025.03.01.-Jugendmaskenzug-04-1152x1536.jpg 1152w, https:\/\/www.gs-essenheim.de\/wp-content\/uploads\/2025\/03\/2025.03.01.-Jugendmaskenzug-04.jpg 1536w\" sizes=\"auto, (max-width: 768px) 100vw, 768px\" \/><\/a><\/figure>\n\n\n\n<figure class=\"wp-block-image size-large\"><a href=\"https:\/\/www.gs-essenheim.de\/wp-content\/uploads\/2025\/03\/2025.03.01.-Jugendmaskenzug-05-scaled.jpg\"><img loading=\"lazy\" decoding=\"async\" width=\"1024\" height=\"768\" data-id=\"10583\" src=\"https:\/\/www.gs-essenheim.de\/wp-content\/uploads\/2025\/03\/2025.03.01.-Jugendmaskenzug-05-1024x768.jpg\" alt=\"\" class=\"wp-image-10583\" srcset=\"https:\/\/www.gs-essenheim.de\/wp-content\/uploads\/2025\/03\/2025.03.01.-Jugendmaskenzug-05-1024x768.jpg 1024w, https:\/\/www.gs-essenheim.de\/wp-content\/uploads\/2025\/03\/2025.03.01.-Jugendmaskenzug-05-300x225.jpg 300w, https:\/\/www.gs-essenheim.de\/wp-content\/uploads\/2025\/03\/2025.03.01.-Jugendmaskenzug-05-768x576.jpg 768w, https:\/\/www.gs-essenheim.de\/wp-content\/uploads\/2025\/03\/2025.03.01.-Jugendmaskenzug-05-1536x1152.jpg 1536w, https:\/\/www.gs-essenheim.de\/wp-content\/uploads\/2025\/03\/2025.03.01.-Jugendmaskenzug-05-2048x1536.jpg 2048w, https:\/\/www.gs-essenheim.de\/wp-content\/uploads\/2025\/03\/2025.03.01.-Jugendmaskenzug-05-400x300.jpg 400w\" sizes=\"auto, (max-width: 1024px) 100vw, 1024px\" \/><\/a><\/figure>\n\n\n\n<figure class=\"wp-block-image size-large\"><a href=\"https:\/\/www.gs-essenheim.de\/wp-content\/uploads\/2025\/03\/2025.03.01.-Jugendmaskenzug-06-scaled.jpg\"><img loading=\"lazy\" decoding=\"async\" width=\"1024\" height=\"768\" data-id=\"10584\" src=\"https:\/\/www.gs-essenheim.de\/wp-content\/uploads\/2025\/03\/2025.03.01.-Jugendmaskenzug-06-1024x768.jpg\" alt=\"\" class=\"wp-image-10584\" srcset=\"https:\/\/www.gs-essenheim.de\/wp-content\/uploads\/2025\/03\/2025.03.01.-Jugendmaskenzug-06-1024x768.jpg 1024w, https:\/\/www.gs-essenheim.de\/wp-content\/uploads\/2025\/03\/2025.03.01.-Jugendmaskenzug-06-300x225.jpg 300w, https:\/\/www.gs-essenheim.de\/wp-content\/uploads\/2025\/03\/2025.03.01.-Jugendmaskenzug-06-768x576.jpg 768w, https:\/\/www.gs-essenheim.de\/wp-content\/uploads\/2025\/03\/2025.03.01.-Jugendmaskenzug-06-1536x1152.jpg 1536w, https:\/\/www.gs-essenheim.de\/wp-content\/uploads\/2025\/03\/2025.03.01.-Jugendmaskenzug-06-2048x1536.jpg 2048w, https:\/\/www.gs-essenheim.de\/wp-content\/uploads\/2025\/03\/2025.03.01.-Jugendmaskenzug-06-400x300.jpg 400w\" sizes=\"auto, (max-width: 1024px) 100vw, 1024px\" \/><\/a><\/figure>\n\n\n\n<figure class=\"wp-block-image size-large\"><a href=\"https:\/\/www.gs-essenheim.de\/wp-content\/uploads\/2025\/03\/2025.03.01.-Jugendmaskenzug-07-scaled.jpg\"><img loading=\"lazy\" decoding=\"async\" width=\"1024\" height=\"768\" data-id=\"10585\" src=\"https:\/\/www.gs-essenheim.de\/wp-content\/uploads\/2025\/03\/2025.03.01.-Jugendmaskenzug-07-1024x768.jpg\" alt=\"\" class=\"wp-image-10585\" srcset=\"https:\/\/www.gs-essenheim.de\/wp-content\/uploads\/2025\/03\/2025.03.01.-Jugendmaskenzug-07-1024x768.jpg 1024w, https:\/\/www.gs-essenheim.de\/wp-content\/uploads\/2025\/03\/2025.03.01.-Jugendmaskenzug-07-300x225.jpg 300w, https:\/\/www.gs-essenheim.de\/wp-content\/uploads\/2025\/03\/2025.03.01.-Jugendmaskenzug-07-768x576.jpg 768w, https:\/\/www.gs-essenheim.de\/wp-content\/uploads\/2025\/03\/2025.03.01.-Jugendmaskenzug-07-1536x1152.jpg 1536w, https:\/\/www.gs-essenheim.de\/wp-content\/uploads\/2025\/03\/2025.03.01.-Jugendmaskenzug-07-2048x1536.jpg 2048w, https:\/\/www.gs-essenheim.de\/wp-content\/uploads\/2025\/03\/2025.03.01.-Jugendmaskenzug-07-400x300.jpg 400w\" sizes=\"auto, (max-width: 1024px) 100vw, 1024px\" \/><\/a><\/figure>\n\n\n\n<figure class=\"wp-block-image size-large\"><a href=\"https:\/\/www.gs-essenheim.de\/wp-content\/uploads\/2025\/03\/2025.03.01.-Jugendmaskenzug-08.jpg\"><img loading=\"lazy\" decoding=\"async\" width=\"576\" height=\"1024\" data-id=\"10586\" src=\"https:\/\/www.gs-essenheim.de\/wp-content\/uploads\/2025\/03\/2025.03.01.-Jugendmaskenzug-08-576x1024.jpg\" alt=\"\" class=\"wp-image-10586\" srcset=\"https:\/\/www.gs-essenheim.de\/wp-content\/uploads\/2025\/03\/2025.03.01.-Jugendmaskenzug-08-576x1024.jpg 576w, https:\/\/www.gs-essenheim.de\/wp-content\/uploads\/2025\/03\/2025.03.01.-Jugendmaskenzug-08-169x300.jpg 169w, https:\/\/www.gs-essenheim.de\/wp-content\/uploads\/2025\/03\/2025.03.01.-Jugendmaskenzug-08-768x1367.jpg 768w, https:\/\/www.gs-essenheim.de\/wp-content\/uploads\/2025\/03\/2025.03.01.-Jugendmaskenzug-08-863x1536.jpg 863w, https:\/\/www.gs-essenheim.de\/wp-content\/uploads\/2025\/03\/2025.03.01.-Jugendmaskenzug-08.jpg 1151w\" sizes=\"auto, (max-width: 576px) 100vw, 576px\" \/><\/a><\/figure>\n\n\n\n<figure class=\"wp-block-image size-large\"><a href=\"https:\/\/www.gs-essenheim.de\/wp-content\/uploads\/2025\/03\/2025.03.01.-Jugendmaskenzug-09.jpg\"><img loading=\"lazy\" decoding=\"async\" width=\"1024\" height=\"768\" data-id=\"10587\" src=\"https:\/\/www.gs-essenheim.de\/wp-content\/uploads\/2025\/03\/2025.03.01.-Jugendmaskenzug-09-1024x768.jpg\" alt=\"\" class=\"wp-image-10587\" srcset=\"https:\/\/www.gs-essenheim.de\/wp-content\/uploads\/2025\/03\/2025.03.01.-Jugendmaskenzug-09-1024x768.jpg 1024w, https:\/\/www.gs-essenheim.de\/wp-content\/uploads\/2025\/03\/2025.03.01.-Jugendmaskenzug-09-300x225.jpg 300w, https:\/\/www.gs-essenheim.de\/wp-content\/uploads\/2025\/03\/2025.03.01.-Jugendmaskenzug-09-768x576.jpg 768w, https:\/\/www.gs-essenheim.de\/wp-content\/uploads\/2025\/03\/2025.03.01.-Jugendmaskenzug-09-1536x1152.jpg 1536w, https:\/\/www.gs-essenheim.de\/wp-content\/uploads\/2025\/03\/2025.03.01.-Jugendmaskenzug-09-400x300.jpg 400w, https:\/\/www.gs-essenheim.de\/wp-content\/uploads\/2025\/03\/2025.03.01.-Jugendmaskenzug-09.jpg 1600w\" sizes=\"auto, (max-width: 1024px) 100vw, 1024px\" \/><\/a><\/figure>\n<\/figure>\n\n\n\n<p class=\"has-text-align-center has-white-color has-white-background-color has-text-color has-background has-link-color wp-elements-f86d463cdee94af59aa2b47f4fdf8c2b\">Absatz<\/p>\n\n\n\n<h2 class=\"wp-block-heading has-text-align-center\">Fastnacht in unserer Grundschule (28. Februar 2025)<\/h2>\n\n\n\n<figure class=\"wp-block-gallery has-nested-images columns-default is-cropped wp-block-gallery-14 is-layout-flex wp-block-gallery-is-layout-flex\">\n<figure class=\"wp-block-image size-large\"><a href=\"https:\/\/www.gs-essenheim.de\/wp-content\/uploads\/2025\/03\/2025.02.28.-Fastnacht-in-der-GS-01-scaled.jpg\"><img loading=\"lazy\" decoding=\"async\" width=\"1024\" height=\"768\" data-id=\"10598\" src=\"https:\/\/www.gs-essenheim.de\/wp-content\/uploads\/2025\/03\/2025.02.28.-Fastnacht-in-der-GS-01-1024x768.jpg\" alt=\"\" class=\"wp-image-10598\" srcset=\"https:\/\/www.gs-essenheim.de\/wp-content\/uploads\/2025\/03\/2025.02.28.-Fastnacht-in-der-GS-01-1024x768.jpg 1024w, https:\/\/www.gs-essenheim.de\/wp-content\/uploads\/2025\/03\/2025.02.28.-Fastnacht-in-der-GS-01-300x225.jpg 300w, https:\/\/www.gs-essenheim.de\/wp-content\/uploads\/2025\/03\/2025.02.28.-Fastnacht-in-der-GS-01-768x576.jpg 768w, https:\/\/www.gs-essenheim.de\/wp-content\/uploads\/2025\/03\/2025.02.28.-Fastnacht-in-der-GS-01-1536x1152.jpg 1536w, https:\/\/www.gs-essenheim.de\/wp-content\/uploads\/2025\/03\/2025.02.28.-Fastnacht-in-der-GS-01-2048x1536.jpg 2048w, https:\/\/www.gs-essenheim.de\/wp-content\/uploads\/2025\/03\/2025.02.28.-Fastnacht-in-der-GS-01-400x300.jpg 400w\" sizes=\"auto, (max-width: 1024px) 100vw, 1024px\" \/><\/a><\/figure>\n\n\n\n<figure class=\"wp-block-image size-large\"><a href=\"https:\/\/www.gs-essenheim.de\/wp-content\/uploads\/2025\/03\/2025.02.28.-Fastnacht-in-der-GS-02-scaled.jpg\"><img loading=\"lazy\" decoding=\"async\" width=\"768\" height=\"1024\" data-id=\"10599\" src=\"https:\/\/www.gs-essenheim.de\/wp-content\/uploads\/2025\/03\/2025.02.28.-Fastnacht-in-der-GS-02-768x1024.jpg\" alt=\"\" class=\"wp-image-10599\" srcset=\"https:\/\/www.gs-essenheim.de\/wp-content\/uploads\/2025\/03\/2025.02.28.-Fastnacht-in-der-GS-02-768x1024.jpg 768w, https:\/\/www.gs-essenheim.de\/wp-content\/uploads\/2025\/03\/2025.02.28.-Fastnacht-in-der-GS-02-225x300.jpg 225w, https:\/\/www.gs-essenheim.de\/wp-content\/uploads\/2025\/03\/2025.02.28.-Fastnacht-in-der-GS-02-1152x1536.jpg 1152w, https:\/\/www.gs-essenheim.de\/wp-content\/uploads\/2025\/03\/2025.02.28.-Fastnacht-in-der-GS-02-1536x2048.jpg 1536w, https:\/\/www.gs-essenheim.de\/wp-content\/uploads\/2025\/03\/2025.02.28.-Fastnacht-in-der-GS-02-scaled.jpg 1920w\" sizes=\"auto, (max-width: 768px) 100vw, 768px\" \/><\/a><\/figure>\n\n\n\n<figure class=\"wp-block-image size-large\"><a href=\"https:\/\/www.gs-essenheim.de\/wp-content\/uploads\/2025\/03\/2025.02.28.-Fastnacht-in-der-GS-03-scaled.jpg\"><img loading=\"lazy\" decoding=\"async\" width=\"1024\" height=\"694\" data-id=\"10600\" src=\"https:\/\/www.gs-essenheim.de\/wp-content\/uploads\/2025\/03\/2025.02.28.-Fastnacht-in-der-GS-03-1024x694.jpg\" alt=\"\" class=\"wp-image-10600\" srcset=\"https:\/\/www.gs-essenheim.de\/wp-content\/uploads\/2025\/03\/2025.02.28.-Fastnacht-in-der-GS-03-1024x694.jpg 1024w, https:\/\/www.gs-essenheim.de\/wp-content\/uploads\/2025\/03\/2025.02.28.-Fastnacht-in-der-GS-03-300x203.jpg 300w, https:\/\/www.gs-essenheim.de\/wp-content\/uploads\/2025\/03\/2025.02.28.-Fastnacht-in-der-GS-03-768x521.jpg 768w, https:\/\/www.gs-essenheim.de\/wp-content\/uploads\/2025\/03\/2025.02.28.-Fastnacht-in-der-GS-03-1536x1041.jpg 1536w, https:\/\/www.gs-essenheim.de\/wp-content\/uploads\/2025\/03\/2025.02.28.-Fastnacht-in-der-GS-03-2048x1388.jpg 2048w, https:\/\/www.gs-essenheim.de\/wp-content\/uploads\/2025\/03\/2025.02.28.-Fastnacht-in-der-GS-03-443x300.jpg 443w\" sizes=\"auto, (max-width: 1024px) 100vw, 1024px\" \/><\/a><\/figure>\n\n\n\n<figure class=\"wp-block-image size-large\"><a href=\"https:\/\/www.gs-essenheim.de\/wp-content\/uploads\/2025\/03\/2025.02.28.-Fastnacht-in-der-GS-04-scaled.jpg\"><img loading=\"lazy\" decoding=\"async\" width=\"1024\" height=\"688\" data-id=\"10601\" src=\"https:\/\/www.gs-essenheim.de\/wp-content\/uploads\/2025\/03\/2025.02.28.-Fastnacht-in-der-GS-04-1024x688.jpg\" alt=\"\" class=\"wp-image-10601\" srcset=\"https:\/\/www.gs-essenheim.de\/wp-content\/uploads\/2025\/03\/2025.02.28.-Fastnacht-in-der-GS-04-1024x688.jpg 1024w, https:\/\/www.gs-essenheim.de\/wp-content\/uploads\/2025\/03\/2025.02.28.-Fastnacht-in-der-GS-04-300x202.jpg 300w, https:\/\/www.gs-essenheim.de\/wp-content\/uploads\/2025\/03\/2025.02.28.-Fastnacht-in-der-GS-04-768x516.jpg 768w, https:\/\/www.gs-essenheim.de\/wp-content\/uploads\/2025\/03\/2025.02.28.-Fastnacht-in-der-GS-04-1536x1033.jpg 1536w, https:\/\/www.gs-essenheim.de\/wp-content\/uploads\/2025\/03\/2025.02.28.-Fastnacht-in-der-GS-04-2048x1377.jpg 2048w, https:\/\/www.gs-essenheim.de\/wp-content\/uploads\/2025\/03\/2025.02.28.-Fastnacht-in-der-GS-04-446x300.jpg 446w\" sizes=\"auto, (max-width: 1024px) 100vw, 1024px\" \/><\/a><\/figure>\n\n\n\n<figure class=\"wp-block-image size-large\"><a href=\"https:\/\/www.gs-essenheim.de\/wp-content\/uploads\/2025\/03\/2025.02.28.-Fastnacht-in-der-GS-05-scaled.jpg\"><img loading=\"lazy\" decoding=\"async\" width=\"1024\" height=\"768\" data-id=\"10602\" src=\"https:\/\/www.gs-essenheim.de\/wp-content\/uploads\/2025\/03\/2025.02.28.-Fastnacht-in-der-GS-05-1024x768.jpg\" alt=\"\" class=\"wp-image-10602\" srcset=\"https:\/\/www.gs-essenheim.de\/wp-content\/uploads\/2025\/03\/2025.02.28.-Fastnacht-in-der-GS-05-1024x768.jpg 1024w, https:\/\/www.gs-essenheim.de\/wp-content\/uploads\/2025\/03\/2025.02.28.-Fastnacht-in-der-GS-05-300x225.jpg 300w, https:\/\/www.gs-essenheim.de\/wp-content\/uploads\/2025\/03\/2025.02.28.-Fastnacht-in-der-GS-05-768x576.jpg 768w, https:\/\/www.gs-essenheim.de\/wp-content\/uploads\/2025\/03\/2025.02.28.-Fastnacht-in-der-GS-05-1536x1152.jpg 1536w, https:\/\/www.gs-essenheim.de\/wp-content\/uploads\/2025\/03\/2025.02.28.-Fastnacht-in-der-GS-05-2048x1536.jpg 2048w, https:\/\/www.gs-essenheim.de\/wp-content\/uploads\/2025\/03\/2025.02.28.-Fastnacht-in-der-GS-05-400x300.jpg 400w\" sizes=\"auto, (max-width: 1024px) 100vw, 1024px\" \/><\/a><\/figure>\n\n\n\n<figure class=\"wp-block-image size-large\"><a href=\"https:\/\/www.gs-essenheim.de\/wp-content\/uploads\/2026\/04\/2025.02.28.-Fastnacht-in-der-GS-06-scaled.jpg\"><img loading=\"lazy\" decoding=\"async\" width=\"1024\" height=\"768\" data-id=\"11452\" src=\"https:\/\/www.gs-essenheim.de\/wp-content\/uploads\/2026\/04\/2025.02.28.-Fastnacht-in-der-GS-06-1024x768.jpg\" alt=\"\" class=\"wp-image-11452\" srcset=\"https:\/\/www.gs-essenheim.de\/wp-content\/uploads\/2026\/04\/2025.02.28.-Fastnacht-in-der-GS-06-1024x768.jpg 1024w, https:\/\/www.gs-essenheim.de\/wp-content\/uploads\/2026\/04\/2025.02.28.-Fastnacht-in-der-GS-06-300x225.jpg 300w, https:\/\/www.gs-essenheim.de\/wp-content\/uploads\/2026\/04\/2025.02.28.-Fastnacht-in-der-GS-06-768x576.jpg 768w, https:\/\/www.gs-essenheim.de\/wp-content\/uploads\/2026\/04\/2025.02.28.-Fastnacht-in-der-GS-06-1536x1152.jpg 1536w, https:\/\/www.gs-essenheim.de\/wp-content\/uploads\/2026\/04\/2025.02.28.-Fastnacht-in-der-GS-06-2048x1536.jpg 2048w, https:\/\/www.gs-essenheim.de\/wp-content\/uploads\/2026\/04\/2025.02.28.-Fastnacht-in-der-GS-06-400x300.jpg 400w\" sizes=\"auto, (max-width: 1024px) 100vw, 1024px\" \/><\/a><\/figure>\n\n\n\n<figure class=\"wp-block-image size-large\"><a href=\"https:\/\/www.gs-essenheim.de\/wp-content\/uploads\/2025\/03\/2025.02.28.-Fastnacht-in-der-GS-07-scaled.jpg\"><img loading=\"lazy\" decoding=\"async\" width=\"1024\" height=\"768\" data-id=\"10604\" src=\"https:\/\/www.gs-essenheim.de\/wp-content\/uploads\/2025\/03\/2025.02.28.-Fastnacht-in-der-GS-07-1024x768.jpg\" alt=\"\" class=\"wp-image-10604\" srcset=\"https:\/\/www.gs-essenheim.de\/wp-content\/uploads\/2025\/03\/2025.02.28.-Fastnacht-in-der-GS-07-1024x768.jpg 1024w, https:\/\/www.gs-essenheim.de\/wp-content\/uploads\/2025\/03\/2025.02.28.-Fastnacht-in-der-GS-07-300x225.jpg 300w, https:\/\/www.gs-essenheim.de\/wp-content\/uploads\/2025\/03\/2025.02.28.-Fastnacht-in-der-GS-07-768x576.jpg 768w, https:\/\/www.gs-essenheim.de\/wp-content\/uploads\/2025\/03\/2025.02.28.-Fastnacht-in-der-GS-07-1536x1152.jpg 1536w, https:\/\/www.gs-essenheim.de\/wp-content\/uploads\/2025\/03\/2025.02.28.-Fastnacht-in-der-GS-07-2048x1536.jpg 2048w, https:\/\/www.gs-essenheim.de\/wp-content\/uploads\/2025\/03\/2025.02.28.-Fastnacht-in-der-GS-07-400x300.jpg 400w\" sizes=\"auto, (max-width: 1024px) 100vw, 1024px\" \/><\/a><\/figure>\n\n\n\n<figure class=\"wp-block-image size-large\"><a href=\"https:\/\/www.gs-essenheim.de\/wp-content\/uploads\/2025\/03\/2025.02.28.-Fastnacht-in-der-GS-08-scaled.jpg\"><img loading=\"lazy\" decoding=\"async\" width=\"1024\" height=\"671\" data-id=\"10605\" src=\"https:\/\/www.gs-essenheim.de\/wp-content\/uploads\/2025\/03\/2025.02.28.-Fastnacht-in-der-GS-08-1024x671.jpg\" alt=\"\" class=\"wp-image-10605\" srcset=\"https:\/\/www.gs-essenheim.de\/wp-content\/uploads\/2025\/03\/2025.02.28.-Fastnacht-in-der-GS-08-1024x671.jpg 1024w, https:\/\/www.gs-essenheim.de\/wp-content\/uploads\/2025\/03\/2025.02.28.-Fastnacht-in-der-GS-08-300x197.jpg 300w, https:\/\/www.gs-essenheim.de\/wp-content\/uploads\/2025\/03\/2025.02.28.-Fastnacht-in-der-GS-08-768x503.jpg 768w, https:\/\/www.gs-essenheim.de\/wp-content\/uploads\/2025\/03\/2025.02.28.-Fastnacht-in-der-GS-08-1536x1007.jpg 1536w, https:\/\/www.gs-essenheim.de\/wp-content\/uploads\/2025\/03\/2025.02.28.-Fastnacht-in-der-GS-08-2048x1342.jpg 2048w, https:\/\/www.gs-essenheim.de\/wp-content\/uploads\/2025\/03\/2025.02.28.-Fastnacht-in-der-GS-08-458x300.jpg 458w\" sizes=\"auto, (max-width: 1024px) 100vw, 1024px\" \/><\/a><\/figure>\n\n\n\n<figure class=\"wp-block-image size-large\"><a href=\"https:\/\/www.gs-essenheim.de\/wp-content\/uploads\/2025\/03\/2025.02.28.-Fastnacht-in-der-GS-09-scaled.jpg\"><img loading=\"lazy\" decoding=\"async\" width=\"1024\" height=\"793\" data-id=\"10606\" src=\"https:\/\/www.gs-essenheim.de\/wp-content\/uploads\/2025\/03\/2025.02.28.-Fastnacht-in-der-GS-09-1024x793.jpg\" alt=\"\" class=\"wp-image-10606\" srcset=\"https:\/\/www.gs-essenheim.de\/wp-content\/uploads\/2025\/03\/2025.02.28.-Fastnacht-in-der-GS-09-1024x793.jpg 1024w, https:\/\/www.gs-essenheim.de\/wp-content\/uploads\/2025\/03\/2025.02.28.-Fastnacht-in-der-GS-09-300x232.jpg 300w, https:\/\/www.gs-essenheim.de\/wp-content\/uploads\/2025\/03\/2025.02.28.-Fastnacht-in-der-GS-09-768x595.jpg 768w, https:\/\/www.gs-essenheim.de\/wp-content\/uploads\/2025\/03\/2025.02.28.-Fastnacht-in-der-GS-09-1536x1189.jpg 1536w, https:\/\/www.gs-essenheim.de\/wp-content\/uploads\/2025\/03\/2025.02.28.-Fastnacht-in-der-GS-09-2048x1586.jpg 2048w, https:\/\/www.gs-essenheim.de\/wp-content\/uploads\/2025\/03\/2025.02.28.-Fastnacht-in-der-GS-09-388x300.jpg 388w\" sizes=\"auto, (max-width: 1024px) 100vw, 1024px\" \/><\/a><\/figure>\n\n\n\n<figure class=\"wp-block-image size-large\"><a href=\"https:\/\/www.gs-essenheim.de\/wp-content\/uploads\/2025\/03\/2025.02.28.-Fastnacht-in-der-GS-10-scaled.jpg\"><img loading=\"lazy\" decoding=\"async\" width=\"1024\" height=\"768\" data-id=\"10607\" src=\"https:\/\/www.gs-essenheim.de\/wp-content\/uploads\/2025\/03\/2025.02.28.-Fastnacht-in-der-GS-10-1024x768.jpg\" alt=\"\" class=\"wp-image-10607\" srcset=\"https:\/\/www.gs-essenheim.de\/wp-content\/uploads\/2025\/03\/2025.02.28.-Fastnacht-in-der-GS-10-1024x768.jpg 1024w, https:\/\/www.gs-essenheim.de\/wp-content\/uploads\/2025\/03\/2025.02.28.-Fastnacht-in-der-GS-10-300x225.jpg 300w, https:\/\/www.gs-essenheim.de\/wp-content\/uploads\/2025\/03\/2025.02.28.-Fastnacht-in-der-GS-10-768x576.jpg 768w, https:\/\/www.gs-essenheim.de\/wp-content\/uploads\/2025\/03\/2025.02.28.-Fastnacht-in-der-GS-10-1536x1152.jpg 1536w, https:\/\/www.gs-essenheim.de\/wp-content\/uploads\/2025\/03\/2025.02.28.-Fastnacht-in-der-GS-10-2048x1536.jpg 2048w, https:\/\/www.gs-essenheim.de\/wp-content\/uploads\/2025\/03\/2025.02.28.-Fastnacht-in-der-GS-10-400x300.jpg 400w\" sizes=\"auto, (max-width: 1024px) 100vw, 1024px\" \/><\/a><\/figure>\n\n\n\n<figure class=\"wp-block-image size-large\"><a href=\"https:\/\/www.gs-essenheim.de\/wp-content\/uploads\/2025\/03\/2025.02.28.-Fastnacht-in-der-GS-11-scaled.jpg\"><img loading=\"lazy\" decoding=\"async\" width=\"1024\" height=\"768\" data-id=\"10608\" src=\"https:\/\/www.gs-essenheim.de\/wp-content\/uploads\/2025\/03\/2025.02.28.-Fastnacht-in-der-GS-11-1024x768.jpg\" alt=\"\" class=\"wp-image-10608\" srcset=\"https:\/\/www.gs-essenheim.de\/wp-content\/uploads\/2025\/03\/2025.02.28.-Fastnacht-in-der-GS-11-1024x768.jpg 1024w, https:\/\/www.gs-essenheim.de\/wp-content\/uploads\/2025\/03\/2025.02.28.-Fastnacht-in-der-GS-11-300x225.jpg 300w, https:\/\/www.gs-essenheim.de\/wp-content\/uploads\/2025\/03\/2025.02.28.-Fastnacht-in-der-GS-11-768x576.jpg 768w, https:\/\/www.gs-essenheim.de\/wp-content\/uploads\/2025\/03\/2025.02.28.-Fastnacht-in-der-GS-11-1536x1152.jpg 1536w, https:\/\/www.gs-essenheim.de\/wp-content\/uploads\/2025\/03\/2025.02.28.-Fastnacht-in-der-GS-11-2048x1536.jpg 2048w, https:\/\/www.gs-essenheim.de\/wp-content\/uploads\/2025\/03\/2025.02.28.-Fastnacht-in-der-GS-11-400x300.jpg 400w\" sizes=\"auto, (max-width: 1024px) 100vw, 1024px\" \/><\/a><\/figure>\n\n\n\n<figure class=\"wp-block-image size-large\"><a href=\"https:\/\/www.gs-essenheim.de\/wp-content\/uploads\/2025\/03\/2025.02.28.-Fastnacht-in-der-GS-12-scaled.jpg\"><img loading=\"lazy\" decoding=\"async\" width=\"1024\" height=\"624\" data-id=\"10609\" src=\"https:\/\/www.gs-essenheim.de\/wp-content\/uploads\/2025\/03\/2025.02.28.-Fastnacht-in-der-GS-12-1024x624.jpg\" alt=\"\" class=\"wp-image-10609\" srcset=\"https:\/\/www.gs-essenheim.de\/wp-content\/uploads\/2025\/03\/2025.02.28.-Fastnacht-in-der-GS-12-1024x624.jpg 1024w, https:\/\/www.gs-essenheim.de\/wp-content\/uploads\/2025\/03\/2025.02.28.-Fastnacht-in-der-GS-12-300x183.jpg 300w, https:\/\/www.gs-essenheim.de\/wp-content\/uploads\/2025\/03\/2025.02.28.-Fastnacht-in-der-GS-12-768x468.jpg 768w, https:\/\/www.gs-essenheim.de\/wp-content\/uploads\/2025\/03\/2025.02.28.-Fastnacht-in-der-GS-12-1536x936.jpg 1536w, https:\/\/www.gs-essenheim.de\/wp-content\/uploads\/2025\/03\/2025.02.28.-Fastnacht-in-der-GS-12-2048x1248.jpg 2048w, https:\/\/www.gs-essenheim.de\/wp-content\/uploads\/2025\/03\/2025.02.28.-Fastnacht-in-der-GS-12-492x300.jpg 492w\" sizes=\"auto, (max-width: 1024px) 100vw, 1024px\" \/><\/a><\/figure>\n\n\n\n<figure class=\"wp-block-image size-large\"><a href=\"https:\/\/www.gs-essenheim.de\/wp-content\/uploads\/2025\/03\/2025.02.28.-Fastnacht-in-der-GS-13-scaled.jpg\"><img loading=\"lazy\" decoding=\"async\" width=\"1024\" height=\"768\" data-id=\"10610\" src=\"https:\/\/www.gs-essenheim.de\/wp-content\/uploads\/2025\/03\/2025.02.28.-Fastnacht-in-der-GS-13-1024x768.jpg\" alt=\"\" class=\"wp-image-10610\" srcset=\"https:\/\/www.gs-essenheim.de\/wp-content\/uploads\/2025\/03\/2025.02.28.-Fastnacht-in-der-GS-13-1024x768.jpg 1024w, https:\/\/www.gs-essenheim.de\/wp-content\/uploads\/2025\/03\/2025.02.28.-Fastnacht-in-der-GS-13-300x225.jpg 300w, https:\/\/www.gs-essenheim.de\/wp-content\/uploads\/2025\/03\/2025.02.28.-Fastnacht-in-der-GS-13-768x576.jpg 768w, https:\/\/www.gs-essenheim.de\/wp-content\/uploads\/2025\/03\/2025.02.28.-Fastnacht-in-der-GS-13-1536x1152.jpg 1536w, https:\/\/www.gs-essenheim.de\/wp-content\/uploads\/2025\/03\/2025.02.28.-Fastnacht-in-der-GS-13-2048x1536.jpg 2048w, https:\/\/www.gs-essenheim.de\/wp-content\/uploads\/2025\/03\/2025.02.28.-Fastnacht-in-der-GS-13-400x300.jpg 400w\" sizes=\"auto, (max-width: 1024px) 100vw, 1024px\" \/><\/a><\/figure>\n\n\n\n<figure class=\"wp-block-image size-large\"><a href=\"https:\/\/www.gs-essenheim.de\/wp-content\/uploads\/2025\/03\/2025.02.28.-Fastnacht-in-der-GS-14.jpg\"><img loading=\"lazy\" decoding=\"async\" width=\"992\" height=\"1024\" data-id=\"10611\" src=\"https:\/\/www.gs-essenheim.de\/wp-content\/uploads\/2025\/03\/2025.02.28.-Fastnacht-in-der-GS-14-992x1024.jpg\" alt=\"\" class=\"wp-image-10611\" srcset=\"https:\/\/www.gs-essenheim.de\/wp-content\/uploads\/2025\/03\/2025.02.28.-Fastnacht-in-der-GS-14-992x1024.jpg 992w, https:\/\/www.gs-essenheim.de\/wp-content\/uploads\/2025\/03\/2025.02.28.-Fastnacht-in-der-GS-14-291x300.jpg 291w, https:\/\/www.gs-essenheim.de\/wp-content\/uploads\/2025\/03\/2025.02.28.-Fastnacht-in-der-GS-14-768x793.jpg 768w, https:\/\/www.gs-essenheim.de\/wp-content\/uploads\/2025\/03\/2025.02.28.-Fastnacht-in-der-GS-14-1488x1536.jpg 1488w, https:\/\/www.gs-essenheim.de\/wp-content\/uploads\/2025\/03\/2025.02.28.-Fastnacht-in-der-GS-14-1984x2048.jpg 1984w\" sizes=\"auto, (max-width: 992px) 100vw, 992px\" \/><\/a><\/figure>\n\n\n\n<figure class=\"wp-block-image size-large\"><a href=\"https:\/\/www.gs-essenheim.de\/wp-content\/uploads\/2025\/03\/2025.02.28.-Fastnacht-in-der-GS-15.jpg\"><img loading=\"lazy\" decoding=\"async\" width=\"834\" height=\"1024\" data-id=\"10612\" src=\"https:\/\/www.gs-essenheim.de\/wp-content\/uploads\/2025\/03\/2025.02.28.-Fastnacht-in-der-GS-15-834x1024.jpg\" alt=\"\" class=\"wp-image-10612\" srcset=\"https:\/\/www.gs-essenheim.de\/wp-content\/uploads\/2025\/03\/2025.02.28.-Fastnacht-in-der-GS-15-834x1024.jpg 834w, https:\/\/www.gs-essenheim.de\/wp-content\/uploads\/2025\/03\/2025.02.28.-Fastnacht-in-der-GS-15-244x300.jpg 244w, https:\/\/www.gs-essenheim.de\/wp-content\/uploads\/2025\/03\/2025.02.28.-Fastnacht-in-der-GS-15-768x944.jpg 768w, https:\/\/www.gs-essenheim.de\/wp-content\/uploads\/2025\/03\/2025.02.28.-Fastnacht-in-der-GS-15.jpg 1129w\" sizes=\"auto, (max-width: 834px) 100vw, 834px\" \/><\/a><\/figure>\n\n\n\n<figure class=\"wp-block-image size-large\"><a href=\"https:\/\/www.gs-essenheim.de\/wp-content\/uploads\/2025\/03\/2025.02.28.-Fastnacht-in-der-GS-16.jpg\"><img loading=\"lazy\" decoding=\"async\" width=\"753\" height=\"1024\" data-id=\"10613\" src=\"https:\/\/www.gs-essenheim.de\/wp-content\/uploads\/2025\/03\/2025.02.28.-Fastnacht-in-der-GS-16-753x1024.jpg\" alt=\"\" class=\"wp-image-10613\" srcset=\"https:\/\/www.gs-essenheim.de\/wp-content\/uploads\/2025\/03\/2025.02.28.-Fastnacht-in-der-GS-16-753x1024.jpg 753w, https:\/\/www.gs-essenheim.de\/wp-content\/uploads\/2025\/03\/2025.02.28.-Fastnacht-in-der-GS-16-221x300.jpg 221w, https:\/\/www.gs-essenheim.de\/wp-content\/uploads\/2025\/03\/2025.02.28.-Fastnacht-in-der-GS-16-768x1045.jpg 768w, https:\/\/www.gs-essenheim.de\/wp-content\/uploads\/2025\/03\/2025.02.28.-Fastnacht-in-der-GS-16.jpg 944w\" sizes=\"auto, (max-width: 753px) 100vw, 753px\" \/><\/a><\/figure>\n\n\n\n<figure class=\"wp-block-image size-large\"><a href=\"https:\/\/www.gs-essenheim.de\/wp-content\/uploads\/2025\/03\/2025.02.28.-Fastnacht-in-der-GS-17-scaled.jpg\"><img loading=\"lazy\" decoding=\"async\" width=\"1024\" height=\"812\" data-id=\"10614\" src=\"https:\/\/www.gs-essenheim.de\/wp-content\/uploads\/2025\/03\/2025.02.28.-Fastnacht-in-der-GS-17-1024x812.jpg\" alt=\"\" class=\"wp-image-10614\" srcset=\"https:\/\/www.gs-essenheim.de\/wp-content\/uploads\/2025\/03\/2025.02.28.-Fastnacht-in-der-GS-17-1024x812.jpg 1024w, https:\/\/www.gs-essenheim.de\/wp-content\/uploads\/2025\/03\/2025.02.28.-Fastnacht-in-der-GS-17-300x238.jpg 300w, https:\/\/www.gs-essenheim.de\/wp-content\/uploads\/2025\/03\/2025.02.28.-Fastnacht-in-der-GS-17-768x609.jpg 768w, https:\/\/www.gs-essenheim.de\/wp-content\/uploads\/2025\/03\/2025.02.28.-Fastnacht-in-der-GS-17-1536x1218.jpg 1536w, https:\/\/www.gs-essenheim.de\/wp-content\/uploads\/2025\/03\/2025.02.28.-Fastnacht-in-der-GS-17-2048x1624.jpg 2048w, https:\/\/www.gs-essenheim.de\/wp-content\/uploads\/2025\/03\/2025.02.28.-Fastnacht-in-der-GS-17-378x300.jpg 378w\" sizes=\"auto, (max-width: 1024px) 100vw, 1024px\" \/><\/a><\/figure>\n\n\n\n<figure class=\"wp-block-image size-large\"><a href=\"https:\/\/www.gs-essenheim.de\/wp-content\/uploads\/2025\/03\/2025.02.28.-Fastnacht-in-der-GS-18.jpg\"><img loading=\"lazy\" decoding=\"async\" width=\"1024\" height=\"717\" data-id=\"10615\" src=\"https:\/\/www.gs-essenheim.de\/wp-content\/uploads\/2025\/03\/2025.02.28.-Fastnacht-in-der-GS-18-1024x717.jpg\" alt=\"\" class=\"wp-image-10615\" srcset=\"https:\/\/www.gs-essenheim.de\/wp-content\/uploads\/2025\/03\/2025.02.28.-Fastnacht-in-der-GS-18-1024x717.jpg 1024w, https:\/\/www.gs-essenheim.de\/wp-content\/uploads\/2025\/03\/2025.02.28.-Fastnacht-in-der-GS-18-300x210.jpg 300w, https:\/\/www.gs-essenheim.de\/wp-content\/uploads\/2025\/03\/2025.02.28.-Fastnacht-in-der-GS-18-768x537.jpg 768w, https:\/\/www.gs-essenheim.de\/wp-content\/uploads\/2025\/03\/2025.02.28.-Fastnacht-in-der-GS-18-429x300.jpg 429w, https:\/\/www.gs-essenheim.de\/wp-content\/uploads\/2025\/03\/2025.02.28.-Fastnacht-in-der-GS-18.jpg 1482w\" sizes=\"auto, (max-width: 1024px) 100vw, 1024px\" \/><\/a><\/figure>\n\n\n\n<figure class=\"wp-block-image size-large\"><a href=\"https:\/\/www.gs-essenheim.de\/wp-content\/uploads\/2025\/03\/2025.02.28.-Fastnacht-in-der-GS-19-scaled.jpg\"><img loading=\"lazy\" decoding=\"async\" width=\"1024\" height=\"690\" data-id=\"10616\" src=\"https:\/\/www.gs-essenheim.de\/wp-content\/uploads\/2025\/03\/2025.02.28.-Fastnacht-in-der-GS-19-1024x690.jpg\" alt=\"\" class=\"wp-image-10616\" srcset=\"https:\/\/www.gs-essenheim.de\/wp-content\/uploads\/2025\/03\/2025.02.28.-Fastnacht-in-der-GS-19-1024x690.jpg 1024w, https:\/\/www.gs-essenheim.de\/wp-content\/uploads\/2025\/03\/2025.02.28.-Fastnacht-in-der-GS-19-300x202.jpg 300w, https:\/\/www.gs-essenheim.de\/wp-content\/uploads\/2025\/03\/2025.02.28.-Fastnacht-in-der-GS-19-768x518.jpg 768w, https:\/\/www.gs-essenheim.de\/wp-content\/uploads\/2025\/03\/2025.02.28.-Fastnacht-in-der-GS-19-1536x1035.jpg 1536w, https:\/\/www.gs-essenheim.de\/wp-content\/uploads\/2025\/03\/2025.02.28.-Fastnacht-in-der-GS-19-2048x1381.jpg 2048w, https:\/\/www.gs-essenheim.de\/wp-content\/uploads\/2025\/03\/2025.02.28.-Fastnacht-in-der-GS-19-445x300.jpg 445w\" sizes=\"auto, (max-width: 1024px) 100vw, 1024px\" \/><\/a><\/figure>\n\n\n\n<figure class=\"wp-block-image size-large\"><a href=\"https:\/\/www.gs-essenheim.de\/wp-content\/uploads\/2025\/03\/2025.02.28.-Fastnacht-in-der-GS-20-scaled.jpg\"><img loading=\"lazy\" decoding=\"async\" width=\"1024\" height=\"768\" data-id=\"10617\" src=\"https:\/\/www.gs-essenheim.de\/wp-content\/uploads\/2025\/03\/2025.02.28.-Fastnacht-in-der-GS-20-1024x768.jpg\" alt=\"\" class=\"wp-image-10617\" srcset=\"https:\/\/www.gs-essenheim.de\/wp-content\/uploads\/2025\/03\/2025.02.28.-Fastnacht-in-der-GS-20-1024x768.jpg 1024w, https:\/\/www.gs-essenheim.de\/wp-content\/uploads\/2025\/03\/2025.02.28.-Fastnacht-in-der-GS-20-300x225.jpg 300w, https:\/\/www.gs-essenheim.de\/wp-content\/uploads\/2025\/03\/2025.02.28.-Fastnacht-in-der-GS-20-768x576.jpg 768w, https:\/\/www.gs-essenheim.de\/wp-content\/uploads\/2025\/03\/2025.02.28.-Fastnacht-in-der-GS-20-1536x1152.jpg 1536w, https:\/\/www.gs-essenheim.de\/wp-content\/uploads\/2025\/03\/2025.02.28.-Fastnacht-in-der-GS-20-2048x1536.jpg 2048w, https:\/\/www.gs-essenheim.de\/wp-content\/uploads\/2025\/03\/2025.02.28.-Fastnacht-in-der-GS-20-400x300.jpg 400w\" sizes=\"auto, (max-width: 1024px) 100vw, 1024px\" \/><\/a><\/figure>\n\n\n\n<figure class=\"wp-block-image size-large\"><a href=\"https:\/\/www.gs-essenheim.de\/wp-content\/uploads\/2025\/03\/2025.02.28.-Fastnacht-in-der-GS-21.jpg\"><img loading=\"lazy\" decoding=\"async\" width=\"1024\" height=\"768\" data-id=\"10618\" src=\"https:\/\/www.gs-essenheim.de\/wp-content\/uploads\/2025\/03\/2025.02.28.-Fastnacht-in-der-GS-21-1024x768.jpg\" alt=\"\" class=\"wp-image-10618\" srcset=\"https:\/\/www.gs-essenheim.de\/wp-content\/uploads\/2025\/03\/2025.02.28.-Fastnacht-in-der-GS-21-1024x768.jpg 1024w, https:\/\/www.gs-essenheim.de\/wp-content\/uploads\/2025\/03\/2025.02.28.-Fastnacht-in-der-GS-21-300x225.jpg 300w, https:\/\/www.gs-essenheim.de\/wp-content\/uploads\/2025\/03\/2025.02.28.-Fastnacht-in-der-GS-21-768x576.jpg 768w, https:\/\/www.gs-essenheim.de\/wp-content\/uploads\/2025\/03\/2025.02.28.-Fastnacht-in-der-GS-21-1536x1152.jpg 1536w, https:\/\/www.gs-essenheim.de\/wp-content\/uploads\/2025\/03\/2025.02.28.-Fastnacht-in-der-GS-21-400x300.jpg 400w, https:\/\/www.gs-essenheim.de\/wp-content\/uploads\/2025\/03\/2025.02.28.-Fastnacht-in-der-GS-21.jpg 1600w\" sizes=\"auto, (max-width: 1024px) 100vw, 1024px\" \/><\/a><\/figure>\n\n\n\n<figure class=\"wp-block-image size-large\"><a href=\"https:\/\/www.gs-essenheim.de\/wp-content\/uploads\/2025\/03\/2025.02.28.-Fastnacht-in-der-GS-22-scaled.jpg\"><img loading=\"lazy\" decoding=\"async\" width=\"1024\" height=\"661\" data-id=\"10619\" src=\"https:\/\/www.gs-essenheim.de\/wp-content\/uploads\/2025\/03\/2025.02.28.-Fastnacht-in-der-GS-22-1024x661.jpg\" alt=\"\" class=\"wp-image-10619\" srcset=\"https:\/\/www.gs-essenheim.de\/wp-content\/uploads\/2025\/03\/2025.02.28.-Fastnacht-in-der-GS-22-1024x661.jpg 1024w, https:\/\/www.gs-essenheim.de\/wp-content\/uploads\/2025\/03\/2025.02.28.-Fastnacht-in-der-GS-22-300x194.jpg 300w, https:\/\/www.gs-essenheim.de\/wp-content\/uploads\/2025\/03\/2025.02.28.-Fastnacht-in-der-GS-22-768x496.jpg 768w, https:\/\/www.gs-essenheim.de\/wp-content\/uploads\/2025\/03\/2025.02.28.-Fastnacht-in-der-GS-22-1536x992.jpg 1536w, https:\/\/www.gs-essenheim.de\/wp-content\/uploads\/2025\/03\/2025.02.28.-Fastnacht-in-der-GS-22-2048x1322.jpg 2048w, https:\/\/www.gs-essenheim.de\/wp-content\/uploads\/2025\/03\/2025.02.28.-Fastnacht-in-der-GS-22-465x300.jpg 465w\" sizes=\"auto, (max-width: 1024px) 100vw, 1024px\" \/><\/a><\/figure>\n<\/figure>\n\n\n\n<p class=\"has-text-align-center has-white-color has-white-background-color has-text-color has-background has-link-color wp-elements-f86d463cdee94af59aa2b47f4fdf8c2b\">Absatz<\/p>\n\n\n\n<h2 class=\"wp-block-heading has-text-align-center\">Autorenlesung mit Frau Anke Faust (31. Januar 2025)<\/h2>\n\n\n\n<figure class=\"wp-block-image size-large\"><a href=\"https:\/\/www.gs-essenheim.de\/wp-content\/uploads\/2025\/01\/2025.01.31.-Autorenllesung-mit-Fr.-Anke-Faust-1.-2.-Klassen-1-scaled.jpg\"><img loading=\"lazy\" decoding=\"async\" width=\"1024\" height=\"653\" src=\"https:\/\/www.gs-essenheim.de\/wp-content\/uploads\/2025\/01\/2025.01.31.-Autorenllesung-mit-Fr.-Anke-Faust-1.-2.-Klassen-1-1024x653.jpg\" alt=\"\" class=\"wp-image-10526\" srcset=\"https:\/\/www.gs-essenheim.de\/wp-content\/uploads\/2025\/01\/2025.01.31.-Autorenllesung-mit-Fr.-Anke-Faust-1.-2.-Klassen-1-1024x653.jpg 1024w, https:\/\/www.gs-essenheim.de\/wp-content\/uploads\/2025\/01\/2025.01.31.-Autorenllesung-mit-Fr.-Anke-Faust-1.-2.-Klassen-1-300x191.jpg 300w, https:\/\/www.gs-essenheim.de\/wp-content\/uploads\/2025\/01\/2025.01.31.-Autorenllesung-mit-Fr.-Anke-Faust-1.-2.-Klassen-1-768x489.jpg 768w, https:\/\/www.gs-essenheim.de\/wp-content\/uploads\/2025\/01\/2025.01.31.-Autorenllesung-mit-Fr.-Anke-Faust-1.-2.-Klassen-1-1536x979.jpg 1536w, https:\/\/www.gs-essenheim.de\/wp-content\/uploads\/2025\/01\/2025.01.31.-Autorenllesung-mit-Fr.-Anke-Faust-1.-2.-Klassen-1-2048x1305.jpg 2048w, https:\/\/www.gs-essenheim.de\/wp-content\/uploads\/2025\/01\/2025.01.31.-Autorenllesung-mit-Fr.-Anke-Faust-1.-2.-Klassen-1-471x300.jpg 471w\" sizes=\"auto, (max-width: 1024px) 100vw, 1024px\" \/><\/a><\/figure>\n\n\n\n<figure class=\"wp-block-image size-large\"><a href=\"https:\/\/www.gs-essenheim.de\/wp-content\/uploads\/2025\/01\/2025.01.31.-Autorenllesung-mit-Fr.-Anke-Faust-3.-4.-Klassen-scaled.jpg\"><img loading=\"lazy\" decoding=\"async\" width=\"1024\" height=\"554\" src=\"https:\/\/www.gs-essenheim.de\/wp-content\/uploads\/2025\/01\/2025.01.31.-Autorenllesung-mit-Fr.-Anke-Faust-3.-4.-Klassen-1024x554.jpg\" alt=\"\" class=\"wp-image-10523\" srcset=\"https:\/\/www.gs-essenheim.de\/wp-content\/uploads\/2025\/01\/2025.01.31.-Autorenllesung-mit-Fr.-Anke-Faust-3.-4.-Klassen-1024x554.jpg 1024w, https:\/\/www.gs-essenheim.de\/wp-content\/uploads\/2025\/01\/2025.01.31.-Autorenllesung-mit-Fr.-Anke-Faust-3.-4.-Klassen-300x162.jpg 300w, https:\/\/www.gs-essenheim.de\/wp-content\/uploads\/2025\/01\/2025.01.31.-Autorenllesung-mit-Fr.-Anke-Faust-3.-4.-Klassen-768x416.jpg 768w, https:\/\/www.gs-essenheim.de\/wp-content\/uploads\/2025\/01\/2025.01.31.-Autorenllesung-mit-Fr.-Anke-Faust-3.-4.-Klassen-1536x831.jpg 1536w, https:\/\/www.gs-essenheim.de\/wp-content\/uploads\/2025\/01\/2025.01.31.-Autorenllesung-mit-Fr.-Anke-Faust-3.-4.-Klassen-2048x1108.jpg 2048w, https:\/\/www.gs-essenheim.de\/wp-content\/uploads\/2025\/01\/2025.01.31.-Autorenllesung-mit-Fr.-Anke-Faust-3.-4.-Klassen-500x271.jpg 500w\" sizes=\"auto, (max-width: 1024px) 100vw, 1024px\" \/><\/a><\/figure>\n\n\n\n<p class=\"has-text-align-center has-white-color has-white-background-color has-text-color has-background has-link-color wp-elements-f86d463cdee94af59aa2b47f4fdf8c2b\">Absatz<\/p>\n\n\n\n<h2 class=\"wp-block-heading has-text-align-center\">Fu\u00dfball-Abschlussturnier der 2. Klassen<br> im Rahmen der Kooperation mit der Spvgg Essenheim<br>(29. Januar 2025)<\/h2>\n\n\n\n<figure class=\"wp-block-image size-large\"><a href=\"https:\/\/www.gs-essenheim.de\/wp-content\/uploads\/2026\/04\/2025.01.29.-Abschluss-Fussballkooperation-2.-Kl-scaled.jpg\"><img loading=\"lazy\" decoding=\"async\" width=\"1024\" height=\"666\" src=\"https:\/\/www.gs-essenheim.de\/wp-content\/uploads\/2026\/04\/2025.01.29.-Abschluss-Fussballkooperation-2.-Kl-1024x666.jpg\" alt=\"\" class=\"wp-image-11451\" srcset=\"https:\/\/www.gs-essenheim.de\/wp-content\/uploads\/2026\/04\/2025.01.29.-Abschluss-Fussballkooperation-2.-Kl-1024x666.jpg 1024w, https:\/\/www.gs-essenheim.de\/wp-content\/uploads\/2026\/04\/2025.01.29.-Abschluss-Fussballkooperation-2.-Kl-300x195.jpg 300w, https:\/\/www.gs-essenheim.de\/wp-content\/uploads\/2026\/04\/2025.01.29.-Abschluss-Fussballkooperation-2.-Kl-768x499.jpg 768w, https:\/\/www.gs-essenheim.de\/wp-content\/uploads\/2026\/04\/2025.01.29.-Abschluss-Fussballkooperation-2.-Kl-1536x999.jpg 1536w, https:\/\/www.gs-essenheim.de\/wp-content\/uploads\/2026\/04\/2025.01.29.-Abschluss-Fussballkooperation-2.-Kl-2048x1331.jpg 2048w, https:\/\/www.gs-essenheim.de\/wp-content\/uploads\/2026\/04\/2025.01.29.-Abschluss-Fussballkooperation-2.-Kl-461x300.jpg 461w\" sizes=\"auto, (max-width: 1024px) 100vw, 1024px\" \/><\/a><\/figure>\n\n\n\n<p class=\"has-text-align-center has-white-color has-white-background-color has-text-color has-background has-link-color wp-elements-f86d463cdee94af59aa2b47f4fdf8c2b\">Absatz<\/p>\n\n\n\n<h2 class=\"wp-block-heading has-text-align-center\">Yoga-AG des F\u00f6rdervereins (Januar + Februar 2025)<\/h2>\n\n\n\n<figure class=\"wp-block-gallery has-nested-images columns-default is-cropped wp-block-gallery-15 is-layout-flex wp-block-gallery-is-layout-flex\">\n<figure class=\"wp-block-image size-large\"><a href=\"https:\/\/www.gs-essenheim.de\/wp-content\/uploads\/2025\/04\/2025.01.29.-Yoga-AG-02.jpg\"><img loading=\"lazy\" decoding=\"async\" width=\"1024\" height=\"768\" data-id=\"10702\" src=\"https:\/\/www.gs-essenheim.de\/wp-content\/uploads\/2025\/04\/2025.01.29.-Yoga-AG-02-1024x768.jpg\" alt=\"\" class=\"wp-image-10702\" srcset=\"https:\/\/www.gs-essenheim.de\/wp-content\/uploads\/2025\/04\/2025.01.29.-Yoga-AG-02-1024x768.jpg 1024w, https:\/\/www.gs-essenheim.de\/wp-content\/uploads\/2025\/04\/2025.01.29.-Yoga-AG-02-300x225.jpg 300w, https:\/\/www.gs-essenheim.de\/wp-content\/uploads\/2025\/04\/2025.01.29.-Yoga-AG-02-768x576.jpg 768w, https:\/\/www.gs-essenheim.de\/wp-content\/uploads\/2025\/04\/2025.01.29.-Yoga-AG-02-1536x1152.jpg 1536w, https:\/\/www.gs-essenheim.de\/wp-content\/uploads\/2025\/04\/2025.01.29.-Yoga-AG-02-400x300.jpg 400w, https:\/\/www.gs-essenheim.de\/wp-content\/uploads\/2025\/04\/2025.01.29.-Yoga-AG-02.jpg 2000w\" sizes=\"auto, (max-width: 1024px) 100vw, 1024px\" \/><\/a><\/figure>\n\n\n\n<figure class=\"wp-block-image size-large\"><a href=\"https:\/\/www.gs-essenheim.de\/wp-content\/uploads\/2025\/04\/2025.01.29.-Yoga-AG-01.jpg\"><img loading=\"lazy\" decoding=\"async\" width=\"1024\" height=\"768\" data-id=\"10701\" src=\"https:\/\/www.gs-essenheim.de\/wp-content\/uploads\/2025\/04\/2025.01.29.-Yoga-AG-01-1024x768.jpg\" alt=\"\" class=\"wp-image-10701\" srcset=\"https:\/\/www.gs-essenheim.de\/wp-content\/uploads\/2025\/04\/2025.01.29.-Yoga-AG-01-1024x768.jpg 1024w, https:\/\/www.gs-essenheim.de\/wp-content\/uploads\/2025\/04\/2025.01.29.-Yoga-AG-01-300x225.jpg 300w, https:\/\/www.gs-essenheim.de\/wp-content\/uploads\/2025\/04\/2025.01.29.-Yoga-AG-01-768x576.jpg 768w, https:\/\/www.gs-essenheim.de\/wp-content\/uploads\/2025\/04\/2025.01.29.-Yoga-AG-01-1536x1152.jpg 1536w, https:\/\/www.gs-essenheim.de\/wp-content\/uploads\/2025\/04\/2025.01.29.-Yoga-AG-01-400x300.jpg 400w, https:\/\/www.gs-essenheim.de\/wp-content\/uploads\/2025\/04\/2025.01.29.-Yoga-AG-01.jpg 2000w\" sizes=\"auto, (max-width: 1024px) 100vw, 1024px\" \/><\/a><\/figure>\n<\/figure>\n\n\n\n<p class=\"has-text-align-center has-white-color has-white-background-color has-text-color has-background has-link-color wp-elements-f86d463cdee94af59aa2b47f4fdf8c2b\">Absatz<\/p>\n\n\n\n<h2 class=\"wp-block-heading has-text-align-center\">Kegel-AG des F\u00f6rdervereins (23. Januar 2025)<\/h2>\n\n\n\n<figure class=\"wp-block-gallery has-nested-images columns-default is-cropped wp-block-gallery-16 is-layout-flex wp-block-gallery-is-layout-flex\">\n<figure class=\"wp-block-image size-large\"><a href=\"https:\/\/www.gs-essenheim.de\/wp-content\/uploads\/2025\/04\/2025.01.23.-Kegel-AG-02.jpg\"><img loading=\"lazy\" decoding=\"async\" width=\"1024\" height=\"768\" data-id=\"10700\" src=\"https:\/\/www.gs-essenheim.de\/wp-content\/uploads\/2025\/04\/2025.01.23.-Kegel-AG-02-1024x768.jpg\" alt=\"\" class=\"wp-image-10700\" srcset=\"https:\/\/www.gs-essenheim.de\/wp-content\/uploads\/2025\/04\/2025.01.23.-Kegel-AG-02-1024x768.jpg 1024w, https:\/\/www.gs-essenheim.de\/wp-content\/uploads\/2025\/04\/2025.01.23.-Kegel-AG-02-300x225.jpg 300w, https:\/\/www.gs-essenheim.de\/wp-content\/uploads\/2025\/04\/2025.01.23.-Kegel-AG-02-768x576.jpg 768w, https:\/\/www.gs-essenheim.de\/wp-content\/uploads\/2025\/04\/2025.01.23.-Kegel-AG-02-1536x1152.jpg 1536w, https:\/\/www.gs-essenheim.de\/wp-content\/uploads\/2025\/04\/2025.01.23.-Kegel-AG-02-400x300.jpg 400w, https:\/\/www.gs-essenheim.de\/wp-content\/uploads\/2025\/04\/2025.01.23.-Kegel-AG-02.jpg 2000w\" sizes=\"auto, (max-width: 1024px) 100vw, 1024px\" \/><\/a><\/figure>\n\n\n\n<figure class=\"wp-block-image size-large\"><a href=\"https:\/\/www.gs-essenheim.de\/wp-content\/uploads\/2025\/04\/2025.01.23.-Kegel-AG-01.jpg\"><img loading=\"lazy\" decoding=\"async\" width=\"1024\" height=\"768\" data-id=\"10699\" src=\"https:\/\/www.gs-essenheim.de\/wp-content\/uploads\/2025\/04\/2025.01.23.-Kegel-AG-01-1024x768.jpg\" alt=\"\" class=\"wp-image-10699\" srcset=\"https:\/\/www.gs-essenheim.de\/wp-content\/uploads\/2025\/04\/2025.01.23.-Kegel-AG-01-1024x768.jpg 1024w, https:\/\/www.gs-essenheim.de\/wp-content\/uploads\/2025\/04\/2025.01.23.-Kegel-AG-01-300x225.jpg 300w, https:\/\/www.gs-essenheim.de\/wp-content\/uploads\/2025\/04\/2025.01.23.-Kegel-AG-01-768x576.jpg 768w, https:\/\/www.gs-essenheim.de\/wp-content\/uploads\/2025\/04\/2025.01.23.-Kegel-AG-01-1536x1152.jpg 1536w, https:\/\/www.gs-essenheim.de\/wp-content\/uploads\/2025\/04\/2025.01.23.-Kegel-AG-01-400x300.jpg 400w, https:\/\/www.gs-essenheim.de\/wp-content\/uploads\/2025\/04\/2025.01.23.-Kegel-AG-01.jpg 2000w\" sizes=\"auto, (max-width: 1024px) 100vw, 1024px\" \/><\/a><\/figure>\n<\/figure>\n\n\n\n<p class=\"has-text-align-center has-white-color has-white-background-color has-text-color has-background has-link-color wp-elements-f86d463cdee94af59aa2b47f4fdf8c2b\">Absatz<\/p>\n\n\n\n<h2 class=\"wp-block-heading has-text-align-center\">Adventssingen mit Waffeln und Kinderpunsch (20. Dezember 2024)<\/h2>\n\n\n\n<figure class=\"wp-block-gallery has-nested-images columns-2 is-cropped wp-block-gallery-17 is-layout-flex wp-block-gallery-is-layout-flex\">\n<figure class=\"wp-block-image size-large\"><a href=\"https:\/\/www.gs-essenheim.de\/wp-content\/uploads\/2024\/12\/2024.12.20.-Adventssingen-01.jpg\"><img loading=\"lazy\" decoding=\"async\" width=\"865\" height=\"1024\" data-id=\"10484\" src=\"https:\/\/www.gs-essenheim.de\/wp-content\/uploads\/2024\/12\/2024.12.20.-Adventssingen-01-865x1024.jpg\" alt=\"\" class=\"wp-image-10484\" srcset=\"https:\/\/www.gs-essenheim.de\/wp-content\/uploads\/2024\/12\/2024.12.20.-Adventssingen-01-865x1024.jpg 865w, https:\/\/www.gs-essenheim.de\/wp-content\/uploads\/2024\/12\/2024.12.20.-Adventssingen-01-253x300.jpg 253w, https:\/\/www.gs-essenheim.de\/wp-content\/uploads\/2024\/12\/2024.12.20.-Adventssingen-01-768x909.jpg 768w, https:\/\/www.gs-essenheim.de\/wp-content\/uploads\/2024\/12\/2024.12.20.-Adventssingen-01-1298x1536.jpg 1298w, https:\/\/www.gs-essenheim.de\/wp-content\/uploads\/2024\/12\/2024.12.20.-Adventssingen-01-1730x2048.jpg 1730w\" sizes=\"auto, (max-width: 865px) 100vw, 865px\" \/><\/a><\/figure>\n\n\n\n<figure class=\"wp-block-image size-large\"><a href=\"https:\/\/www.gs-essenheim.de\/wp-content\/uploads\/2024\/12\/2024.12.20.-Adventssingen-02-scaled.jpg\"><img loading=\"lazy\" decoding=\"async\" width=\"1024\" height=\"768\" data-id=\"10485\" src=\"https:\/\/www.gs-essenheim.de\/wp-content\/uploads\/2024\/12\/2024.12.20.-Adventssingen-02-1024x768.jpg\" alt=\"\" class=\"wp-image-10485\" srcset=\"https:\/\/www.gs-essenheim.de\/wp-content\/uploads\/2024\/12\/2024.12.20.-Adventssingen-02-1024x768.jpg 1024w, https:\/\/www.gs-essenheim.de\/wp-content\/uploads\/2024\/12\/2024.12.20.-Adventssingen-02-300x225.jpg 300w, https:\/\/www.gs-essenheim.de\/wp-content\/uploads\/2024\/12\/2024.12.20.-Adventssingen-02-768x576.jpg 768w, https:\/\/www.gs-essenheim.de\/wp-content\/uploads\/2024\/12\/2024.12.20.-Adventssingen-02-1536x1152.jpg 1536w, https:\/\/www.gs-essenheim.de\/wp-content\/uploads\/2024\/12\/2024.12.20.-Adventssingen-02-2048x1536.jpg 2048w, https:\/\/www.gs-essenheim.de\/wp-content\/uploads\/2024\/12\/2024.12.20.-Adventssingen-02-400x300.jpg 400w\" sizes=\"auto, (max-width: 1024px) 100vw, 1024px\" \/><\/a><\/figure>\n\n\n\n<figure class=\"wp-block-image size-large\"><a href=\"https:\/\/www.gs-essenheim.de\/wp-content\/uploads\/2024\/12\/2024.12.20.-Adventssingen-03-scaled.jpg\"><img loading=\"lazy\" decoding=\"async\" width=\"1024\" height=\"701\" data-id=\"10486\" src=\"https:\/\/www.gs-essenheim.de\/wp-content\/uploads\/2024\/12\/2024.12.20.-Adventssingen-03-1024x701.jpg\" alt=\"\" class=\"wp-image-10486\" srcset=\"https:\/\/www.gs-essenheim.de\/wp-content\/uploads\/2024\/12\/2024.12.20.-Adventssingen-03-1024x701.jpg 1024w, https:\/\/www.gs-essenheim.de\/wp-content\/uploads\/2024\/12\/2024.12.20.-Adventssingen-03-300x206.jpg 300w, https:\/\/www.gs-essenheim.de\/wp-content\/uploads\/2024\/12\/2024.12.20.-Adventssingen-03-768x526.jpg 768w, https:\/\/www.gs-essenheim.de\/wp-content\/uploads\/2024\/12\/2024.12.20.-Adventssingen-03-1536x1052.jpg 1536w, https:\/\/www.gs-essenheim.de\/wp-content\/uploads\/2024\/12\/2024.12.20.-Adventssingen-03-2048x1403.jpg 2048w, https:\/\/www.gs-essenheim.de\/wp-content\/uploads\/2024\/12\/2024.12.20.-Adventssingen-03-438x300.jpg 438w\" sizes=\"auto, (max-width: 1024px) 100vw, 1024px\" \/><\/a><\/figure>\n<\/figure>\n\n\n\n<p class=\"has-text-align-center has-white-color has-white-background-color has-text-color has-background has-link-color wp-elements-f86d463cdee94af59aa2b47f4fdf8c2b\">Absatz<\/p>\n\n\n\n<h2 class=\"wp-block-heading has-text-align-center\">Besuch des Weihnachtsm\u00e4rchens &#8222;Die kleine Hexe&#8220; im Staatstheater in Mainz<\/h2>\n\n\n\n<p class=\"has-text-align-center\">Traditionell besuchen seit vielen Jahren alle Klassen das Weihnachtsm\u00e4rchen in Mainz.<br>Auf dem Foto sind die 1. Klassen zu sehen (12. Dezember 2024).<\/p>\n\n\n\n<figure class=\"wp-block-image size-large\"><a href=\"https:\/\/www.gs-essenheim.de\/wp-content\/uploads\/2024\/12\/2024.12.12.-Weihnachtsbmaerchen-1a-1b.jpg\"><img loading=\"lazy\" decoding=\"async\" width=\"1024\" height=\"768\" src=\"https:\/\/www.gs-essenheim.de\/wp-content\/uploads\/2024\/12\/2024.12.12.-Weihnachtsbmaerchen-1a-1b-1024x768.jpg\" alt=\"\" class=\"wp-image-10480\" srcset=\"https:\/\/www.gs-essenheim.de\/wp-content\/uploads\/2024\/12\/2024.12.12.-Weihnachtsbmaerchen-1a-1b-1024x768.jpg 1024w, https:\/\/www.gs-essenheim.de\/wp-content\/uploads\/2024\/12\/2024.12.12.-Weihnachtsbmaerchen-1a-1b-300x225.jpg 300w, https:\/\/www.gs-essenheim.de\/wp-content\/uploads\/2024\/12\/2024.12.12.-Weihnachtsbmaerchen-1a-1b-768x576.jpg 768w, https:\/\/www.gs-essenheim.de\/wp-content\/uploads\/2024\/12\/2024.12.12.-Weihnachtsbmaerchen-1a-1b-1536x1152.jpg 1536w, https:\/\/www.gs-essenheim.de\/wp-content\/uploads\/2024\/12\/2024.12.12.-Weihnachtsbmaerchen-1a-1b-400x300.jpg 400w, https:\/\/www.gs-essenheim.de\/wp-content\/uploads\/2024\/12\/2024.12.12.-Weihnachtsbmaerchen-1a-1b.jpg 2048w\" sizes=\"auto, (max-width: 1024px) 100vw, 1024px\" \/><\/a><\/figure>\n\n\n\n<p class=\"has-text-align-center has-white-color has-white-background-color has-text-color has-background has-link-color wp-elements-f86d463cdee94af59aa2b47f4fdf8c2b\">Absatz<\/p>\n\n\n\n<h2 class=\"wp-block-heading has-text-align-center\">Bundesweiter Vorlesetag &#8211; Herr Wolf (1. Kreisbeigeordneter von Mainz-Bingen) liest den 1. + 2. und 4. Klassen vor (15. November 2024)<\/h2>\n\n\n\n<figure class=\"wp-block-gallery has-nested-images columns-default is-cropped wp-block-gallery-18 is-layout-flex wp-block-gallery-is-layout-flex\">\n<figure class=\"wp-block-image size-large\"><a href=\"https:\/\/www.gs-essenheim.de\/wp-content\/uploads\/2024\/11\/2024.11.15-Vorlestag-mit-Hr.-Wolf-1.-Klassen.jpg\"><img loading=\"lazy\" decoding=\"async\" width=\"838\" height=\"1024\" data-id=\"10448\" src=\"https:\/\/www.gs-essenheim.de\/wp-content\/uploads\/2024\/11\/2024.11.15-Vorlestag-mit-Hr.-Wolf-1.-Klassen-838x1024.jpg\" alt=\"\" class=\"wp-image-10448\" srcset=\"https:\/\/www.gs-essenheim.de\/wp-content\/uploads\/2024\/11\/2024.11.15-Vorlestag-mit-Hr.-Wolf-1.-Klassen-838x1024.jpg 838w, https:\/\/www.gs-essenheim.de\/wp-content\/uploads\/2024\/11\/2024.11.15-Vorlestag-mit-Hr.-Wolf-1.-Klassen-245x300.jpg 245w, https:\/\/www.gs-essenheim.de\/wp-content\/uploads\/2024\/11\/2024.11.15-Vorlestag-mit-Hr.-Wolf-1.-Klassen-768x939.jpg 768w, https:\/\/www.gs-essenheim.de\/wp-content\/uploads\/2024\/11\/2024.11.15-Vorlestag-mit-Hr.-Wolf-1.-Klassen-1257x1536.jpg 1257w, https:\/\/www.gs-essenheim.de\/wp-content\/uploads\/2024\/11\/2024.11.15-Vorlestag-mit-Hr.-Wolf-1.-Klassen-1676x2048.jpg 1676w, https:\/\/www.gs-essenheim.de\/wp-content\/uploads\/2024\/11\/2024.11.15-Vorlestag-mit-Hr.-Wolf-1.-Klassen.jpg 1742w\" sizes=\"auto, (max-width: 838px) 100vw, 838px\" \/><\/a><\/figure>\n\n\n\n<figure class=\"wp-block-image size-large\"><a href=\"https:\/\/www.gs-essenheim.de\/wp-content\/uploads\/2024\/11\/2024.11.15-Vorlestag-mit-Hr.-Wolf-2.-Klassen-01.jpg\"><img loading=\"lazy\" decoding=\"async\" width=\"1024\" height=\"586\" data-id=\"10449\" src=\"https:\/\/www.gs-essenheim.de\/wp-content\/uploads\/2024\/11\/2024.11.15-Vorlestag-mit-Hr.-Wolf-2.-Klassen-01-1024x586.jpg\" alt=\"\" class=\"wp-image-10449\" srcset=\"https:\/\/www.gs-essenheim.de\/wp-content\/uploads\/2024\/11\/2024.11.15-Vorlestag-mit-Hr.-Wolf-2.-Klassen-01-1024x586.jpg 1024w, https:\/\/www.gs-essenheim.de\/wp-content\/uploads\/2024\/11\/2024.11.15-Vorlestag-mit-Hr.-Wolf-2.-Klassen-01-300x172.jpg 300w, https:\/\/www.gs-essenheim.de\/wp-content\/uploads\/2024\/11\/2024.11.15-Vorlestag-mit-Hr.-Wolf-2.-Klassen-01-768x440.jpg 768w, https:\/\/www.gs-essenheim.de\/wp-content\/uploads\/2024\/11\/2024.11.15-Vorlestag-mit-Hr.-Wolf-2.-Klassen-01-1536x880.jpg 1536w, https:\/\/www.gs-essenheim.de\/wp-content\/uploads\/2024\/11\/2024.11.15-Vorlestag-mit-Hr.-Wolf-2.-Klassen-01-2048x1173.jpg 2048w, https:\/\/www.gs-essenheim.de\/wp-content\/uploads\/2024\/11\/2024.11.15-Vorlestag-mit-Hr.-Wolf-2.-Klassen-01-500x286.jpg 500w\" sizes=\"auto, (max-width: 1024px) 100vw, 1024px\" \/><\/a><\/figure>\n\n\n\n<figure class=\"wp-block-image size-large\"><a href=\"https:\/\/www.gs-essenheim.de\/wp-content\/uploads\/2024\/11\/2024.11.15-Vorlestag-mit-Hr.-Wolf-2.-Klassen-02.jpg\"><img loading=\"lazy\" decoding=\"async\" width=\"1024\" height=\"768\" data-id=\"10450\" src=\"https:\/\/www.gs-essenheim.de\/wp-content\/uploads\/2024\/11\/2024.11.15-Vorlestag-mit-Hr.-Wolf-2.-Klassen-02-1024x768.jpg\" alt=\"\" class=\"wp-image-10450\" srcset=\"https:\/\/www.gs-essenheim.de\/wp-content\/uploads\/2024\/11\/2024.11.15-Vorlestag-mit-Hr.-Wolf-2.-Klassen-02-1024x768.jpg 1024w, https:\/\/www.gs-essenheim.de\/wp-content\/uploads\/2024\/11\/2024.11.15-Vorlestag-mit-Hr.-Wolf-2.-Klassen-02-300x225.jpg 300w, https:\/\/www.gs-essenheim.de\/wp-content\/uploads\/2024\/11\/2024.11.15-Vorlestag-mit-Hr.-Wolf-2.-Klassen-02-768x576.jpg 768w, https:\/\/www.gs-essenheim.de\/wp-content\/uploads\/2024\/11\/2024.11.15-Vorlestag-mit-Hr.-Wolf-2.-Klassen-02-1536x1152.jpg 1536w, https:\/\/www.gs-essenheim.de\/wp-content\/uploads\/2024\/11\/2024.11.15-Vorlestag-mit-Hr.-Wolf-2.-Klassen-02-2048x1536.jpg 2048w, https:\/\/www.gs-essenheim.de\/wp-content\/uploads\/2024\/11\/2024.11.15-Vorlestag-mit-Hr.-Wolf-2.-Klassen-02-400x300.jpg 400w\" sizes=\"auto, (max-width: 1024px) 100vw, 1024px\" \/><\/a><\/figure>\n\n\n\n<figure class=\"wp-block-image size-large\"><a href=\"https:\/\/www.gs-essenheim.de\/wp-content\/uploads\/2024\/11\/2024.11.15-Vorlestag-mit-Hr.-Wolf-4.-Klassen-01.jpg\"><img loading=\"lazy\" decoding=\"async\" width=\"1024\" height=\"616\" data-id=\"10451\" src=\"https:\/\/www.gs-essenheim.de\/wp-content\/uploads\/2024\/11\/2024.11.15-Vorlestag-mit-Hr.-Wolf-4.-Klassen-01-1024x616.jpg\" alt=\"\" class=\"wp-image-10451\" srcset=\"https:\/\/www.gs-essenheim.de\/wp-content\/uploads\/2024\/11\/2024.11.15-Vorlestag-mit-Hr.-Wolf-4.-Klassen-01-1024x616.jpg 1024w, https:\/\/www.gs-essenheim.de\/wp-content\/uploads\/2024\/11\/2024.11.15-Vorlestag-mit-Hr.-Wolf-4.-Klassen-01-300x180.jpg 300w, https:\/\/www.gs-essenheim.de\/wp-content\/uploads\/2024\/11\/2024.11.15-Vorlestag-mit-Hr.-Wolf-4.-Klassen-01-768x462.jpg 768w, https:\/\/www.gs-essenheim.de\/wp-content\/uploads\/2024\/11\/2024.11.15-Vorlestag-mit-Hr.-Wolf-4.-Klassen-01-1536x924.jpg 1536w, https:\/\/www.gs-essenheim.de\/wp-content\/uploads\/2024\/11\/2024.11.15-Vorlestag-mit-Hr.-Wolf-4.-Klassen-01-2048x1232.jpg 2048w, https:\/\/www.gs-essenheim.de\/wp-content\/uploads\/2024\/11\/2024.11.15-Vorlestag-mit-Hr.-Wolf-4.-Klassen-01-500x300.jpg 500w\" sizes=\"auto, (max-width: 1024px) 100vw, 1024px\" \/><\/a><\/figure>\n\n\n\n<figure class=\"wp-block-image size-large\"><a href=\"https:\/\/www.gs-essenheim.de\/wp-content\/uploads\/2024\/11\/2024.11.15-Vorlestag-mit-Hr.-Wolf-4.-Klassen-02.jpg\"><img loading=\"lazy\" decoding=\"async\" width=\"1024\" height=\"768\" data-id=\"10452\" src=\"https:\/\/www.gs-essenheim.de\/wp-content\/uploads\/2024\/11\/2024.11.15-Vorlestag-mit-Hr.-Wolf-4.-Klassen-02-1024x768.jpg\" alt=\"\" class=\"wp-image-10452\" srcset=\"https:\/\/www.gs-essenheim.de\/wp-content\/uploads\/2024\/11\/2024.11.15-Vorlestag-mit-Hr.-Wolf-4.-Klassen-02-1024x768.jpg 1024w, https:\/\/www.gs-essenheim.de\/wp-content\/uploads\/2024\/11\/2024.11.15-Vorlestag-mit-Hr.-Wolf-4.-Klassen-02-300x225.jpg 300w, https:\/\/www.gs-essenheim.de\/wp-content\/uploads\/2024\/11\/2024.11.15-Vorlestag-mit-Hr.-Wolf-4.-Klassen-02-768x576.jpg 768w, https:\/\/www.gs-essenheim.de\/wp-content\/uploads\/2024\/11\/2024.11.15-Vorlestag-mit-Hr.-Wolf-4.-Klassen-02-1536x1152.jpg 1536w, https:\/\/www.gs-essenheim.de\/wp-content\/uploads\/2024\/11\/2024.11.15-Vorlestag-mit-Hr.-Wolf-4.-Klassen-02-2048x1536.jpg 2048w, https:\/\/www.gs-essenheim.de\/wp-content\/uploads\/2024\/11\/2024.11.15-Vorlestag-mit-Hr.-Wolf-4.-Klassen-02-400x300.jpg 400w\" sizes=\"auto, (max-width: 1024px) 100vw, 1024px\" \/><\/a><\/figure>\n<\/figure>\n\n\n\n<p class=\"has-text-align-center has-white-color has-white-background-color has-text-color has-background has-link-color wp-elements-f86d463cdee94af59aa2b47f4fdf8c2b\">Absatz<\/p>\n\n\n\n<h2 class=\"wp-block-heading has-text-align-center\">Leset\u00fcten\u00fcbergabe der 3. Klassen (Paten) an die 1. Klassen (Patenkinder)<br>(28. Oktober 2024)<\/h2>\n\n\n\n<figure class=\"wp-block-gallery has-nested-images columns-default is-cropped wp-block-gallery-19 is-layout-flex wp-block-gallery-is-layout-flex\">\n<figure class=\"wp-block-image size-large\"><a href=\"https:\/\/www.gs-essenheim.de\/wp-content\/uploads\/2024\/10\/2024.10.28.-Lesetuetenuebergabe-1.-3.-Klassen-01.jpg\"><img loading=\"lazy\" decoding=\"async\" width=\"1024\" height=\"768\" data-id=\"10410\" src=\"https:\/\/www.gs-essenheim.de\/wp-content\/uploads\/2024\/10\/2024.10.28.-Lesetuetenuebergabe-1.-3.-Klassen-01-1024x768.jpg\" alt=\"\" class=\"wp-image-10410\" srcset=\"https:\/\/www.gs-essenheim.de\/wp-content\/uploads\/2024\/10\/2024.10.28.-Lesetuetenuebergabe-1.-3.-Klassen-01-1024x768.jpg 1024w, https:\/\/www.gs-essenheim.de\/wp-content\/uploads\/2024\/10\/2024.10.28.-Lesetuetenuebergabe-1.-3.-Klassen-01-300x225.jpg 300w, https:\/\/www.gs-essenheim.de\/wp-content\/uploads\/2024\/10\/2024.10.28.-Lesetuetenuebergabe-1.-3.-Klassen-01-768x576.jpg 768w, https:\/\/www.gs-essenheim.de\/wp-content\/uploads\/2024\/10\/2024.10.28.-Lesetuetenuebergabe-1.-3.-Klassen-01-1536x1152.jpg 1536w, https:\/\/www.gs-essenheim.de\/wp-content\/uploads\/2024\/10\/2024.10.28.-Lesetuetenuebergabe-1.-3.-Klassen-01-2048x1536.jpg 2048w, https:\/\/www.gs-essenheim.de\/wp-content\/uploads\/2024\/10\/2024.10.28.-Lesetuetenuebergabe-1.-3.-Klassen-01-400x300.jpg 400w\" sizes=\"auto, (max-width: 1024px) 100vw, 1024px\" \/><\/a><\/figure>\n\n\n\n<figure class=\"wp-block-image size-large\"><a href=\"https:\/\/www.gs-essenheim.de\/wp-content\/uploads\/2024\/10\/2024.10.28.-Lesetuetenuebergabe-1.-3.-Klassen-02.jpg\"><img loading=\"lazy\" decoding=\"async\" width=\"1024\" height=\"961\" data-id=\"10411\" src=\"https:\/\/www.gs-essenheim.de\/wp-content\/uploads\/2024\/10\/2024.10.28.-Lesetuetenuebergabe-1.-3.-Klassen-02-1024x961.jpg\" alt=\"\" class=\"wp-image-10411\" srcset=\"https:\/\/www.gs-essenheim.de\/wp-content\/uploads\/2024\/10\/2024.10.28.-Lesetuetenuebergabe-1.-3.-Klassen-02-1024x961.jpg 1024w, https:\/\/www.gs-essenheim.de\/wp-content\/uploads\/2024\/10\/2024.10.28.-Lesetuetenuebergabe-1.-3.-Klassen-02-300x282.jpg 300w, https:\/\/www.gs-essenheim.de\/wp-content\/uploads\/2024\/10\/2024.10.28.-Lesetuetenuebergabe-1.-3.-Klassen-02-768x721.jpg 768w, https:\/\/www.gs-essenheim.de\/wp-content\/uploads\/2024\/10\/2024.10.28.-Lesetuetenuebergabe-1.-3.-Klassen-02-1536x1442.jpg 1536w, https:\/\/www.gs-essenheim.de\/wp-content\/uploads\/2024\/10\/2024.10.28.-Lesetuetenuebergabe-1.-3.-Klassen-02-320x300.jpg 320w, https:\/\/www.gs-essenheim.de\/wp-content\/uploads\/2024\/10\/2024.10.28.-Lesetuetenuebergabe-1.-3.-Klassen-02.jpg 2045w\" sizes=\"auto, (max-width: 1024px) 100vw, 1024px\" \/><\/a><\/figure>\n\n\n\n<figure class=\"wp-block-image size-large\"><a href=\"https:\/\/www.gs-essenheim.de\/wp-content\/uploads\/2024\/10\/2024.10.28.-Lesetuetenuebergabe-1.-3.-Klassen-03.jpg\"><img loading=\"lazy\" decoding=\"async\" width=\"706\" height=\"1024\" data-id=\"10412\" src=\"https:\/\/www.gs-essenheim.de\/wp-content\/uploads\/2024\/10\/2024.10.28.-Lesetuetenuebergabe-1.-3.-Klassen-03-706x1024.jpg\" alt=\"\" class=\"wp-image-10412\" srcset=\"https:\/\/www.gs-essenheim.de\/wp-content\/uploads\/2024\/10\/2024.10.28.-Lesetuetenuebergabe-1.-3.-Klassen-03-706x1024.jpg 706w, https:\/\/www.gs-essenheim.de\/wp-content\/uploads\/2024\/10\/2024.10.28.-Lesetuetenuebergabe-1.-3.-Klassen-03-207x300.jpg 207w, https:\/\/www.gs-essenheim.de\/wp-content\/uploads\/2024\/10\/2024.10.28.-Lesetuetenuebergabe-1.-3.-Klassen-03-768x1115.jpg 768w, https:\/\/www.gs-essenheim.de\/wp-content\/uploads\/2024\/10\/2024.10.28.-Lesetuetenuebergabe-1.-3.-Klassen-03-1058x1536.jpg 1058w, https:\/\/www.gs-essenheim.de\/wp-content\/uploads\/2024\/10\/2024.10.28.-Lesetuetenuebergabe-1.-3.-Klassen-03-1411x2048.jpg 1411w, https:\/\/www.gs-essenheim.de\/wp-content\/uploads\/2024\/10\/2024.10.28.-Lesetuetenuebergabe-1.-3.-Klassen-03.jpg 1465w\" sizes=\"auto, (max-width: 706px) 100vw, 706px\" \/><\/a><\/figure>\n\n\n\n<figure class=\"wp-block-image size-large\"><a href=\"https:\/\/www.gs-essenheim.de\/wp-content\/uploads\/2024\/10\/2024.10.28.-Lesetuetenuebergabe-1.-3.-Klassen-04.jpg\"><img loading=\"lazy\" decoding=\"async\" width=\"1024\" height=\"826\" data-id=\"10413\" src=\"https:\/\/www.gs-essenheim.de\/wp-content\/uploads\/2024\/10\/2024.10.28.-Lesetuetenuebergabe-1.-3.-Klassen-04-1024x826.jpg\" alt=\"\" class=\"wp-image-10413\" srcset=\"https:\/\/www.gs-essenheim.de\/wp-content\/uploads\/2024\/10\/2024.10.28.-Lesetuetenuebergabe-1.-3.-Klassen-04-1024x826.jpg 1024w, https:\/\/www.gs-essenheim.de\/wp-content\/uploads\/2024\/10\/2024.10.28.-Lesetuetenuebergabe-1.-3.-Klassen-04-300x242.jpg 300w, https:\/\/www.gs-essenheim.de\/wp-content\/uploads\/2024\/10\/2024.10.28.-Lesetuetenuebergabe-1.-3.-Klassen-04-768x619.jpg 768w, https:\/\/www.gs-essenheim.de\/wp-content\/uploads\/2024\/10\/2024.10.28.-Lesetuetenuebergabe-1.-3.-Klassen-04-1536x1239.jpg 1536w, https:\/\/www.gs-essenheim.de\/wp-content\/uploads\/2024\/10\/2024.10.28.-Lesetuetenuebergabe-1.-3.-Klassen-04-2048x1652.jpg 2048w, https:\/\/www.gs-essenheim.de\/wp-content\/uploads\/2024\/10\/2024.10.28.-Lesetuetenuebergabe-1.-3.-Klassen-04-372x300.jpg 372w\" sizes=\"auto, (max-width: 1024px) 100vw, 1024px\" \/><\/a><\/figure>\n\n\n\n<figure class=\"wp-block-image size-large\"><a href=\"https:\/\/www.gs-essenheim.de\/wp-content\/uploads\/2024\/10\/2024.10.28.-Lesetuetenuebergabe-1.-3.-Klassen-05.jpg\"><img loading=\"lazy\" decoding=\"async\" width=\"1024\" height=\"1024\" data-id=\"10414\" src=\"https:\/\/www.gs-essenheim.de\/wp-content\/uploads\/2024\/10\/2024.10.28.-Lesetuetenuebergabe-1.-3.-Klassen-05-1024x1024.jpg\" alt=\"\" class=\"wp-image-10414\" srcset=\"https:\/\/www.gs-essenheim.de\/wp-content\/uploads\/2024\/10\/2024.10.28.-Lesetuetenuebergabe-1.-3.-Klassen-05-1024x1024.jpg 1024w, https:\/\/www.gs-essenheim.de\/wp-content\/uploads\/2024\/10\/2024.10.28.-Lesetuetenuebergabe-1.-3.-Klassen-05-300x300.jpg 300w, https:\/\/www.gs-essenheim.de\/wp-content\/uploads\/2024\/10\/2024.10.28.-Lesetuetenuebergabe-1.-3.-Klassen-05-150x150.jpg 150w, https:\/\/www.gs-essenheim.de\/wp-content\/uploads\/2024\/10\/2024.10.28.-Lesetuetenuebergabe-1.-3.-Klassen-05-768x769.jpg 768w, https:\/\/www.gs-essenheim.de\/wp-content\/uploads\/2024\/10\/2024.10.28.-Lesetuetenuebergabe-1.-3.-Klassen-05-1534x1536.jpg 1534w, https:\/\/www.gs-essenheim.de\/wp-content\/uploads\/2024\/10\/2024.10.28.-Lesetuetenuebergabe-1.-3.-Klassen-05.jpg 1589w\" sizes=\"auto, (max-width: 1024px) 100vw, 1024px\" \/><\/a><\/figure>\n\n\n\n<figure class=\"wp-block-image size-large\"><a href=\"https:\/\/www.gs-essenheim.de\/wp-content\/uploads\/2024\/10\/2024.10.28.-Lesetuetenuebergabe-1.-3.-Klassen-06.jpg\"><img loading=\"lazy\" decoding=\"async\" width=\"1024\" height=\"982\" data-id=\"10415\" src=\"https:\/\/www.gs-essenheim.de\/wp-content\/uploads\/2024\/10\/2024.10.28.-Lesetuetenuebergabe-1.-3.-Klassen-06-1024x982.jpg\" alt=\"\" class=\"wp-image-10415\" srcset=\"https:\/\/www.gs-essenheim.de\/wp-content\/uploads\/2024\/10\/2024.10.28.-Lesetuetenuebergabe-1.-3.-Klassen-06-1024x982.jpg 1024w, https:\/\/www.gs-essenheim.de\/wp-content\/uploads\/2024\/10\/2024.10.28.-Lesetuetenuebergabe-1.-3.-Klassen-06-300x288.jpg 300w, https:\/\/www.gs-essenheim.de\/wp-content\/uploads\/2024\/10\/2024.10.28.-Lesetuetenuebergabe-1.-3.-Klassen-06-768x736.jpg 768w, https:\/\/www.gs-essenheim.de\/wp-content\/uploads\/2024\/10\/2024.10.28.-Lesetuetenuebergabe-1.-3.-Klassen-06-1536x1473.jpg 1536w, https:\/\/www.gs-essenheim.de\/wp-content\/uploads\/2024\/10\/2024.10.28.-Lesetuetenuebergabe-1.-3.-Klassen-06-313x300.jpg 313w, https:\/\/www.gs-essenheim.de\/wp-content\/uploads\/2024\/10\/2024.10.28.-Lesetuetenuebergabe-1.-3.-Klassen-06.jpg 1700w\" sizes=\"auto, (max-width: 1024px) 100vw, 1024px\" \/><\/a><\/figure>\n\n\n\n<figure class=\"wp-block-image size-large\"><a href=\"https:\/\/www.gs-essenheim.de\/wp-content\/uploads\/2024\/10\/2024.10.28.-Lesetuetenuebergabe-1.-3.-Klassen-10.jpg\"><img loading=\"lazy\" decoding=\"async\" width=\"1024\" height=\"768\" data-id=\"10416\" src=\"https:\/\/www.gs-essenheim.de\/wp-content\/uploads\/2024\/10\/2024.10.28.-Lesetuetenuebergabe-1.-3.-Klassen-10-1024x768.jpg\" alt=\"\" class=\"wp-image-10416\" srcset=\"https:\/\/www.gs-essenheim.de\/wp-content\/uploads\/2024\/10\/2024.10.28.-Lesetuetenuebergabe-1.-3.-Klassen-10-1024x768.jpg 1024w, https:\/\/www.gs-essenheim.de\/wp-content\/uploads\/2024\/10\/2024.10.28.-Lesetuetenuebergabe-1.-3.-Klassen-10-300x225.jpg 300w, https:\/\/www.gs-essenheim.de\/wp-content\/uploads\/2024\/10\/2024.10.28.-Lesetuetenuebergabe-1.-3.-Klassen-10-768x576.jpg 768w, https:\/\/www.gs-essenheim.de\/wp-content\/uploads\/2024\/10\/2024.10.28.-Lesetuetenuebergabe-1.-3.-Klassen-10-1536x1152.jpg 1536w, https:\/\/www.gs-essenheim.de\/wp-content\/uploads\/2024\/10\/2024.10.28.-Lesetuetenuebergabe-1.-3.-Klassen-10-400x300.jpg 400w, https:\/\/www.gs-essenheim.de\/wp-content\/uploads\/2024\/10\/2024.10.28.-Lesetuetenuebergabe-1.-3.-Klassen-10.jpg 1600w\" sizes=\"auto, (max-width: 1024px) 100vw, 1024px\" \/><\/a><\/figure>\n<\/figure>\n\n\n\n<p class=\"has-text-align-center has-white-color has-white-background-color has-text-color has-background has-link-color wp-elements-f86d463cdee94af59aa2b47f4fdf8c2b\">Absatz<\/p>\n\n\n\n<h2 class=\"wp-block-heading has-text-align-center\">Ausflug der 1. Klassen zum Appel-Happel (20. September 2024)<\/h2>\n\n\n\n<figure class=\"wp-block-gallery has-nested-images columns-default is-cropped wp-block-gallery-20 is-layout-flex wp-block-gallery-is-layout-flex\">\n<figure class=\"wp-block-image size-large\"><a href=\"https:\/\/www.gs-essenheim.de\/wp-content\/uploads\/2024\/09\/2024.09.20.-Appel-Happel-1.-Klassen-01.jpg\"><img loading=\"lazy\" decoding=\"async\" width=\"768\" height=\"1024\" data-id=\"10362\" src=\"https:\/\/www.gs-essenheim.de\/wp-content\/uploads\/2024\/09\/2024.09.20.-Appel-Happel-1.-Klassen-01-768x1024.jpg\" alt=\"\" class=\"wp-image-10362\" srcset=\"https:\/\/www.gs-essenheim.de\/wp-content\/uploads\/2024\/09\/2024.09.20.-Appel-Happel-1.-Klassen-01-768x1024.jpg 768w, https:\/\/www.gs-essenheim.de\/wp-content\/uploads\/2024\/09\/2024.09.20.-Appel-Happel-1.-Klassen-01-225x300.jpg 225w, https:\/\/www.gs-essenheim.de\/wp-content\/uploads\/2024\/09\/2024.09.20.-Appel-Happel-1.-Klassen-01-1152x1536.jpg 1152w, https:\/\/www.gs-essenheim.de\/wp-content\/uploads\/2024\/09\/2024.09.20.-Appel-Happel-1.-Klassen-01.jpg 1536w\" sizes=\"auto, (max-width: 768px) 100vw, 768px\" \/><\/a><\/figure>\n\n\n\n<figure class=\"wp-block-image size-large\"><a href=\"https:\/\/www.gs-essenheim.de\/wp-content\/uploads\/2024\/10\/2024.09.20.-Appel-Happel-1.-Klassen-02.jpg\"><img loading=\"lazy\" decoding=\"async\" width=\"719\" height=\"1024\" data-id=\"10396\" src=\"https:\/\/www.gs-essenheim.de\/wp-content\/uploads\/2024\/10\/2024.09.20.-Appel-Happel-1.-Klassen-02-719x1024.jpg\" alt=\"\" class=\"wp-image-10396\" srcset=\"https:\/\/www.gs-essenheim.de\/wp-content\/uploads\/2024\/10\/2024.09.20.-Appel-Happel-1.-Klassen-02-719x1024.jpg 719w, https:\/\/www.gs-essenheim.de\/wp-content\/uploads\/2024\/10\/2024.09.20.-Appel-Happel-1.-Klassen-02-211x300.jpg 211w, https:\/\/www.gs-essenheim.de\/wp-content\/uploads\/2024\/10\/2024.09.20.-Appel-Happel-1.-Klassen-02-768x1094.jpg 768w, https:\/\/www.gs-essenheim.de\/wp-content\/uploads\/2024\/10\/2024.09.20.-Appel-Happel-1.-Klassen-02-1078x1536.jpg 1078w, https:\/\/www.gs-essenheim.de\/wp-content\/uploads\/2024\/10\/2024.09.20.-Appel-Happel-1.-Klassen-02.jpg 1090w\" sizes=\"auto, (max-width: 719px) 100vw, 719px\" \/><\/a><\/figure>\n\n\n\n<figure class=\"wp-block-image size-large\"><a href=\"https:\/\/www.gs-essenheim.de\/wp-content\/uploads\/2024\/10\/2024.09.20.-Appel-Happel-1.-Klassen-03.jpg\"><img loading=\"lazy\" decoding=\"async\" width=\"1024\" height=\"768\" data-id=\"10397\" src=\"https:\/\/www.gs-essenheim.de\/wp-content\/uploads\/2024\/10\/2024.09.20.-Appel-Happel-1.-Klassen-03-1024x768.jpg\" alt=\"\" class=\"wp-image-10397\" srcset=\"https:\/\/www.gs-essenheim.de\/wp-content\/uploads\/2024\/10\/2024.09.20.-Appel-Happel-1.-Klassen-03-1024x768.jpg 1024w, https:\/\/www.gs-essenheim.de\/wp-content\/uploads\/2024\/10\/2024.09.20.-Appel-Happel-1.-Klassen-03-300x225.jpg 300w, https:\/\/www.gs-essenheim.de\/wp-content\/uploads\/2024\/10\/2024.09.20.-Appel-Happel-1.-Klassen-03-768x576.jpg 768w, https:\/\/www.gs-essenheim.de\/wp-content\/uploads\/2024\/10\/2024.09.20.-Appel-Happel-1.-Klassen-03-1536x1152.jpg 1536w, https:\/\/www.gs-essenheim.de\/wp-content\/uploads\/2024\/10\/2024.09.20.-Appel-Happel-1.-Klassen-03-400x300.jpg 400w, https:\/\/www.gs-essenheim.de\/wp-content\/uploads\/2024\/10\/2024.09.20.-Appel-Happel-1.-Klassen-03.jpg 2048w\" sizes=\"auto, (max-width: 1024px) 100vw, 1024px\" \/><\/a><\/figure>\n\n\n\n<figure class=\"wp-block-image size-large\"><a href=\"https:\/\/www.gs-essenheim.de\/wp-content\/uploads\/2024\/10\/2024.09.20.-Appel-Happel-1.-Klassen-04.jpg\"><img loading=\"lazy\" decoding=\"async\" width=\"1024\" height=\"683\" data-id=\"10398\" src=\"https:\/\/www.gs-essenheim.de\/wp-content\/uploads\/2024\/10\/2024.09.20.-Appel-Happel-1.-Klassen-04-1024x683.jpg\" alt=\"\" class=\"wp-image-10398\" srcset=\"https:\/\/www.gs-essenheim.de\/wp-content\/uploads\/2024\/10\/2024.09.20.-Appel-Happel-1.-Klassen-04-1024x683.jpg 1024w, https:\/\/www.gs-essenheim.de\/wp-content\/uploads\/2024\/10\/2024.09.20.-Appel-Happel-1.-Klassen-04-300x200.jpg 300w, https:\/\/www.gs-essenheim.de\/wp-content\/uploads\/2024\/10\/2024.09.20.-Appel-Happel-1.-Klassen-04-768x512.jpg 768w, https:\/\/www.gs-essenheim.de\/wp-content\/uploads\/2024\/10\/2024.09.20.-Appel-Happel-1.-Klassen-04-1536x1025.jpg 1536w, https:\/\/www.gs-essenheim.de\/wp-content\/uploads\/2024\/10\/2024.09.20.-Appel-Happel-1.-Klassen-04-450x300.jpg 450w, https:\/\/www.gs-essenheim.de\/wp-content\/uploads\/2024\/10\/2024.09.20.-Appel-Happel-1.-Klassen-04.jpg 2048w\" sizes=\"auto, (max-width: 1024px) 100vw, 1024px\" \/><\/a><\/figure>\n\n\n\n<figure class=\"wp-block-image size-large\"><a href=\"https:\/\/www.gs-essenheim.de\/wp-content\/uploads\/2024\/10\/2024.09.20.-Appel-Happel-1.-Klassen-05.jpg\"><img loading=\"lazy\" decoding=\"async\" width=\"768\" height=\"1024\" data-id=\"10399\" src=\"https:\/\/www.gs-essenheim.de\/wp-content\/uploads\/2024\/10\/2024.09.20.-Appel-Happel-1.-Klassen-05-768x1024.jpg\" alt=\"\" class=\"wp-image-10399\" srcset=\"https:\/\/www.gs-essenheim.de\/wp-content\/uploads\/2024\/10\/2024.09.20.-Appel-Happel-1.-Klassen-05-768x1024.jpg 768w, https:\/\/www.gs-essenheim.de\/wp-content\/uploads\/2024\/10\/2024.09.20.-Appel-Happel-1.-Klassen-05-225x300.jpg 225w, https:\/\/www.gs-essenheim.de\/wp-content\/uploads\/2024\/10\/2024.09.20.-Appel-Happel-1.-Klassen-05-1152x1536.jpg 1152w, https:\/\/www.gs-essenheim.de\/wp-content\/uploads\/2024\/10\/2024.09.20.-Appel-Happel-1.-Klassen-05.jpg 1536w\" sizes=\"auto, (max-width: 768px) 100vw, 768px\" \/><\/a><\/figure>\n\n\n\n<figure class=\"wp-block-image size-large\"><a href=\"https:\/\/www.gs-essenheim.de\/wp-content\/uploads\/2024\/10\/2024.09.20.-Appel-Happel-1.-Klassen-06.jpg\"><img loading=\"lazy\" decoding=\"async\" width=\"1024\" height=\"906\" data-id=\"10400\" src=\"https:\/\/www.gs-essenheim.de\/wp-content\/uploads\/2024\/10\/2024.09.20.-Appel-Happel-1.-Klassen-06-1024x906.jpg\" alt=\"\" class=\"wp-image-10400\" srcset=\"https:\/\/www.gs-essenheim.de\/wp-content\/uploads\/2024\/10\/2024.09.20.-Appel-Happel-1.-Klassen-06-1024x906.jpg 1024w, https:\/\/www.gs-essenheim.de\/wp-content\/uploads\/2024\/10\/2024.09.20.-Appel-Happel-1.-Klassen-06-300x266.jpg 300w, https:\/\/www.gs-essenheim.de\/wp-content\/uploads\/2024\/10\/2024.09.20.-Appel-Happel-1.-Klassen-06-768x680.jpg 768w, https:\/\/www.gs-essenheim.de\/wp-content\/uploads\/2024\/10\/2024.09.20.-Appel-Happel-1.-Klassen-06-339x300.jpg 339w, https:\/\/www.gs-essenheim.de\/wp-content\/uploads\/2024\/10\/2024.09.20.-Appel-Happel-1.-Klassen-06.jpg 1348w\" sizes=\"auto, (max-width: 1024px) 100vw, 1024px\" \/><\/a><\/figure>\n\n\n\n<figure class=\"wp-block-image size-large\"><a href=\"https:\/\/www.gs-essenheim.de\/wp-content\/uploads\/2024\/10\/2024.09.20.-Appel-Happel-1.-Klassen-07.jpg\"><img loading=\"lazy\" decoding=\"async\" width=\"1024\" height=\"781\" data-id=\"10401\" src=\"https:\/\/www.gs-essenheim.de\/wp-content\/uploads\/2024\/10\/2024.09.20.-Appel-Happel-1.-Klassen-07-1024x781.jpg\" alt=\"\" class=\"wp-image-10401\" srcset=\"https:\/\/www.gs-essenheim.de\/wp-content\/uploads\/2024\/10\/2024.09.20.-Appel-Happel-1.-Klassen-07-1024x781.jpg 1024w, https:\/\/www.gs-essenheim.de\/wp-content\/uploads\/2024\/10\/2024.09.20.-Appel-Happel-1.-Klassen-07-300x229.jpg 300w, https:\/\/www.gs-essenheim.de\/wp-content\/uploads\/2024\/10\/2024.09.20.-Appel-Happel-1.-Klassen-07-768x586.jpg 768w, https:\/\/www.gs-essenheim.de\/wp-content\/uploads\/2024\/10\/2024.09.20.-Appel-Happel-1.-Klassen-07-393x300.jpg 393w, https:\/\/www.gs-essenheim.de\/wp-content\/uploads\/2024\/10\/2024.09.20.-Appel-Happel-1.-Klassen-07.jpg 1425w\" sizes=\"auto, (max-width: 1024px) 100vw, 1024px\" \/><\/a><\/figure>\n\n\n\n<figure class=\"wp-block-image size-large\"><a href=\"https:\/\/www.gs-essenheim.de\/wp-content\/uploads\/2024\/10\/2024.09.20.-Appel-Happel-1.-Klassen-08.jpg\"><img loading=\"lazy\" decoding=\"async\" width=\"1024\" height=\"756\" data-id=\"10402\" src=\"https:\/\/www.gs-essenheim.de\/wp-content\/uploads\/2024\/10\/2024.09.20.-Appel-Happel-1.-Klassen-08-1024x756.jpg\" alt=\"\" class=\"wp-image-10402\" srcset=\"https:\/\/www.gs-essenheim.de\/wp-content\/uploads\/2024\/10\/2024.09.20.-Appel-Happel-1.-Klassen-08-1024x756.jpg 1024w, https:\/\/www.gs-essenheim.de\/wp-content\/uploads\/2024\/10\/2024.09.20.-Appel-Happel-1.-Klassen-08-300x221.jpg 300w, https:\/\/www.gs-essenheim.de\/wp-content\/uploads\/2024\/10\/2024.09.20.-Appel-Happel-1.-Klassen-08-768x567.jpg 768w, https:\/\/www.gs-essenheim.de\/wp-content\/uploads\/2024\/10\/2024.09.20.-Appel-Happel-1.-Klassen-08-406x300.jpg 406w, https:\/\/www.gs-essenheim.de\/wp-content\/uploads\/2024\/10\/2024.09.20.-Appel-Happel-1.-Klassen-08.jpg 1459w\" sizes=\"auto, (max-width: 1024px) 100vw, 1024px\" \/><\/a><\/figure>\n<\/figure>\n\n\n\n<p class=\"has-text-align-center has-white-color has-white-background-color has-text-color has-background has-link-color wp-elements-f86d463cdee94af59aa2b47f4fdf8c2b\">Absatz<\/p>\n\n\n\n<h2 class=\"wp-block-heading has-text-align-center\">SU-Thema &#8222;Schule fr\u00fcher&#8220; der 4. Klassen (20. September 2024)<\/h2>\n\n\n\n<figure class=\"wp-block-gallery has-nested-images columns-default is-cropped wp-block-gallery-21 is-layout-flex wp-block-gallery-is-layout-flex\">\n<figure class=\"wp-block-image size-large\"><a href=\"https:\/\/www.gs-essenheim.de\/wp-content\/uploads\/2024\/09\/2024.09.20.-Schule-frueher-4.-Klassen-01-scaled.jpg\"><img loading=\"lazy\" decoding=\"async\" width=\"768\" height=\"1024\" data-id=\"10380\" src=\"https:\/\/www.gs-essenheim.de\/wp-content\/uploads\/2024\/09\/2024.09.20.-Schule-frueher-4.-Klassen-01-768x1024.jpg\" alt=\"\" class=\"wp-image-10380\" srcset=\"https:\/\/www.gs-essenheim.de\/wp-content\/uploads\/2024\/09\/2024.09.20.-Schule-frueher-4.-Klassen-01-768x1024.jpg 768w, https:\/\/www.gs-essenheim.de\/wp-content\/uploads\/2024\/09\/2024.09.20.-Schule-frueher-4.-Klassen-01-225x300.jpg 225w, https:\/\/www.gs-essenheim.de\/wp-content\/uploads\/2024\/09\/2024.09.20.-Schule-frueher-4.-Klassen-01-1152x1536.jpg 1152w, https:\/\/www.gs-essenheim.de\/wp-content\/uploads\/2024\/09\/2024.09.20.-Schule-frueher-4.-Klassen-01-1536x2048.jpg 1536w, https:\/\/www.gs-essenheim.de\/wp-content\/uploads\/2024\/09\/2024.09.20.-Schule-frueher-4.-Klassen-01-scaled.jpg 1920w\" sizes=\"auto, (max-width: 768px) 100vw, 768px\" \/><\/a><\/figure>\n\n\n\n<figure class=\"wp-block-image size-large\"><a href=\"https:\/\/www.gs-essenheim.de\/wp-content\/uploads\/2024\/09\/2024.09.20.-Schule-frueher-4.-Klassen-02-scaled.jpg\"><img loading=\"lazy\" decoding=\"async\" width=\"768\" height=\"1024\" data-id=\"10381\" src=\"https:\/\/www.gs-essenheim.de\/wp-content\/uploads\/2024\/09\/2024.09.20.-Schule-frueher-4.-Klassen-02-768x1024.jpg\" alt=\"\" class=\"wp-image-10381\" srcset=\"https:\/\/www.gs-essenheim.de\/wp-content\/uploads\/2024\/09\/2024.09.20.-Schule-frueher-4.-Klassen-02-768x1024.jpg 768w, https:\/\/www.gs-essenheim.de\/wp-content\/uploads\/2024\/09\/2024.09.20.-Schule-frueher-4.-Klassen-02-225x300.jpg 225w, https:\/\/www.gs-essenheim.de\/wp-content\/uploads\/2024\/09\/2024.09.20.-Schule-frueher-4.-Klassen-02-1152x1536.jpg 1152w, https:\/\/www.gs-essenheim.de\/wp-content\/uploads\/2024\/09\/2024.09.20.-Schule-frueher-4.-Klassen-02-1536x2048.jpg 1536w, https:\/\/www.gs-essenheim.de\/wp-content\/uploads\/2024\/09\/2024.09.20.-Schule-frueher-4.-Klassen-02-scaled.jpg 1920w\" sizes=\"auto, (max-width: 768px) 100vw, 768px\" \/><\/a><\/figure>\n\n\n\n<figure class=\"wp-block-image size-large\"><a href=\"https:\/\/www.gs-essenheim.de\/wp-content\/uploads\/2024\/09\/2024.09.20.-Schule-frueher-4.-Klassen-03-scaled.jpg\"><img loading=\"lazy\" decoding=\"async\" width=\"768\" height=\"1024\" data-id=\"10382\" src=\"https:\/\/www.gs-essenheim.de\/wp-content\/uploads\/2024\/09\/2024.09.20.-Schule-frueher-4.-Klassen-03-768x1024.jpg\" alt=\"\" class=\"wp-image-10382\" srcset=\"https:\/\/www.gs-essenheim.de\/wp-content\/uploads\/2024\/09\/2024.09.20.-Schule-frueher-4.-Klassen-03-768x1024.jpg 768w, https:\/\/www.gs-essenheim.de\/wp-content\/uploads\/2024\/09\/2024.09.20.-Schule-frueher-4.-Klassen-03-225x300.jpg 225w, https:\/\/www.gs-essenheim.de\/wp-content\/uploads\/2024\/09\/2024.09.20.-Schule-frueher-4.-Klassen-03-1152x1536.jpg 1152w, https:\/\/www.gs-essenheim.de\/wp-content\/uploads\/2024\/09\/2024.09.20.-Schule-frueher-4.-Klassen-03-1536x2048.jpg 1536w, https:\/\/www.gs-essenheim.de\/wp-content\/uploads\/2024\/09\/2024.09.20.-Schule-frueher-4.-Klassen-03-scaled.jpg 1920w\" sizes=\"auto, (max-width: 768px) 100vw, 768px\" \/><\/a><\/figure>\n\n\n\n<figure class=\"wp-block-image size-large\"><a href=\"https:\/\/www.gs-essenheim.de\/wp-content\/uploads\/2024\/09\/2024.09.20.-Schule-frueher-4.-Klassen-04-scaled.jpg\"><img loading=\"lazy\" decoding=\"async\" width=\"768\" height=\"1024\" data-id=\"10383\" src=\"https:\/\/www.gs-essenheim.de\/wp-content\/uploads\/2024\/09\/2024.09.20.-Schule-frueher-4.-Klassen-04-768x1024.jpg\" alt=\"\" class=\"wp-image-10383\" srcset=\"https:\/\/www.gs-essenheim.de\/wp-content\/uploads\/2024\/09\/2024.09.20.-Schule-frueher-4.-Klassen-04-768x1024.jpg 768w, https:\/\/www.gs-essenheim.de\/wp-content\/uploads\/2024\/09\/2024.09.20.-Schule-frueher-4.-Klassen-04-225x300.jpg 225w, https:\/\/www.gs-essenheim.de\/wp-content\/uploads\/2024\/09\/2024.09.20.-Schule-frueher-4.-Klassen-04-1152x1536.jpg 1152w, https:\/\/www.gs-essenheim.de\/wp-content\/uploads\/2024\/09\/2024.09.20.-Schule-frueher-4.-Klassen-04-1536x2048.jpg 1536w, https:\/\/www.gs-essenheim.de\/wp-content\/uploads\/2024\/09\/2024.09.20.-Schule-frueher-4.-Klassen-04-scaled.jpg 1920w\" sizes=\"auto, (max-width: 768px) 100vw, 768px\" \/><\/a><\/figure>\n<\/figure>\n\n\n\n<p class=\"has-text-align-center has-white-color has-white-background-color has-text-color has-background has-link-color wp-elements-f86d463cdee94af59aa2b47f4fdf8c2b\">Absatz<\/p>\n\n\n\n<h2 class=\"wp-block-heading has-text-align-center\">Schulgarten-AG (12. September 2024)<\/h2>\n\n\n\n<figure class=\"wp-block-gallery has-nested-images columns-default is-cropped wp-block-gallery-22 is-layout-flex wp-block-gallery-is-layout-flex\">\n<figure class=\"wp-block-image size-large\"><a href=\"https:\/\/www.gs-essenheim.de\/wp-content\/uploads\/2024\/09\/2024.09.12.-Schulgarten-AG-01.jpg\"><img loading=\"lazy\" decoding=\"async\" width=\"768\" height=\"1024\" data-id=\"10354\" src=\"https:\/\/www.gs-essenheim.de\/wp-content\/uploads\/2024\/09\/2024.09.12.-Schulgarten-AG-01-768x1024.jpg\" alt=\"\" class=\"wp-image-10354\" srcset=\"https:\/\/www.gs-essenheim.de\/wp-content\/uploads\/2024\/09\/2024.09.12.-Schulgarten-AG-01-768x1024.jpg 768w, https:\/\/www.gs-essenheim.de\/wp-content\/uploads\/2024\/09\/2024.09.12.-Schulgarten-AG-01-225x300.jpg 225w, https:\/\/www.gs-essenheim.de\/wp-content\/uploads\/2024\/09\/2024.09.12.-Schulgarten-AG-01-1152x1536.jpg 1152w, https:\/\/www.gs-essenheim.de\/wp-content\/uploads\/2024\/09\/2024.09.12.-Schulgarten-AG-01.jpg 1536w\" sizes=\"auto, (max-width: 768px) 100vw, 768px\" \/><\/a><\/figure>\n\n\n\n<figure class=\"wp-block-image size-large\"><a href=\"https:\/\/www.gs-essenheim.de\/wp-content\/uploads\/2024\/09\/2024.09.12.-Schulgarten-AG-02.jpg\"><img loading=\"lazy\" decoding=\"async\" width=\"768\" height=\"1024\" data-id=\"10355\" src=\"https:\/\/www.gs-essenheim.de\/wp-content\/uploads\/2024\/09\/2024.09.12.-Schulgarten-AG-02-768x1024.jpg\" alt=\"\" class=\"wp-image-10355\" srcset=\"https:\/\/www.gs-essenheim.de\/wp-content\/uploads\/2024\/09\/2024.09.12.-Schulgarten-AG-02-768x1024.jpg 768w, https:\/\/www.gs-essenheim.de\/wp-content\/uploads\/2024\/09\/2024.09.12.-Schulgarten-AG-02-225x300.jpg 225w, https:\/\/www.gs-essenheim.de\/wp-content\/uploads\/2024\/09\/2024.09.12.-Schulgarten-AG-02-1152x1536.jpg 1152w, https:\/\/www.gs-essenheim.de\/wp-content\/uploads\/2024\/09\/2024.09.12.-Schulgarten-AG-02.jpg 1536w\" sizes=\"auto, (max-width: 768px) 100vw, 768px\" \/><\/a><\/figure>\n\n\n\n<figure class=\"wp-block-image size-large\"><a href=\"https:\/\/www.gs-essenheim.de\/wp-content\/uploads\/2024\/09\/2024.09.12.-Schulgarten-AG-03.jpg\"><img loading=\"lazy\" decoding=\"async\" width=\"768\" height=\"1024\" data-id=\"10356\" src=\"https:\/\/www.gs-essenheim.de\/wp-content\/uploads\/2024\/09\/2024.09.12.-Schulgarten-AG-03-768x1024.jpg\" alt=\"\" class=\"wp-image-10356\" srcset=\"https:\/\/www.gs-essenheim.de\/wp-content\/uploads\/2024\/09\/2024.09.12.-Schulgarten-AG-03-768x1024.jpg 768w, https:\/\/www.gs-essenheim.de\/wp-content\/uploads\/2024\/09\/2024.09.12.-Schulgarten-AG-03-225x300.jpg 225w, https:\/\/www.gs-essenheim.de\/wp-content\/uploads\/2024\/09\/2024.09.12.-Schulgarten-AG-03-1152x1536.jpg 1152w, https:\/\/www.gs-essenheim.de\/wp-content\/uploads\/2024\/09\/2024.09.12.-Schulgarten-AG-03.jpg 1536w\" sizes=\"auto, (max-width: 768px) 100vw, 768px\" \/><\/a><\/figure>\n\n\n\n<figure class=\"wp-block-image size-large\"><a href=\"https:\/\/www.gs-essenheim.de\/wp-content\/uploads\/2024\/09\/2024.09.12.-Schulgarten-AG-04.jpg\"><img loading=\"lazy\" decoding=\"async\" width=\"768\" height=\"1024\" data-id=\"10357\" src=\"https:\/\/www.gs-essenheim.de\/wp-content\/uploads\/2024\/09\/2024.09.12.-Schulgarten-AG-04-768x1024.jpg\" alt=\"\" class=\"wp-image-10357\" srcset=\"https:\/\/www.gs-essenheim.de\/wp-content\/uploads\/2024\/09\/2024.09.12.-Schulgarten-AG-04-768x1024.jpg 768w, https:\/\/www.gs-essenheim.de\/wp-content\/uploads\/2024\/09\/2024.09.12.-Schulgarten-AG-04-225x300.jpg 225w, https:\/\/www.gs-essenheim.de\/wp-content\/uploads\/2024\/09\/2024.09.12.-Schulgarten-AG-04-1152x1536.jpg 1152w, https:\/\/www.gs-essenheim.de\/wp-content\/uploads\/2024\/09\/2024.09.12.-Schulgarten-AG-04.jpg 1536w\" sizes=\"auto, (max-width: 768px) 100vw, 768px\" \/><\/a><\/figure>\n\n\n\n<figure class=\"wp-block-image size-large\"><a href=\"https:\/\/www.gs-essenheim.de\/wp-content\/uploads\/2024\/09\/2024.09.12.-Schulgarten-AG-05.jpg\"><img loading=\"lazy\" decoding=\"async\" width=\"1024\" height=\"768\" data-id=\"10358\" src=\"https:\/\/www.gs-essenheim.de\/wp-content\/uploads\/2024\/09\/2024.09.12.-Schulgarten-AG-05-1024x768.jpg\" alt=\"\" class=\"wp-image-10358\" srcset=\"https:\/\/www.gs-essenheim.de\/wp-content\/uploads\/2024\/09\/2024.09.12.-Schulgarten-AG-05-1024x768.jpg 1024w, https:\/\/www.gs-essenheim.de\/wp-content\/uploads\/2024\/09\/2024.09.12.-Schulgarten-AG-05-300x225.jpg 300w, https:\/\/www.gs-essenheim.de\/wp-content\/uploads\/2024\/09\/2024.09.12.-Schulgarten-AG-05-768x576.jpg 768w, https:\/\/www.gs-essenheim.de\/wp-content\/uploads\/2024\/09\/2024.09.12.-Schulgarten-AG-05-1536x1152.jpg 1536w, https:\/\/www.gs-essenheim.de\/wp-content\/uploads\/2024\/09\/2024.09.12.-Schulgarten-AG-05-400x300.jpg 400w, https:\/\/www.gs-essenheim.de\/wp-content\/uploads\/2024\/09\/2024.09.12.-Schulgarten-AG-05.jpg 2048w\" sizes=\"auto, (max-width: 1024px) 100vw, 1024px\" \/><\/a><\/figure>\n<\/figure>\n\n\n\n<p class=\"has-text-align-center has-white-color has-white-background-color has-text-color has-background has-link-color wp-elements-f86d463cdee94af59aa2b47f4fdf8c2b\">Absatz<\/p>\n\n\n\n<h2 class=\"wp-block-heading has-text-align-center\">Feueralarmprobe (6. September 2024)<\/h2>\n\n\n\n<figure class=\"wp-block-gallery has-nested-images columns-default is-cropped wp-block-gallery-23 is-layout-flex wp-block-gallery-is-layout-flex\">\n<figure class=\"wp-block-image size-large\"><a href=\"https:\/\/www.gs-essenheim.de\/wp-content\/uploads\/2024\/09\/2024.09.05.-Feuerarlarm-01-scaled.jpg\"><img loading=\"lazy\" decoding=\"async\" width=\"1024\" height=\"768\" data-id=\"10337\" src=\"https:\/\/www.gs-essenheim.de\/wp-content\/uploads\/2024\/09\/2024.09.05.-Feuerarlarm-01-1024x768.jpg\" alt=\"\" class=\"wp-image-10337\" srcset=\"https:\/\/www.gs-essenheim.de\/wp-content\/uploads\/2024\/09\/2024.09.05.-Feuerarlarm-01-1024x768.jpg 1024w, https:\/\/www.gs-essenheim.de\/wp-content\/uploads\/2024\/09\/2024.09.05.-Feuerarlarm-01-300x225.jpg 300w, https:\/\/www.gs-essenheim.de\/wp-content\/uploads\/2024\/09\/2024.09.05.-Feuerarlarm-01-768x576.jpg 768w, https:\/\/www.gs-essenheim.de\/wp-content\/uploads\/2024\/09\/2024.09.05.-Feuerarlarm-01-1536x1152.jpg 1536w, https:\/\/www.gs-essenheim.de\/wp-content\/uploads\/2024\/09\/2024.09.05.-Feuerarlarm-01-2048x1536.jpg 2048w, https:\/\/www.gs-essenheim.de\/wp-content\/uploads\/2024\/09\/2024.09.05.-Feuerarlarm-01-400x300.jpg 400w\" sizes=\"auto, (max-width: 1024px) 100vw, 1024px\" \/><\/a><\/figure>\n\n\n\n<figure class=\"wp-block-image size-large\"><a href=\"https:\/\/www.gs-essenheim.de\/wp-content\/uploads\/2024\/09\/2024.09.05.-Feuerarlarm-02-scaled.jpg\"><img loading=\"lazy\" decoding=\"async\" width=\"1024\" height=\"768\" data-id=\"10338\" src=\"https:\/\/www.gs-essenheim.de\/wp-content\/uploads\/2024\/09\/2024.09.05.-Feuerarlarm-02-1024x768.jpg\" alt=\"\" class=\"wp-image-10338\" srcset=\"https:\/\/www.gs-essenheim.de\/wp-content\/uploads\/2024\/09\/2024.09.05.-Feuerarlarm-02-1024x768.jpg 1024w, https:\/\/www.gs-essenheim.de\/wp-content\/uploads\/2024\/09\/2024.09.05.-Feuerarlarm-02-300x225.jpg 300w, https:\/\/www.gs-essenheim.de\/wp-content\/uploads\/2024\/09\/2024.09.05.-Feuerarlarm-02-768x576.jpg 768w, https:\/\/www.gs-essenheim.de\/wp-content\/uploads\/2024\/09\/2024.09.05.-Feuerarlarm-02-1536x1152.jpg 1536w, https:\/\/www.gs-essenheim.de\/wp-content\/uploads\/2024\/09\/2024.09.05.-Feuerarlarm-02-2048x1536.jpg 2048w, https:\/\/www.gs-essenheim.de\/wp-content\/uploads\/2024\/09\/2024.09.05.-Feuerarlarm-02-400x300.jpg 400w\" sizes=\"auto, (max-width: 1024px) 100vw, 1024px\" \/><\/a><\/figure>\n\n\n\n<figure class=\"wp-block-image size-large\"><a href=\"https:\/\/www.gs-essenheim.de\/wp-content\/uploads\/2024\/09\/2024.09.05.-Feuerarlarm-03-scaled.jpg\"><img loading=\"lazy\" decoding=\"async\" width=\"1024\" height=\"768\" data-id=\"10339\" src=\"https:\/\/www.gs-essenheim.de\/wp-content\/uploads\/2024\/09\/2024.09.05.-Feuerarlarm-03-1024x768.jpg\" alt=\"\" class=\"wp-image-10339\" srcset=\"https:\/\/www.gs-essenheim.de\/wp-content\/uploads\/2024\/09\/2024.09.05.-Feuerarlarm-03-1024x768.jpg 1024w, https:\/\/www.gs-essenheim.de\/wp-content\/uploads\/2024\/09\/2024.09.05.-Feuerarlarm-03-300x225.jpg 300w, https:\/\/www.gs-essenheim.de\/wp-content\/uploads\/2024\/09\/2024.09.05.-Feuerarlarm-03-768x576.jpg 768w, https:\/\/www.gs-essenheim.de\/wp-content\/uploads\/2024\/09\/2024.09.05.-Feuerarlarm-03-1536x1152.jpg 1536w, https:\/\/www.gs-essenheim.de\/wp-content\/uploads\/2024\/09\/2024.09.05.-Feuerarlarm-03-2048x1536.jpg 2048w, https:\/\/www.gs-essenheim.de\/wp-content\/uploads\/2024\/09\/2024.09.05.-Feuerarlarm-03-400x300.jpg 400w\" sizes=\"auto, (max-width: 1024px) 100vw, 1024px\" \/><\/a><\/figure>\n<\/figure>\n\n\n\n<p class=\"has-text-align-center has-white-color has-white-background-color has-text-color has-background has-link-color wp-elements-f86d463cdee94af59aa2b47f4fdf8c2b\">Absatz<\/p>\n\n\n\n<h2 class=\"wp-block-heading has-text-align-center\">Klasse 4a w\u00e4hrend ihrer t\u00e4glichen 10-min\u00fctigen-Lesebandzeit (28. August 2024)<\/h2>\n\n\n\n<figure class=\"wp-block-gallery has-nested-images columns-default is-cropped wp-block-gallery-24 is-layout-flex wp-block-gallery-is-layout-flex\">\n<figure class=\"wp-block-image size-large\"><a href=\"https:\/\/www.gs-essenheim.de\/wp-content\/uploads\/2024\/08\/2024.08.28.-Leseband-Klasse-4a-01-scaled.jpg\"><img loading=\"lazy\" decoding=\"async\" width=\"1024\" height=\"768\" data-id=\"10317\" src=\"https:\/\/www.gs-essenheim.de\/wp-content\/uploads\/2024\/08\/2024.08.28.-Leseband-Klasse-4a-01-1024x768.jpg\" alt=\"\" class=\"wp-image-10317\" srcset=\"https:\/\/www.gs-essenheim.de\/wp-content\/uploads\/2024\/08\/2024.08.28.-Leseband-Klasse-4a-01-1024x768.jpg 1024w, https:\/\/www.gs-essenheim.de\/wp-content\/uploads\/2024\/08\/2024.08.28.-Leseband-Klasse-4a-01-300x225.jpg 300w, https:\/\/www.gs-essenheim.de\/wp-content\/uploads\/2024\/08\/2024.08.28.-Leseband-Klasse-4a-01-768x576.jpg 768w, https:\/\/www.gs-essenheim.de\/wp-content\/uploads\/2024\/08\/2024.08.28.-Leseband-Klasse-4a-01-1536x1152.jpg 1536w, https:\/\/www.gs-essenheim.de\/wp-content\/uploads\/2024\/08\/2024.08.28.-Leseband-Klasse-4a-01-2048x1536.jpg 2048w, https:\/\/www.gs-essenheim.de\/wp-content\/uploads\/2024\/08\/2024.08.28.-Leseband-Klasse-4a-01-400x300.jpg 400w\" sizes=\"auto, (max-width: 1024px) 100vw, 1024px\" \/><\/a><\/figure>\n\n\n\n<figure class=\"wp-block-image size-large\"><a href=\"https:\/\/www.gs-essenheim.de\/wp-content\/uploads\/2024\/08\/2024.08.28.-Leseband-Klasse-4a-02-scaled.jpg\"><img loading=\"lazy\" decoding=\"async\" width=\"768\" height=\"1024\" data-id=\"10318\" src=\"https:\/\/www.gs-essenheim.de\/wp-content\/uploads\/2024\/08\/2024.08.28.-Leseband-Klasse-4a-02-768x1024.jpg\" alt=\"\" class=\"wp-image-10318\" srcset=\"https:\/\/www.gs-essenheim.de\/wp-content\/uploads\/2024\/08\/2024.08.28.-Leseband-Klasse-4a-02-768x1024.jpg 768w, https:\/\/www.gs-essenheim.de\/wp-content\/uploads\/2024\/08\/2024.08.28.-Leseband-Klasse-4a-02-225x300.jpg 225w, https:\/\/www.gs-essenheim.de\/wp-content\/uploads\/2024\/08\/2024.08.28.-Leseband-Klasse-4a-02-1152x1536.jpg 1152w, https:\/\/www.gs-essenheim.de\/wp-content\/uploads\/2024\/08\/2024.08.28.-Leseband-Klasse-4a-02-1536x2048.jpg 1536w, https:\/\/www.gs-essenheim.de\/wp-content\/uploads\/2024\/08\/2024.08.28.-Leseband-Klasse-4a-02-scaled.jpg 1920w\" sizes=\"auto, (max-width: 768px) 100vw, 768px\" \/><\/a><\/figure>\n\n\n\n<figure class=\"wp-block-image size-large\"><a href=\"https:\/\/www.gs-essenheim.de\/wp-content\/uploads\/2024\/08\/2024.08.28.-Leseband-Klasse-4a-03-scaled.jpg\"><img loading=\"lazy\" decoding=\"async\" width=\"1024\" height=\"768\" data-id=\"10319\" src=\"https:\/\/www.gs-essenheim.de\/wp-content\/uploads\/2024\/08\/2024.08.28.-Leseband-Klasse-4a-03-1024x768.jpg\" alt=\"\" class=\"wp-image-10319\" srcset=\"https:\/\/www.gs-essenheim.de\/wp-content\/uploads\/2024\/08\/2024.08.28.-Leseband-Klasse-4a-03-1024x768.jpg 1024w, https:\/\/www.gs-essenheim.de\/wp-content\/uploads\/2024\/08\/2024.08.28.-Leseband-Klasse-4a-03-300x225.jpg 300w, https:\/\/www.gs-essenheim.de\/wp-content\/uploads\/2024\/08\/2024.08.28.-Leseband-Klasse-4a-03-768x576.jpg 768w, https:\/\/www.gs-essenheim.de\/wp-content\/uploads\/2024\/08\/2024.08.28.-Leseband-Klasse-4a-03-1536x1152.jpg 1536w, https:\/\/www.gs-essenheim.de\/wp-content\/uploads\/2024\/08\/2024.08.28.-Leseband-Klasse-4a-03-2048x1536.jpg 2048w, https:\/\/www.gs-essenheim.de\/wp-content\/uploads\/2024\/08\/2024.08.28.-Leseband-Klasse-4a-03-400x300.jpg 400w\" sizes=\"auto, (max-width: 1024px) 100vw, 1024px\" \/><\/a><\/figure>\n\n\n\n<figure class=\"wp-block-image size-large\"><a href=\"https:\/\/www.gs-essenheim.de\/wp-content\/uploads\/2024\/08\/2024.08.28.-Leseband-Klasse-4a-04-scaled.jpg\"><img loading=\"lazy\" decoding=\"async\" width=\"1024\" height=\"768\" data-id=\"10320\" src=\"https:\/\/www.gs-essenheim.de\/wp-content\/uploads\/2024\/08\/2024.08.28.-Leseband-Klasse-4a-04-1024x768.jpg\" alt=\"\" class=\"wp-image-10320\" srcset=\"https:\/\/www.gs-essenheim.de\/wp-content\/uploads\/2024\/08\/2024.08.28.-Leseband-Klasse-4a-04-1024x768.jpg 1024w, https:\/\/www.gs-essenheim.de\/wp-content\/uploads\/2024\/08\/2024.08.28.-Leseband-Klasse-4a-04-300x225.jpg 300w, https:\/\/www.gs-essenheim.de\/wp-content\/uploads\/2024\/08\/2024.08.28.-Leseband-Klasse-4a-04-768x576.jpg 768w, https:\/\/www.gs-essenheim.de\/wp-content\/uploads\/2024\/08\/2024.08.28.-Leseband-Klasse-4a-04-1536x1152.jpg 1536w, https:\/\/www.gs-essenheim.de\/wp-content\/uploads\/2024\/08\/2024.08.28.-Leseband-Klasse-4a-04-2048x1536.jpg 2048w, https:\/\/www.gs-essenheim.de\/wp-content\/uploads\/2024\/08\/2024.08.28.-Leseband-Klasse-4a-04-400x300.jpg 400w\" sizes=\"auto, (max-width: 1024px) 100vw, 1024px\" \/><\/a><\/figure>\n\n\n\n<figure class=\"wp-block-image size-large\"><a href=\"https:\/\/www.gs-essenheim.de\/wp-content\/uploads\/2024\/08\/2024.08.28.-Leseband-Klasse-4a-05-scaled.jpg\"><img loading=\"lazy\" decoding=\"async\" width=\"1024\" height=\"768\" data-id=\"10321\" src=\"https:\/\/www.gs-essenheim.de\/wp-content\/uploads\/2024\/08\/2024.08.28.-Leseband-Klasse-4a-05-1024x768.jpg\" alt=\"\" class=\"wp-image-10321\" srcset=\"https:\/\/www.gs-essenheim.de\/wp-content\/uploads\/2024\/08\/2024.08.28.-Leseband-Klasse-4a-05-1024x768.jpg 1024w, https:\/\/www.gs-essenheim.de\/wp-content\/uploads\/2024\/08\/2024.08.28.-Leseband-Klasse-4a-05-300x225.jpg 300w, https:\/\/www.gs-essenheim.de\/wp-content\/uploads\/2024\/08\/2024.08.28.-Leseband-Klasse-4a-05-768x576.jpg 768w, https:\/\/www.gs-essenheim.de\/wp-content\/uploads\/2024\/08\/2024.08.28.-Leseband-Klasse-4a-05-1536x1152.jpg 1536w, https:\/\/www.gs-essenheim.de\/wp-content\/uploads\/2024\/08\/2024.08.28.-Leseband-Klasse-4a-05-2048x1536.jpg 2048w, https:\/\/www.gs-essenheim.de\/wp-content\/uploads\/2024\/08\/2024.08.28.-Leseband-Klasse-4a-05-400x300.jpg 400w\" sizes=\"auto, (max-width: 1024px) 100vw, 1024px\" \/><\/a><\/figure>\n<\/figure>\n\n\n\n<p class=\"has-text-align-center has-white-color has-white-background-color has-text-color has-background has-link-color wp-elements-f86d463cdee94af59aa2b47f4fdf8c2b\">Absatz<\/p>\n\n\n\n<h2 class=\"wp-block-heading has-text-align-center\">Einschulung (27. August 2024)<\/h2>\n\n\n\n<figure class=\"wp-block-gallery has-nested-images columns-default is-cropped wp-block-gallery-25 is-layout-flex wp-block-gallery-is-layout-flex\">\n<figure class=\"wp-block-image size-large\"><a href=\"https:\/\/www.gs-essenheim.de\/wp-content\/uploads\/2024\/08\/2024.08.27.-Einschulung-01-scaled.jpg\"><img loading=\"lazy\" decoding=\"async\" width=\"736\" height=\"1024\" data-id=\"10306\" src=\"https:\/\/www.gs-essenheim.de\/wp-content\/uploads\/2024\/08\/2024.08.27.-Einschulung-01-736x1024.jpg\" alt=\"\" class=\"wp-image-10306\" srcset=\"https:\/\/www.gs-essenheim.de\/wp-content\/uploads\/2024\/08\/2024.08.27.-Einschulung-01-736x1024.jpg 736w, https:\/\/www.gs-essenheim.de\/wp-content\/uploads\/2024\/08\/2024.08.27.-Einschulung-01-216x300.jpg 216w, https:\/\/www.gs-essenheim.de\/wp-content\/uploads\/2024\/08\/2024.08.27.-Einschulung-01-768x1068.jpg 768w, https:\/\/www.gs-essenheim.de\/wp-content\/uploads\/2024\/08\/2024.08.27.-Einschulung-01-1104x1536.jpg 1104w, https:\/\/www.gs-essenheim.de\/wp-content\/uploads\/2024\/08\/2024.08.27.-Einschulung-01-1472x2048.jpg 1472w, https:\/\/www.gs-essenheim.de\/wp-content\/uploads\/2024\/08\/2024.08.27.-Einschulung-01-scaled.jpg 1840w\" sizes=\"auto, (max-width: 736px) 100vw, 736px\" \/><\/a><\/figure>\n\n\n\n<figure class=\"wp-block-image size-large\"><a href=\"https:\/\/www.gs-essenheim.de\/wp-content\/uploads\/2024\/08\/2024.08.27.-Einschulung-02.jpg\"><img loading=\"lazy\" decoding=\"async\" width=\"1024\" height=\"768\" data-id=\"10307\" src=\"https:\/\/www.gs-essenheim.de\/wp-content\/uploads\/2024\/08\/2024.08.27.-Einschulung-02-1024x768.jpg\" alt=\"\" class=\"wp-image-10307\" srcset=\"https:\/\/www.gs-essenheim.de\/wp-content\/uploads\/2024\/08\/2024.08.27.-Einschulung-02-1024x768.jpg 1024w, https:\/\/www.gs-essenheim.de\/wp-content\/uploads\/2024\/08\/2024.08.27.-Einschulung-02-300x225.jpg 300w, https:\/\/www.gs-essenheim.de\/wp-content\/uploads\/2024\/08\/2024.08.27.-Einschulung-02-768x576.jpg 768w, https:\/\/www.gs-essenheim.de\/wp-content\/uploads\/2024\/08\/2024.08.27.-Einschulung-02-1536x1152.jpg 1536w, https:\/\/www.gs-essenheim.de\/wp-content\/uploads\/2024\/08\/2024.08.27.-Einschulung-02-2048x1536.jpg 2048w, https:\/\/www.gs-essenheim.de\/wp-content\/uploads\/2024\/08\/2024.08.27.-Einschulung-02-400x300.jpg 400w\" sizes=\"auto, (max-width: 1024px) 100vw, 1024px\" \/><\/a><\/figure>\n\n\n\n<figure class=\"wp-block-image size-large\"><a href=\"https:\/\/www.gs-essenheim.de\/wp-content\/uploads\/2024\/08\/2024.08.27.-Einschulung-03.jpg\"><img loading=\"lazy\" decoding=\"async\" width=\"1024\" height=\"768\" data-id=\"10308\" src=\"https:\/\/www.gs-essenheim.de\/wp-content\/uploads\/2024\/08\/2024.08.27.-Einschulung-03-1024x768.jpg\" alt=\"\" class=\"wp-image-10308\" srcset=\"https:\/\/www.gs-essenheim.de\/wp-content\/uploads\/2024\/08\/2024.08.27.-Einschulung-03-1024x768.jpg 1024w, https:\/\/www.gs-essenheim.de\/wp-content\/uploads\/2024\/08\/2024.08.27.-Einschulung-03-300x225.jpg 300w, https:\/\/www.gs-essenheim.de\/wp-content\/uploads\/2024\/08\/2024.08.27.-Einschulung-03-768x576.jpg 768w, https:\/\/www.gs-essenheim.de\/wp-content\/uploads\/2024\/08\/2024.08.27.-Einschulung-03-1536x1152.jpg 1536w, https:\/\/www.gs-essenheim.de\/wp-content\/uploads\/2024\/08\/2024.08.27.-Einschulung-03-2048x1536.jpg 2048w, https:\/\/www.gs-essenheim.de\/wp-content\/uploads\/2024\/08\/2024.08.27.-Einschulung-03-400x300.jpg 400w\" sizes=\"auto, (max-width: 1024px) 100vw, 1024px\" \/><\/a><\/figure>\n\n\n\n<figure class=\"wp-block-image size-large\"><a href=\"https:\/\/www.gs-essenheim.de\/wp-content\/uploads\/2024\/08\/2024.08.27.-Einschulung-04.jpg\"><img loading=\"lazy\" decoding=\"async\" width=\"1024\" height=\"768\" data-id=\"10309\" src=\"https:\/\/www.gs-essenheim.de\/wp-content\/uploads\/2024\/08\/2024.08.27.-Einschulung-04-1024x768.jpg\" alt=\"\" class=\"wp-image-10309\" srcset=\"https:\/\/www.gs-essenheim.de\/wp-content\/uploads\/2024\/08\/2024.08.27.-Einschulung-04-1024x768.jpg 1024w, https:\/\/www.gs-essenheim.de\/wp-content\/uploads\/2024\/08\/2024.08.27.-Einschulung-04-300x225.jpg 300w, https:\/\/www.gs-essenheim.de\/wp-content\/uploads\/2024\/08\/2024.08.27.-Einschulung-04-768x576.jpg 768w, https:\/\/www.gs-essenheim.de\/wp-content\/uploads\/2024\/08\/2024.08.27.-Einschulung-04-1536x1152.jpg 1536w, https:\/\/www.gs-essenheim.de\/wp-content\/uploads\/2024\/08\/2024.08.27.-Einschulung-04-2048x1536.jpg 2048w, https:\/\/www.gs-essenheim.de\/wp-content\/uploads\/2024\/08\/2024.08.27.-Einschulung-04-400x300.jpg 400w\" sizes=\"auto, (max-width: 1024px) 100vw, 1024px\" \/><\/a><\/figure>\n\n\n\n<figure class=\"wp-block-image size-large\"><a href=\"https:\/\/www.gs-essenheim.de\/wp-content\/uploads\/2024\/08\/2024.08.27.-Einschulung-05.jpg\"><img loading=\"lazy\" decoding=\"async\" width=\"1024\" height=\"768\" data-id=\"10310\" src=\"https:\/\/www.gs-essenheim.de\/wp-content\/uploads\/2024\/08\/2024.08.27.-Einschulung-05-1024x768.jpg\" alt=\"\" class=\"wp-image-10310\" srcset=\"https:\/\/www.gs-essenheim.de\/wp-content\/uploads\/2024\/08\/2024.08.27.-Einschulung-05-1024x768.jpg 1024w, https:\/\/www.gs-essenheim.de\/wp-content\/uploads\/2024\/08\/2024.08.27.-Einschulung-05-300x225.jpg 300w, https:\/\/www.gs-essenheim.de\/wp-content\/uploads\/2024\/08\/2024.08.27.-Einschulung-05-768x576.jpg 768w, https:\/\/www.gs-essenheim.de\/wp-content\/uploads\/2024\/08\/2024.08.27.-Einschulung-05-1536x1152.jpg 1536w, https:\/\/www.gs-essenheim.de\/wp-content\/uploads\/2024\/08\/2024.08.27.-Einschulung-05-2048x1536.jpg 2048w, https:\/\/www.gs-essenheim.de\/wp-content\/uploads\/2024\/08\/2024.08.27.-Einschulung-05-400x300.jpg 400w\" sizes=\"auto, (max-width: 1024px) 100vw, 1024px\" \/><\/a><\/figure>\n<\/figure>\n","protected":false},"excerpt":{"rendered":"<p>Letzter Schultag (4. Juli 2025) Absatz Abschlussfeier der 4. Klassen (3. Juli 2025) Absatz Wandertag zum Barfu\u00dfpfad nach Bad Sobernheim (2. Juli 2025) Absatz Fu\u00dfballturnier in Klein-Winternheim (27. Juni 2025) Absatz Radfahrtraining der 4. Klassen (17. Juni 2025) Absatz Sportfest &hellip; <a href=\"https:\/\/www.gs-essenheim.de\/?page_id=10266\">Weiterlesen <span class=\"meta-nav\">&rarr;<\/span><\/a><\/p>\n","protected":false},"author":3,"featured_media":0,"parent":10902,"menu_order":1,"comment_status":"closed","ping_status":"closed","template":"","meta":{"footnotes":""},"class_list":["post-10266","page","type-page","status-publish","hentry"],"_links":{"self":[{"href":"https:\/\/www.gs-essenheim.de\/index.php?rest_route=\/wp\/v2\/pages\/10266","targetHints":{"allow":["GET"]}}],"collection":[{"href":"https:\/\/www.gs-essenheim.de\/index.php?rest_route=\/wp\/v2\/pages"}],"about":[{"href":"https:\/\/www.gs-essenheim.de\/index.php?rest_route=\/wp\/v2\/types\/page"}],"author":[{"embeddable":true,"href":"https:\/\/www.gs-essenheim.de\/index.php?rest_route=\/wp\/v2\/users\/3"}],"replies":[{"embeddable":true,"href":"https:\/\/www.gs-essenheim.de\/index.php?rest_route=%2Fwp%2Fv2%2Fcomments&post=10266"}],"version-history":[{"count":43,"href":"https:\/\/www.gs-essenheim.de\/index.php?rest_route=\/wp\/v2\/pages\/10266\/revisions"}],"predecessor-version":[{"id":11457,"href":"https:\/\/www.gs-essenheim.de\/index.php?rest_route=\/wp\/v2\/pages\/10266\/revisions\/11457"}],"up":[{"embeddable":true,"href":"https:\/\/www.gs-essenheim.de\/index.php?rest_route=\/wp\/v2\/pages\/10902"}],"wp:attachment":[{"href":"https:\/\/www.gs-essenheim.de\/index.php?rest_route=%2Fwp%2Fv2%2Fmedia&parent=10266"}],"curies":[{"name":"wp","href":"https:\/\/api.w.org\/{rel}","templated":true}]}}